{"id":908,"date":"2025-08-06T16:44:12","date_gmt":"2025-08-06T14:44:12","guid":{"rendered":"https:\/\/aucoindufeutheatre.fr\/?page_id=908"},"modified":"2025-11-22T16:35:53","modified_gmt":"2025-11-22T15:35:53","slug":"a-tous-ceux-qui-de-noelle-renaude","status":"publish","type":"page","link":"https:\/\/aucoindufeutheatre.fr\/index.php\/a-tous-ceux-qui-de-noelle-renaude\/","title":{"rendered":"A tous ceux qui &#8211; 2025"},"content":{"rendered":"\n<p>de No\u00eblle Renaude<\/p>\n\n\n\n<div class=\"wp-block-envira-envira-gallery\"><div id=\"envira-gallery-wrap-845\" class=\"envira-gallery-wrap envira-gallery-theme-base envira-lightbox-theme-base\" itemscope itemtype=\"https:\/\/schema.org\/ImageGallery\"><div data-row-height=\"150\" data-gallery-theme=\"normal\" id=\"envira-gallery-845\" class=\"envira-gallery-public envira-gallery-justified-public envira-gallery-0-columns envira-clear enviratope envira-gallery-css-animations\" data-envira-columns=\"0\"><div id=\"envira-gallery-item-846\" class=\"envira-gallery-item enviratope-item envira-gallery-item-1 envira-lazy-load\" style=\"padding-left: 1px; padding-bottom: 1px; padding-right: 1px;\"  itemscope itemtype=\"https:\/\/schema.org\/ImageObject\"><div class=\"envira-gallery-item-inner\"><div class=\"envira-gallery-position-overlay  envira-gallery-top-left\"><\/div><div class=\"envira-gallery-position-overlay  envira-gallery-top-right\"><\/div><div class=\"envira-gallery-position-overlay  envira-gallery-bottom-left\"><\/div><div class=\"envira-gallery-position-overlay  envira-gallery-bottom-right\"><\/div><a href=\"https:\/\/aucoindufeutheatre.fr\/wp-content\/uploads\/2025\/08\/00-Anne-Lise-Guillaume-A-TOUS-CEUX-QUI-GENERALE-14-mars-1.jpg\" class=\"envira-gallery-845 envira-gallery-link\" rel=\"enviragallery845\" title=\"00 Anne Lise Guillaume A TOUS CEUX QUI &amp;amp;#8211; GENERALE 14 mars (1)\" data-envira-caption=\"00 Anne Lise Guillaume A TOUS CEUX QUI &amp;amp;#8211; GENERALE 14 mars (1)\" data-envira-retina=\"\" data-thumbnail=\"\"  itemprop=\"contentUrl\"><img decoding=\"async\" id=\"envira-gallery-image-846\" class=\"envira-gallery-image envira-gallery-image-1 envira-normal envira-lazy\" data-envira-index=\"1\" src=\"https:\/\/aucoindufeutheatre.fr\/wp-content\/uploads\/2025\/08\/00-Anne-Lise-Guillaume-A-TOUS-CEUX-QUI-GENERALE-14-mars-1-1024x683-640x480.jpg\" data-envira-src=\"https:\/\/aucoindufeutheatre.fr\/wp-content\/uploads\/2025\/08\/00-Anne-Lise-Guillaume-A-TOUS-CEUX-QUI-GENERALE-14-mars-1-1024x683-640x480.jpg\" data-envira-gallery-id=\"845\" data-envira-item-id=\"846\" data-envira-caption=\"00 Anne Lise Guillaume A TOUS CEUX QUI &amp;amp;#8211; GENERALE 14 mars (1)\" alt=\"\" title=\"00 Anne Lise Guillaume A TOUS CEUX QUI &amp;#8211; GENERALE 14 mars (1)\"  itemprop=\"thumbnailUrl\" data-envira-srcset=\"https:\/\/aucoindufeutheatre.fr\/wp-content\/uploads\/2025\/08\/00-Anne-Lise-Guillaume-A-TOUS-CEUX-QUI-GENERALE-14-mars-1-1024x683-640x480.jpg 400w,https:\/\/aucoindufeutheatre.fr\/wp-content\/uploads\/2025\/08\/00-Anne-Lise-Guillaume-A-TOUS-CEUX-QUI-GENERALE-14-mars-1-1024x683-640x480.jpg 2x\" data-envira-width=\"300\" data-envira-height=\"200\" srcset=\"data:image\/gif;base64,R0lGODlhAQABAIAAAP\/\/\/\/\/\/\/yH5BAEKAAEALAAAAAABAAEAAAICTAEAOw==\" data-safe-src=\"data:image\/gif;base64,R0lGODlhAQABAIAAAP\/\/\/\/\/\/\/yH5BAEKAAEALAAAAAABAAEAAAICTAEAOw==\" \/><\/a><\/div><\/div><div id=\"envira-gallery-item-847\" class=\"envira-gallery-item enviratope-item envira-gallery-item-2 envira-lazy-load\" style=\"padding-left: 1px; padding-bottom: 1px; padding-right: 1px;\"  itemscope itemtype=\"https:\/\/schema.org\/ImageObject\"><div class=\"envira-gallery-item-inner\"><div class=\"envira-gallery-position-overlay  envira-gallery-top-left\"><\/div><div class=\"envira-gallery-position-overlay  envira-gallery-top-right\"><\/div><div class=\"envira-gallery-position-overlay  envira-gallery-bottom-left\"><\/div><div class=\"envira-gallery-position-overlay  envira-gallery-bottom-right\"><\/div><a href=\"https:\/\/aucoindufeutheatre.fr\/wp-content\/uploads\/2025\/08\/00-GUILLAUME-BERNADETE-MANUE-THIBAUD-A-TOUS-CEUX-QUI-31.jpg\" class=\"envira-gallery-845 envira-gallery-link\" rel=\"enviragallery845\" title=\"00 GUILLAUME BERNADETE MANUE THIBAUD A TOUS CEUX QUI (31)\" data-envira-caption=\"00 GUILLAUME BERNADETE MANUE THIBAUD A TOUS CEUX QUI (31)\" data-envira-retina=\"\" data-thumbnail=\"\"  itemprop=\"contentUrl\"><img decoding=\"async\" id=\"envira-gallery-image-847\" class=\"envira-gallery-image envira-gallery-image-2 envira-normal envira-lazy\" data-envira-index=\"2\" src=\"https:\/\/aucoindufeutheatre.fr\/wp-content\/uploads\/2025\/08\/00-GUILLAUME-BERNADETE-MANUE-THIBAUD-A-TOUS-CEUX-QUI-31-1024x768-640x480.jpg\" data-envira-src=\"https:\/\/aucoindufeutheatre.fr\/wp-content\/uploads\/2025\/08\/00-GUILLAUME-BERNADETE-MANUE-THIBAUD-A-TOUS-CEUX-QUI-31-1024x768-640x480.jpg\" data-envira-gallery-id=\"845\" data-envira-item-id=\"847\" data-envira-caption=\"00 GUILLAUME BERNADETE MANUE THIBAUD A TOUS CEUX QUI (31)\" alt=\"\" title=\"00 GUILLAUME BERNADETE MANUE THIBAUD A TOUS CEUX QUI (31)\"  itemprop=\"thumbnailUrl\" data-envira-srcset=\"https:\/\/aucoindufeutheatre.fr\/wp-content\/uploads\/2025\/08\/00-GUILLAUME-BERNADETE-MANUE-THIBAUD-A-TOUS-CEUX-QUI-31-1024x768-640x480.jpg 400w,https:\/\/aucoindufeutheatre.fr\/wp-content\/uploads\/2025\/08\/00-GUILLAUME-BERNADETE-MANUE-THIBAUD-A-TOUS-CEUX-QUI-31-1024x768-640x480.jpg 2x\" data-envira-width=\"300\" data-envira-height=\"225\" srcset=\"data:image\/gif;base64,R0lGODlhAQABAIAAAP\/\/\/\/\/\/\/yH5BAEKAAEALAAAAAABAAEAAAICTAEAOw==\" data-safe-src=\"data:image\/gif;base64,R0lGODlhAQABAIAAAP\/\/\/\/\/\/\/yH5BAEKAAEALAAAAAABAAEAAAICTAEAOw==\" \/><\/a><\/div><\/div><div id=\"envira-gallery-item-848\" class=\"envira-gallery-item enviratope-item envira-gallery-item-3 envira-lazy-load\" style=\"padding-left: 1px; padding-bottom: 1px; padding-right: 1px;\"  itemscope itemtype=\"https:\/\/schema.org\/ImageObject\"><div class=\"envira-gallery-item-inner\"><div class=\"envira-gallery-position-overlay  envira-gallery-top-left\"><\/div><div class=\"envira-gallery-position-overlay  envira-gallery-top-right\"><\/div><div class=\"envira-gallery-position-overlay  envira-gallery-bottom-left\"><\/div><div class=\"envira-gallery-position-overlay  envira-gallery-bottom-right\"><\/div><a href=\"https:\/\/aucoindufeutheatre.fr\/wp-content\/uploads\/2025\/08\/00-Thibaud-Manue-Isabelle-Guillaume-A-TOUS-CEUX-QUI-GUILLAUME-3.jpg\" class=\"envira-gallery-845 envira-gallery-link\" rel=\"enviragallery845\" title=\"00 Thibaud Manue Isabelle Guillaume A TOUS CEUX QUI GUILLAUME (3)\" data-envira-caption=\"00 Thibaud Manue Isabelle Guillaume A TOUS CEUX QUI GUILLAUME (3)\" data-envira-retina=\"\" data-thumbnail=\"\"  itemprop=\"contentUrl\"><img decoding=\"async\" id=\"envira-gallery-image-848\" class=\"envira-gallery-image envira-gallery-image-3 envira-normal envira-lazy\" data-envira-index=\"3\" src=\"https:\/\/aucoindufeutheatre.fr\/wp-content\/uploads\/2025\/08\/00-Thibaud-Manue-Isabelle-Guillaume-A-TOUS-CEUX-QUI-GUILLAUME-3-1024x601-640x480.jpg\" data-envira-src=\"https:\/\/aucoindufeutheatre.fr\/wp-content\/uploads\/2025\/08\/00-Thibaud-Manue-Isabelle-Guillaume-A-TOUS-CEUX-QUI-GUILLAUME-3-1024x601-640x480.jpg\" data-envira-gallery-id=\"845\" data-envira-item-id=\"848\" data-envira-caption=\"00 Thibaud Manue Isabelle Guillaume A TOUS CEUX QUI GUILLAUME (3)\" alt=\"\" title=\"00 Thibaud Manue Isabelle Guillaume A TOUS CEUX QUI GUILLAUME (3)\"  itemprop=\"thumbnailUrl\" data-envira-srcset=\"https:\/\/aucoindufeutheatre.fr\/wp-content\/uploads\/2025\/08\/00-Thibaud-Manue-Isabelle-Guillaume-A-TOUS-CEUX-QUI-GUILLAUME-3-1024x601-640x480.jpg 400w,https:\/\/aucoindufeutheatre.fr\/wp-content\/uploads\/2025\/08\/00-Thibaud-Manue-Isabelle-Guillaume-A-TOUS-CEUX-QUI-GUILLAUME-3-1024x601-640x480.jpg 2x\" data-envira-width=\"300\" data-envira-height=\"176\" srcset=\"data:image\/gif;base64,R0lGODlhAQABAIAAAP\/\/\/\/\/\/\/yH5BAEKAAEALAAAAAABAAEAAAICTAEAOw==\" data-safe-src=\"data:image\/gif;base64,R0lGODlhAQABAIAAAP\/\/\/\/\/\/\/yH5BAEKAAEALAAAAAABAAEAAAICTAEAOw==\" \/><\/a><\/div><\/div><div id=\"envira-gallery-item-849\" class=\"envira-gallery-item enviratope-item envira-gallery-item-4 envira-lazy-load\" style=\"padding-left: 1px; padding-bottom: 1px; padding-right: 1px;\"  itemscope itemtype=\"https:\/\/schema.org\/ImageObject\"><div class=\"envira-gallery-item-inner\"><div class=\"envira-gallery-position-overlay  envira-gallery-top-left\"><\/div><div class=\"envira-gallery-position-overlay  envira-gallery-top-right\"><\/div><div class=\"envira-gallery-position-overlay  envira-gallery-bottom-left\"><\/div><div class=\"envira-gallery-position-overlay  envira-gallery-bottom-right\"><\/div><a href=\"https:\/\/aucoindufeutheatre.fr\/wp-content\/uploads\/2025\/08\/01-Anne-Lise-Thibaud-Manue-Isabelle-A-TOUS-CEUX-QUI-GUILLAUME-4.jpg\" class=\"envira-gallery-845 envira-gallery-link\" rel=\"enviragallery845\" title=\"01 Anne-Lise Thibaud Manue Isabelle A TOUS CEUX QUI GUILLAUME (4)\" data-envira-caption=\"01 Anne-Lise Thibaud Manue Isabelle A TOUS CEUX QUI GUILLAUME (4)\" data-envira-retina=\"\" data-thumbnail=\"\"  itemprop=\"contentUrl\"><img decoding=\"async\" id=\"envira-gallery-image-849\" class=\"envira-gallery-image envira-gallery-image-4 envira-normal envira-lazy\" data-envira-index=\"4\" src=\"https:\/\/aucoindufeutheatre.fr\/wp-content\/uploads\/2025\/08\/01-Anne-Lise-Thibaud-Manue-Isabelle-A-TOUS-CEUX-QUI-GUILLAUME-4-1024x728-640x480.jpg\" data-envira-src=\"https:\/\/aucoindufeutheatre.fr\/wp-content\/uploads\/2025\/08\/01-Anne-Lise-Thibaud-Manue-Isabelle-A-TOUS-CEUX-QUI-GUILLAUME-4-1024x728-640x480.jpg\" data-envira-gallery-id=\"845\" data-envira-item-id=\"849\" data-envira-caption=\"01 Anne-Lise Thibaud Manue Isabelle A TOUS CEUX QUI GUILLAUME (4)\" alt=\"\" title=\"01 Anne-Lise Thibaud Manue Isabelle A TOUS CEUX QUI GUILLAUME (4)\"  itemprop=\"thumbnailUrl\" data-envira-srcset=\"https:\/\/aucoindufeutheatre.fr\/wp-content\/uploads\/2025\/08\/01-Anne-Lise-Thibaud-Manue-Isabelle-A-TOUS-CEUX-QUI-GUILLAUME-4-1024x728-640x480.jpg 400w,https:\/\/aucoindufeutheatre.fr\/wp-content\/uploads\/2025\/08\/01-Anne-Lise-Thibaud-Manue-Isabelle-A-TOUS-CEUX-QUI-GUILLAUME-4-1024x728-640x480.jpg 2x\" data-envira-width=\"300\" data-envira-height=\"213\" srcset=\"data:image\/gif;base64,R0lGODlhAQABAIAAAP\/\/\/\/\/\/\/yH5BAEKAAEALAAAAAABAAEAAAICTAEAOw==\" data-safe-src=\"data:image\/gif;base64,R0lGODlhAQABAIAAAP\/\/\/\/\/\/\/yH5BAEKAAEALAAAAAABAAEAAAICTAEAOw==\" \/><\/a><\/div><\/div><div id=\"envira-gallery-item-850\" class=\"envira-gallery-item enviratope-item envira-gallery-item-5 envira-lazy-load\" style=\"padding-left: 1px; padding-bottom: 1px; padding-right: 1px;\"  itemscope itemtype=\"https:\/\/schema.org\/ImageObject\"><div class=\"envira-gallery-item-inner\"><div class=\"envira-gallery-position-overlay  envira-gallery-top-left\"><\/div><div class=\"envira-gallery-position-overlay  envira-gallery-top-right\"><\/div><div class=\"envira-gallery-position-overlay  envira-gallery-bottom-left\"><\/div><div class=\"envira-gallery-position-overlay  envira-gallery-bottom-right\"><\/div><a href=\"https:\/\/aucoindufeutheatre.fr\/wp-content\/uploads\/2025\/08\/01-Thibaud-Coralie-Aurelien-Guillaume-A-TOUS-CEUX-QUI-GUILLAUME-26.jpg\" class=\"envira-gallery-845 envira-gallery-link\" rel=\"enviragallery845\" title=\"01 Thibaud Coralie Aur&eacute;lien Guillaume A TOUS CEUX QUI GUILLAUME (26)\" data-envira-caption=\"01 Thibaud Coralie Aur&eacute;lien Guillaume A TOUS CEUX QUI GUILLAUME (26)\" data-envira-retina=\"\" data-thumbnail=\"\"  itemprop=\"contentUrl\"><img decoding=\"async\" id=\"envira-gallery-image-850\" class=\"envira-gallery-image envira-gallery-image-5 envira-normal envira-lazy\" data-envira-index=\"5\" src=\"https:\/\/aucoindufeutheatre.fr\/wp-content\/uploads\/2025\/08\/01-Thibaud-Coralie-Aurelien-Guillaume-A-TOUS-CEUX-QUI-GUILLAUME-26-1024x675-640x480.jpg\" data-envira-src=\"https:\/\/aucoindufeutheatre.fr\/wp-content\/uploads\/2025\/08\/01-Thibaud-Coralie-Aurelien-Guillaume-A-TOUS-CEUX-QUI-GUILLAUME-26-1024x675-640x480.jpg\" data-envira-gallery-id=\"845\" data-envira-item-id=\"850\" data-envira-caption=\"01 Thibaud Coralie Aur&eacute;lien Guillaume A TOUS CEUX QUI GUILLAUME (26)\" alt=\"\" title=\"01 Thibaud Coralie Aur\u00e9lien Guillaume A TOUS CEUX QUI GUILLAUME (26)\"  itemprop=\"thumbnailUrl\" data-envira-srcset=\"https:\/\/aucoindufeutheatre.fr\/wp-content\/uploads\/2025\/08\/01-Thibaud-Coralie-Aurelien-Guillaume-A-TOUS-CEUX-QUI-GUILLAUME-26-1024x675-640x480.jpg 400w,https:\/\/aucoindufeutheatre.fr\/wp-content\/uploads\/2025\/08\/01-Thibaud-Coralie-Aurelien-Guillaume-A-TOUS-CEUX-QUI-GUILLAUME-26-1024x675-640x480.jpg 2x\" data-envira-width=\"300\" data-envira-height=\"198\" srcset=\"data:image\/gif;base64,R0lGODlhAQABAIAAAP\/\/\/\/\/\/\/yH5BAEKAAEALAAAAAABAAEAAAICTAEAOw==\" data-safe-src=\"data:image\/gif;base64,R0lGODlhAQABAIAAAP\/\/\/\/\/\/\/yH5BAEKAAEALAAAAAABAAEAAAICTAEAOw==\" \/><\/a><\/div><\/div><div id=\"envira-gallery-item-851\" class=\"envira-gallery-item enviratope-item envira-gallery-item-6 envira-lazy-load\" style=\"padding-left: 1px; padding-bottom: 1px; padding-right: 1px;\"  itemscope itemtype=\"https:\/\/schema.org\/ImageObject\"><div class=\"envira-gallery-item-inner\"><div class=\"envira-gallery-position-overlay  envira-gallery-top-left\"><\/div><div class=\"envira-gallery-position-overlay  envira-gallery-top-right\"><\/div><div class=\"envira-gallery-position-overlay  envira-gallery-bottom-left\"><\/div><div class=\"envira-gallery-position-overlay  envira-gallery-bottom-right\"><\/div><a href=\"https:\/\/aucoindufeutheatre.fr\/wp-content\/uploads\/2025\/08\/1-Isabelle-A-TOUS-CEUX-QUI-GENERALE-14-mars-3.jpg\" class=\"envira-gallery-845 envira-gallery-link\" rel=\"enviragallery845\" title=\"1 Isabelle A TOUS CEUX QUI &amp;amp;#8211; GENERALE 14 mars (3)\" data-envira-caption=\"1 Isabelle A TOUS CEUX QUI &amp;amp;#8211; GENERALE 14 mars (3)\" data-envira-retina=\"\" data-thumbnail=\"\"  itemprop=\"contentUrl\"><img decoding=\"async\" id=\"envira-gallery-image-851\" class=\"envira-gallery-image envira-gallery-image-6 envira-normal envira-lazy\" data-envira-index=\"6\" src=\"https:\/\/aucoindufeutheatre.fr\/wp-content\/uploads\/2025\/08\/1-Isabelle-A-TOUS-CEUX-QUI-GENERALE-14-mars-3-1024x683-640x480.jpg\" data-envira-src=\"https:\/\/aucoindufeutheatre.fr\/wp-content\/uploads\/2025\/08\/1-Isabelle-A-TOUS-CEUX-QUI-GENERALE-14-mars-3-1024x683-640x480.jpg\" data-envira-gallery-id=\"845\" data-envira-item-id=\"851\" data-envira-caption=\"1 Isabelle A TOUS CEUX QUI &amp;amp;#8211; GENERALE 14 mars (3)\" alt=\"\" title=\"1 Isabelle A TOUS CEUX QUI &amp;#8211; GENERALE 14 mars (3)\"  itemprop=\"thumbnailUrl\" data-envira-srcset=\"https:\/\/aucoindufeutheatre.fr\/wp-content\/uploads\/2025\/08\/1-Isabelle-A-TOUS-CEUX-QUI-GENERALE-14-mars-3-1024x683-640x480.jpg 400w,https:\/\/aucoindufeutheatre.fr\/wp-content\/uploads\/2025\/08\/1-Isabelle-A-TOUS-CEUX-QUI-GENERALE-14-mars-3-1024x683-640x480.jpg 2x\" data-envira-width=\"300\" data-envira-height=\"200\" srcset=\"data:image\/gif;base64,R0lGODlhAQABAIAAAP\/\/\/\/\/\/\/yH5BAEKAAEALAAAAAABAAEAAAICTAEAOw==\" data-safe-src=\"data:image\/gif;base64,R0lGODlhAQABAIAAAP\/\/\/\/\/\/\/yH5BAEKAAEALAAAAAABAAEAAAICTAEAOw==\" \/><\/a><\/div><\/div><div id=\"envira-gallery-item-852\" class=\"envira-gallery-item enviratope-item envira-gallery-item-7 envira-lazy-load\" style=\"padding-left: 1px; padding-bottom: 1px; padding-right: 1px;\"  itemscope itemtype=\"https:\/\/schema.org\/ImageObject\"><div class=\"envira-gallery-item-inner\"><div class=\"envira-gallery-position-overlay  envira-gallery-top-left\"><\/div><div class=\"envira-gallery-position-overlay  envira-gallery-top-right\"><\/div><div class=\"envira-gallery-position-overlay  envira-gallery-bottom-left\"><\/div><div class=\"envira-gallery-position-overlay  envira-gallery-bottom-right\"><\/div><a href=\"https:\/\/aucoindufeutheatre.fr\/wp-content\/uploads\/2025\/08\/1-Thibaud-A-TOUS-CEUX-QUI-GENERALE-14-mars-8.jpg\" class=\"envira-gallery-845 envira-gallery-link\" rel=\"enviragallery845\" title=\"1 Thibaud A TOUS CEUX QUI &amp;amp;#8211; GENERALE 14 mars (8)\" data-envira-caption=\"1 Thibaud A TOUS CEUX QUI &amp;amp;#8211; GENERALE 14 mars (8)\" data-envira-retina=\"\" data-thumbnail=\"\"  itemprop=\"contentUrl\"><img decoding=\"async\" id=\"envira-gallery-image-852\" class=\"envira-gallery-image envira-gallery-image-7 envira-normal envira-lazy\" data-envira-index=\"7\" src=\"https:\/\/aucoindufeutheatre.fr\/wp-content\/uploads\/2025\/08\/1-Thibaud-A-TOUS-CEUX-QUI-GENERALE-14-mars-8-1024x683-640x480.jpg\" data-envira-src=\"https:\/\/aucoindufeutheatre.fr\/wp-content\/uploads\/2025\/08\/1-Thibaud-A-TOUS-CEUX-QUI-GENERALE-14-mars-8-1024x683-640x480.jpg\" data-envira-gallery-id=\"845\" data-envira-item-id=\"852\" data-envira-caption=\"1 Thibaud A TOUS CEUX QUI &amp;amp;#8211; GENERALE 14 mars (8)\" alt=\"\" title=\"1 Thibaud A TOUS CEUX QUI &amp;#8211; GENERALE 14 mars (8)\"  itemprop=\"thumbnailUrl\" data-envira-srcset=\"https:\/\/aucoindufeutheatre.fr\/wp-content\/uploads\/2025\/08\/1-Thibaud-A-TOUS-CEUX-QUI-GENERALE-14-mars-8-1024x683-640x480.jpg 400w,https:\/\/aucoindufeutheatre.fr\/wp-content\/uploads\/2025\/08\/1-Thibaud-A-TOUS-CEUX-QUI-GENERALE-14-mars-8-1024x683-640x480.jpg 2x\" data-envira-width=\"300\" data-envira-height=\"200\" srcset=\"data:image\/gif;base64,R0lGODlhAQABAIAAAP\/\/\/\/\/\/\/yH5BAEKAAEALAAAAAABAAEAAAICTAEAOw==\" data-safe-src=\"data:image\/gif;base64,R0lGODlhAQABAIAAAP\/\/\/\/\/\/\/yH5BAEKAAEALAAAAAABAAEAAAICTAEAOw==\" \/><\/a><\/div><\/div><div id=\"envira-gallery-item-853\" class=\"envira-gallery-item enviratope-item envira-gallery-item-8 envira-lazy-load\" style=\"padding-left: 1px; padding-bottom: 1px; padding-right: 1px;\"  itemscope itemtype=\"https:\/\/schema.org\/ImageObject\"><div class=\"envira-gallery-item-inner\"><div class=\"envira-gallery-position-overlay  envira-gallery-top-left\"><\/div><div class=\"envira-gallery-position-overlay  envira-gallery-top-right\"><\/div><div class=\"envira-gallery-position-overlay  envira-gallery-bottom-left\"><\/div><div class=\"envira-gallery-position-overlay  envira-gallery-bottom-right\"><\/div><a href=\"https:\/\/aucoindufeutheatre.fr\/wp-content\/uploads\/2025\/08\/02-Emanuelle-thibaud-A-TOUS-CEUX-QUI-GUILLAUME-6.jpg\" class=\"envira-gallery-845 envira-gallery-link\" rel=\"enviragallery845\" title=\"02 Emanuelle thibaud A TOUS CEUX QUI GUILLAUME (6)\" data-envira-caption=\"02 Emanuelle thibaud A TOUS CEUX QUI GUILLAUME (6)\" data-envira-retina=\"\" data-thumbnail=\"\"  itemprop=\"contentUrl\"><img decoding=\"async\" id=\"envira-gallery-image-853\" class=\"envira-gallery-image envira-gallery-image-8 envira-normal envira-lazy\" data-envira-index=\"8\" src=\"https:\/\/aucoindufeutheatre.fr\/wp-content\/uploads\/2025\/08\/02-Emanuelle-thibaud-A-TOUS-CEUX-QUI-GUILLAUME-6-1024x604-640x480.jpg\" data-envira-src=\"https:\/\/aucoindufeutheatre.fr\/wp-content\/uploads\/2025\/08\/02-Emanuelle-thibaud-A-TOUS-CEUX-QUI-GUILLAUME-6-1024x604-640x480.jpg\" data-envira-gallery-id=\"845\" data-envira-item-id=\"853\" data-envira-caption=\"02 Emanuelle thibaud A TOUS CEUX QUI GUILLAUME (6)\" alt=\"\" title=\"02 Emanuelle thibaud A TOUS CEUX QUI GUILLAUME (6)\"  itemprop=\"thumbnailUrl\" data-envira-srcset=\"https:\/\/aucoindufeutheatre.fr\/wp-content\/uploads\/2025\/08\/02-Emanuelle-thibaud-A-TOUS-CEUX-QUI-GUILLAUME-6-1024x604-640x480.jpg 400w,https:\/\/aucoindufeutheatre.fr\/wp-content\/uploads\/2025\/08\/02-Emanuelle-thibaud-A-TOUS-CEUX-QUI-GUILLAUME-6-1024x604-640x480.jpg 2x\" data-envira-width=\"300\" data-envira-height=\"177\" srcset=\"data:image\/gif;base64,R0lGODlhAQABAIAAAP\/\/\/\/\/\/\/yH5BAEKAAEALAAAAAABAAEAAAICTAEAOw==\" data-safe-src=\"data:image\/gif;base64,R0lGODlhAQABAIAAAP\/\/\/\/\/\/\/yH5BAEKAAEALAAAAAABAAEAAAICTAEAOw==\" \/><\/a><\/div><\/div><div id=\"envira-gallery-item-854\" class=\"envira-gallery-item enviratope-item envira-gallery-item-9 envira-lazy-load\" style=\"padding-left: 1px; padding-bottom: 1px; padding-right: 1px;\"  itemscope itemtype=\"https:\/\/schema.org\/ImageObject\"><div class=\"envira-gallery-item-inner\"><div class=\"envira-gallery-position-overlay  envira-gallery-top-left\"><\/div><div class=\"envira-gallery-position-overlay  envira-gallery-top-right\"><\/div><div class=\"envira-gallery-position-overlay  envira-gallery-bottom-left\"><\/div><div class=\"envira-gallery-position-overlay  envira-gallery-bottom-right\"><\/div><a href=\"https:\/\/aucoindufeutheatre.fr\/wp-content\/uploads\/2025\/08\/2-Sabine-A-TOUS-CEUX-QUI-GENERALE-14-mars-21-rotated.jpg\" class=\"envira-gallery-845 envira-gallery-link\" rel=\"enviragallery845\" title=\"2 Sabine A TOUS CEUX QUI &amp;amp;#8211; GENERALE 14 mars (21)\" data-envira-caption=\"2 Sabine A TOUS CEUX QUI &amp;amp;#8211; GENERALE 14 mars (21)\" data-envira-retina=\"\" data-thumbnail=\"\"  itemprop=\"contentUrl\"><img decoding=\"async\" id=\"envira-gallery-image-854\" class=\"envira-gallery-image envira-gallery-image-9 envira-normal envira-lazy\" data-envira-index=\"9\" src=\"https:\/\/aucoindufeutheatre.fr\/wp-content\/uploads\/2025\/08\/2-Sabine-A-TOUS-CEUX-QUI-GENERALE-14-mars-21-683x1024-640x480.jpg\" data-envira-src=\"https:\/\/aucoindufeutheatre.fr\/wp-content\/uploads\/2025\/08\/2-Sabine-A-TOUS-CEUX-QUI-GENERALE-14-mars-21-683x1024-640x480.jpg\" data-envira-gallery-id=\"845\" data-envira-item-id=\"854\" data-envira-caption=\"2 Sabine A TOUS CEUX QUI &amp;amp;#8211; GENERALE 14 mars (21)\" alt=\"\" title=\"2 Sabine A TOUS CEUX QUI &amp;#8211; GENERALE 14 mars (21)\"  itemprop=\"thumbnailUrl\" data-envira-srcset=\"https:\/\/aucoindufeutheatre.fr\/wp-content\/uploads\/2025\/08\/2-Sabine-A-TOUS-CEUX-QUI-GENERALE-14-mars-21-683x1024-640x480.jpg 400w,https:\/\/aucoindufeutheatre.fr\/wp-content\/uploads\/2025\/08\/2-Sabine-A-TOUS-CEUX-QUI-GENERALE-14-mars-21-683x1024-640x480.jpg 2x\" data-envira-width=\"200\" data-envira-height=\"300\" srcset=\"data:image\/gif;base64,R0lGODlhAQABAIAAAP\/\/\/\/\/\/\/yH5BAEKAAEALAAAAAABAAEAAAICTAEAOw==\" data-safe-src=\"data:image\/gif;base64,R0lGODlhAQABAIAAAP\/\/\/\/\/\/\/yH5BAEKAAEALAAAAAABAAEAAAICTAEAOw==\" \/><\/a><\/div><\/div><div id=\"envira-gallery-item-855\" class=\"envira-gallery-item enviratope-item envira-gallery-item-10 envira-lazy-load\" style=\"padding-left: 1px; padding-bottom: 1px; padding-right: 1px;\"  itemscope itemtype=\"https:\/\/schema.org\/ImageObject\"><div class=\"envira-gallery-item-inner\"><div class=\"envira-gallery-position-overlay  envira-gallery-top-left\"><\/div><div class=\"envira-gallery-position-overlay  envira-gallery-top-right\"><\/div><div class=\"envira-gallery-position-overlay  envira-gallery-bottom-left\"><\/div><div class=\"envira-gallery-position-overlay  envira-gallery-bottom-right\"><\/div><a href=\"https:\/\/aucoindufeutheatre.fr\/wp-content\/uploads\/2025\/08\/2-Anne-Lise-A-TOUS-CEUX-QUI-GENERALE-14-mars-17.jpg\" class=\"envira-gallery-845 envira-gallery-link\" rel=\"enviragallery845\" title=\"2 Anne Lise A TOUS CEUX QUI &amp;amp;#8211; GENERALE 14 mars (17)\" data-envira-caption=\"2 Anne Lise A TOUS CEUX QUI &amp;amp;#8211; GENERALE 14 mars (17)\" data-envira-retina=\"\" data-thumbnail=\"\"  itemprop=\"contentUrl\"><img decoding=\"async\" id=\"envira-gallery-image-855\" class=\"envira-gallery-image envira-gallery-image-10 envira-normal envira-lazy\" data-envira-index=\"10\" src=\"https:\/\/aucoindufeutheatre.fr\/wp-content\/uploads\/2025\/08\/2-Anne-Lise-A-TOUS-CEUX-QUI-GENERALE-14-mars-17-1024x683-640x480.jpg\" data-envira-src=\"https:\/\/aucoindufeutheatre.fr\/wp-content\/uploads\/2025\/08\/2-Anne-Lise-A-TOUS-CEUX-QUI-GENERALE-14-mars-17-1024x683-640x480.jpg\" data-envira-gallery-id=\"845\" data-envira-item-id=\"855\" data-envira-caption=\"2 Anne Lise A TOUS CEUX QUI &amp;amp;#8211; GENERALE 14 mars (17)\" alt=\"\" title=\"2 Anne Lise A TOUS CEUX QUI &amp;#8211; GENERALE 14 mars (17)\"  itemprop=\"thumbnailUrl\" data-envira-srcset=\"https:\/\/aucoindufeutheatre.fr\/wp-content\/uploads\/2025\/08\/2-Anne-Lise-A-TOUS-CEUX-QUI-GENERALE-14-mars-17-1024x683-640x480.jpg 400w,https:\/\/aucoindufeutheatre.fr\/wp-content\/uploads\/2025\/08\/2-Anne-Lise-A-TOUS-CEUX-QUI-GENERALE-14-mars-17-1024x683-640x480.jpg 2x\" data-envira-width=\"300\" data-envira-height=\"200\" srcset=\"data:image\/gif;base64,R0lGODlhAQABAIAAAP\/\/\/\/\/\/\/yH5BAEKAAEALAAAAAABAAEAAAICTAEAOw==\" data-safe-src=\"data:image\/gif;base64,R0lGODlhAQABAIAAAP\/\/\/\/\/\/\/yH5BAEKAAEALAAAAAABAAEAAAICTAEAOw==\" \/><\/a><\/div><\/div><div id=\"envira-gallery-item-856\" class=\"envira-gallery-item enviratope-item envira-gallery-item-11 envira-lazy-load\" style=\"padding-left: 1px; padding-bottom: 1px; padding-right: 1px;\"  itemscope itemtype=\"https:\/\/schema.org\/ImageObject\"><div class=\"envira-gallery-item-inner\"><div class=\"envira-gallery-position-overlay  envira-gallery-top-left\"><\/div><div class=\"envira-gallery-position-overlay  envira-gallery-top-right\"><\/div><div class=\"envira-gallery-position-overlay  envira-gallery-bottom-left\"><\/div><div class=\"envira-gallery-position-overlay  envira-gallery-bottom-right\"><\/div><a href=\"https:\/\/aucoindufeutheatre.fr\/wp-content\/uploads\/2025\/08\/2-Emmanuelle-A-TOUS-CEUX-QUI-GENERALE-14-mars-11-rotated.jpg\" class=\"envira-gallery-845 envira-gallery-link\" rel=\"enviragallery845\" title=\"2 Emmanuelle A TOUS CEUX QUI &amp;amp;#8211; GENERALE 14 mars (11)\" data-envira-caption=\"2 Emmanuelle A TOUS CEUX QUI &amp;amp;#8211; GENERALE 14 mars (11)\" data-envira-retina=\"\" data-thumbnail=\"\"  itemprop=\"contentUrl\"><img decoding=\"async\" id=\"envira-gallery-image-856\" class=\"envira-gallery-image envira-gallery-image-11 envira-normal envira-lazy\" data-envira-index=\"11\" src=\"https:\/\/aucoindufeutheatre.fr\/wp-content\/uploads\/2025\/08\/2-Emmanuelle-A-TOUS-CEUX-QUI-GENERALE-14-mars-11-683x1024-640x480.jpg\" data-envira-src=\"https:\/\/aucoindufeutheatre.fr\/wp-content\/uploads\/2025\/08\/2-Emmanuelle-A-TOUS-CEUX-QUI-GENERALE-14-mars-11-683x1024-640x480.jpg\" data-envira-gallery-id=\"845\" data-envira-item-id=\"856\" data-envira-caption=\"2 Emmanuelle A TOUS CEUX QUI &amp;amp;#8211; GENERALE 14 mars (11)\" alt=\"\" title=\"2 Emmanuelle A TOUS CEUX QUI &amp;#8211; GENERALE 14 mars (11)\"  itemprop=\"thumbnailUrl\" data-envira-srcset=\"https:\/\/aucoindufeutheatre.fr\/wp-content\/uploads\/2025\/08\/2-Emmanuelle-A-TOUS-CEUX-QUI-GENERALE-14-mars-11-683x1024-640x480.jpg 400w,https:\/\/aucoindufeutheatre.fr\/wp-content\/uploads\/2025\/08\/2-Emmanuelle-A-TOUS-CEUX-QUI-GENERALE-14-mars-11-683x1024-640x480.jpg 2x\" data-envira-width=\"200\" data-envira-height=\"300\" srcset=\"data:image\/gif;base64,R0lGODlhAQABAIAAAP\/\/\/\/\/\/\/yH5BAEKAAEALAAAAAABAAEAAAICTAEAOw==\" data-safe-src=\"data:image\/gif;base64,R0lGODlhAQABAIAAAP\/\/\/\/\/\/\/yH5BAEKAAEALAAAAAABAAEAAAICTAEAOw==\" \/><\/a><\/div><\/div><div id=\"envira-gallery-item-857\" class=\"envira-gallery-item enviratope-item envira-gallery-item-12 envira-lazy-load\" style=\"padding-left: 1px; padding-bottom: 1px; padding-right: 1px;\"  itemscope itemtype=\"https:\/\/schema.org\/ImageObject\"><div class=\"envira-gallery-item-inner\"><div class=\"envira-gallery-position-overlay  envira-gallery-top-left\"><\/div><div class=\"envira-gallery-position-overlay  envira-gallery-top-right\"><\/div><div class=\"envira-gallery-position-overlay  envira-gallery-bottom-left\"><\/div><div class=\"envira-gallery-position-overlay  envira-gallery-bottom-right\"><\/div><a href=\"https:\/\/aucoindufeutheatre.fr\/wp-content\/uploads\/2025\/08\/2-Sabine-A-TOUS-CEUX-QUI-GENERALE-14-mars-18.jpg\" class=\"envira-gallery-845 envira-gallery-link\" rel=\"enviragallery845\" title=\"2 Sabine A TOUS CEUX QUI &amp;amp;#8211; GENERALE 14 mars (18)\" data-envira-caption=\"2 Sabine A TOUS CEUX QUI &amp;amp;#8211; GENERALE 14 mars (18)\" data-envira-retina=\"\" data-thumbnail=\"\"  itemprop=\"contentUrl\"><img decoding=\"async\" id=\"envira-gallery-image-857\" class=\"envira-gallery-image envira-gallery-image-12 envira-normal envira-lazy\" data-envira-index=\"12\" src=\"https:\/\/aucoindufeutheatre.fr\/wp-content\/uploads\/2025\/08\/2-Sabine-A-TOUS-CEUX-QUI-GENERALE-14-mars-18-1024x683-640x480.jpg\" data-envira-src=\"https:\/\/aucoindufeutheatre.fr\/wp-content\/uploads\/2025\/08\/2-Sabine-A-TOUS-CEUX-QUI-GENERALE-14-mars-18-1024x683-640x480.jpg\" data-envira-gallery-id=\"845\" data-envira-item-id=\"857\" data-envira-caption=\"2 Sabine A TOUS CEUX QUI &amp;amp;#8211; GENERALE 14 mars (18)\" alt=\"\" title=\"2 Sabine A TOUS CEUX QUI &amp;#8211; GENERALE 14 mars (18)\"  itemprop=\"thumbnailUrl\" data-envira-srcset=\"https:\/\/aucoindufeutheatre.fr\/wp-content\/uploads\/2025\/08\/2-Sabine-A-TOUS-CEUX-QUI-GENERALE-14-mars-18-1024x683-640x480.jpg 400w,https:\/\/aucoindufeutheatre.fr\/wp-content\/uploads\/2025\/08\/2-Sabine-A-TOUS-CEUX-QUI-GENERALE-14-mars-18-1024x683-640x480.jpg 2x\" data-envira-width=\"300\" data-envira-height=\"200\" srcset=\"data:image\/gif;base64,R0lGODlhAQABAIAAAP\/\/\/\/\/\/\/yH5BAEKAAEALAAAAAABAAEAAAICTAEAOw==\" data-safe-src=\"data:image\/gif;base64,R0lGODlhAQABAIAAAP\/\/\/\/\/\/\/yH5BAEKAAEALAAAAAABAAEAAAICTAEAOw==\" \/><\/a><\/div><\/div><div id=\"envira-gallery-item-858\" class=\"envira-gallery-item enviratope-item envira-gallery-item-13 envira-lazy-load\" style=\"padding-left: 1px; padding-bottom: 1px; padding-right: 1px;\"  itemscope itemtype=\"https:\/\/schema.org\/ImageObject\"><div class=\"envira-gallery-item-inner\"><div class=\"envira-gallery-position-overlay  envira-gallery-top-left\"><\/div><div class=\"envira-gallery-position-overlay  envira-gallery-top-right\"><\/div><div class=\"envira-gallery-position-overlay  envira-gallery-bottom-left\"><\/div><div class=\"envira-gallery-position-overlay  envira-gallery-bottom-right\"><\/div><a href=\"https:\/\/aucoindufeutheatre.fr\/wp-content\/uploads\/2025\/08\/2-Thibaud-A-TOUS-CEUX-QUI-GENERALE-14-mars-15.jpg\" class=\"envira-gallery-845 envira-gallery-link\" rel=\"enviragallery845\" title=\"2 Thibaud A TOUS CEUX QUI &amp;amp;#8211; GENERALE 14 mars (15)\" data-envira-caption=\"2 Thibaud A TOUS CEUX QUI &amp;amp;#8211; GENERALE 14 mars (15)\" data-envira-retina=\"\" data-thumbnail=\"\"  itemprop=\"contentUrl\"><img decoding=\"async\" id=\"envira-gallery-image-858\" class=\"envira-gallery-image envira-gallery-image-13 envira-normal envira-lazy\" data-envira-index=\"13\" src=\"https:\/\/aucoindufeutheatre.fr\/wp-content\/uploads\/2025\/08\/2-Thibaud-A-TOUS-CEUX-QUI-GENERALE-14-mars-15-1024x683-640x480.jpg\" data-envira-src=\"https:\/\/aucoindufeutheatre.fr\/wp-content\/uploads\/2025\/08\/2-Thibaud-A-TOUS-CEUX-QUI-GENERALE-14-mars-15-1024x683-640x480.jpg\" data-envira-gallery-id=\"845\" data-envira-item-id=\"858\" data-envira-caption=\"2 Thibaud A TOUS CEUX QUI &amp;amp;#8211; GENERALE 14 mars (15)\" alt=\"\" title=\"2 Thibaud A TOUS CEUX QUI &amp;#8211; GENERALE 14 mars (15)\"  itemprop=\"thumbnailUrl\" data-envira-srcset=\"https:\/\/aucoindufeutheatre.fr\/wp-content\/uploads\/2025\/08\/2-Thibaud-A-TOUS-CEUX-QUI-GENERALE-14-mars-15-1024x683-640x480.jpg 400w,https:\/\/aucoindufeutheatre.fr\/wp-content\/uploads\/2025\/08\/2-Thibaud-A-TOUS-CEUX-QUI-GENERALE-14-mars-15-1024x683-640x480.jpg 2x\" data-envira-width=\"300\" data-envira-height=\"200\" srcset=\"data:image\/gif;base64,R0lGODlhAQABAIAAAP\/\/\/\/\/\/\/yH5BAEKAAEALAAAAAABAAEAAAICTAEAOw==\" data-safe-src=\"data:image\/gif;base64,R0lGODlhAQABAIAAAP\/\/\/\/\/\/\/yH5BAEKAAEALAAAAAABAAEAAAICTAEAOw==\" \/><\/a><\/div><\/div><div id=\"envira-gallery-item-859\" class=\"envira-gallery-item enviratope-item envira-gallery-item-14 envira-lazy-load\" style=\"padding-left: 1px; padding-bottom: 1px; padding-right: 1px;\"  itemscope itemtype=\"https:\/\/schema.org\/ImageObject\"><div class=\"envira-gallery-item-inner\"><div class=\"envira-gallery-position-overlay  envira-gallery-top-left\"><\/div><div class=\"envira-gallery-position-overlay  envira-gallery-top-right\"><\/div><div class=\"envira-gallery-position-overlay  envira-gallery-bottom-left\"><\/div><div class=\"envira-gallery-position-overlay  envira-gallery-bottom-right\"><\/div><a href=\"https:\/\/aucoindufeutheatre.fr\/wp-content\/uploads\/2025\/08\/3-francois-et-Marie-Claire-A-TOUS-CEUX-QUI-GENERALE-14-mars-23.jpg\" class=\"envira-gallery-845 envira-gallery-link\" rel=\"enviragallery845\" title=\"3 fran&ccedil;ois et Marie Claire A TOUS CEUX QUI &amp;amp;#8211; GENERALE 14 mars (23)\" data-envira-caption=\"3 fran&ccedil;ois et Marie Claire A TOUS CEUX QUI &amp;amp;#8211; GENERALE 14 mars (23)\" data-envira-retina=\"\" data-thumbnail=\"\"  itemprop=\"contentUrl\"><img decoding=\"async\" id=\"envira-gallery-image-859\" class=\"envira-gallery-image envira-gallery-image-14 envira-normal envira-lazy\" data-envira-index=\"14\" src=\"https:\/\/aucoindufeutheatre.fr\/wp-content\/uploads\/2025\/08\/3-francois-et-Marie-Claire-A-TOUS-CEUX-QUI-GENERALE-14-mars-23-1024x683-640x480.jpg\" data-envira-src=\"https:\/\/aucoindufeutheatre.fr\/wp-content\/uploads\/2025\/08\/3-francois-et-Marie-Claire-A-TOUS-CEUX-QUI-GENERALE-14-mars-23-1024x683-640x480.jpg\" data-envira-gallery-id=\"845\" data-envira-item-id=\"859\" data-envira-caption=\"3 fran&ccedil;ois et Marie Claire A TOUS CEUX QUI &amp;amp;#8211; GENERALE 14 mars (23)\" alt=\"\" title=\"3 fran\u00e7ois et Marie Claire A TOUS CEUX QUI &amp;#8211; GENERALE 14 mars (23)\"  itemprop=\"thumbnailUrl\" data-envira-srcset=\"https:\/\/aucoindufeutheatre.fr\/wp-content\/uploads\/2025\/08\/3-francois-et-Marie-Claire-A-TOUS-CEUX-QUI-GENERALE-14-mars-23-1024x683-640x480.jpg 400w,https:\/\/aucoindufeutheatre.fr\/wp-content\/uploads\/2025\/08\/3-francois-et-Marie-Claire-A-TOUS-CEUX-QUI-GENERALE-14-mars-23-1024x683-640x480.jpg 2x\" data-envira-width=\"300\" data-envira-height=\"200\" srcset=\"data:image\/gif;base64,R0lGODlhAQABAIAAAP\/\/\/\/\/\/\/yH5BAEKAAEALAAAAAABAAEAAAICTAEAOw==\" data-safe-src=\"data:image\/gif;base64,R0lGODlhAQABAIAAAP\/\/\/\/\/\/\/yH5BAEKAAEALAAAAAABAAEAAAICTAEAOw==\" \/><\/a><\/div><\/div><div id=\"envira-gallery-item-860\" class=\"envira-gallery-item enviratope-item envira-gallery-item-15 envira-lazy-load\" style=\"padding-left: 1px; padding-bottom: 1px; padding-right: 1px;\"  itemscope itemtype=\"https:\/\/schema.org\/ImageObject\"><div class=\"envira-gallery-item-inner\"><div class=\"envira-gallery-position-overlay  envira-gallery-top-left\"><\/div><div class=\"envira-gallery-position-overlay  envira-gallery-top-right\"><\/div><div class=\"envira-gallery-position-overlay  envira-gallery-bottom-left\"><\/div><div class=\"envira-gallery-position-overlay  envira-gallery-bottom-right\"><\/div><a href=\"https:\/\/aucoindufeutheatre.fr\/wp-content\/uploads\/2025\/08\/3-Ftancois-Marie-Claire-A-TOUS-CEUX-QUI-GUILLAUME-24.jpg\" class=\"envira-gallery-845 envira-gallery-link\" rel=\"enviragallery845\" title=\"3 Ftan&ccedil;ois Marie-Claire A TOUS CEUX QUI GUILLAUME (24)\" data-envira-caption=\"3 Ftan&ccedil;ois Marie-Claire A TOUS CEUX QUI GUILLAUME (24)\" data-envira-retina=\"\" data-thumbnail=\"\"  itemprop=\"contentUrl\"><img decoding=\"async\" id=\"envira-gallery-image-860\" class=\"envira-gallery-image envira-gallery-image-15 envira-normal envira-lazy\" data-envira-index=\"15\" src=\"https:\/\/aucoindufeutheatre.fr\/wp-content\/uploads\/2025\/08\/3-Ftancois-Marie-Claire-A-TOUS-CEUX-QUI-GUILLAUME-24-771x1024-640x480.jpg\" data-envira-src=\"https:\/\/aucoindufeutheatre.fr\/wp-content\/uploads\/2025\/08\/3-Ftancois-Marie-Claire-A-TOUS-CEUX-QUI-GUILLAUME-24-771x1024-640x480.jpg\" data-envira-gallery-id=\"845\" data-envira-item-id=\"860\" data-envira-caption=\"3 Ftan&ccedil;ois Marie-Claire A TOUS CEUX QUI GUILLAUME (24)\" alt=\"\" title=\"3 Ftan\u00e7ois Marie-Claire A TOUS CEUX QUI GUILLAUME (24)\"  itemprop=\"thumbnailUrl\" data-envira-srcset=\"https:\/\/aucoindufeutheatre.fr\/wp-content\/uploads\/2025\/08\/3-Ftancois-Marie-Claire-A-TOUS-CEUX-QUI-GUILLAUME-24-771x1024-640x480.jpg 400w,https:\/\/aucoindufeutheatre.fr\/wp-content\/uploads\/2025\/08\/3-Ftancois-Marie-Claire-A-TOUS-CEUX-QUI-GUILLAUME-24-771x1024-640x480.jpg 2x\" data-envira-width=\"226\" data-envira-height=\"300\" srcset=\"data:image\/gif;base64,R0lGODlhAQABAIAAAP\/\/\/\/\/\/\/yH5BAEKAAEALAAAAAABAAEAAAICTAEAOw==\" data-safe-src=\"data:image\/gif;base64,R0lGODlhAQABAIAAAP\/\/\/\/\/\/\/yH5BAEKAAEALAAAAAABAAEAAAICTAEAOw==\" \/><\/a><\/div><\/div><div id=\"envira-gallery-item-861\" class=\"envira-gallery-item enviratope-item envira-gallery-item-16 envira-lazy-load\" style=\"padding-left: 1px; padding-bottom: 1px; padding-right: 1px;\"  itemscope itemtype=\"https:\/\/schema.org\/ImageObject\"><div class=\"envira-gallery-item-inner\"><div class=\"envira-gallery-position-overlay  envira-gallery-top-left\"><\/div><div class=\"envira-gallery-position-overlay  envira-gallery-top-right\"><\/div><div class=\"envira-gallery-position-overlay  envira-gallery-bottom-left\"><\/div><div class=\"envira-gallery-position-overlay  envira-gallery-bottom-right\"><\/div><a href=\"https:\/\/aucoindufeutheatre.fr\/wp-content\/uploads\/2025\/08\/04-Yvain-A-TOUS-CEUX-QUI-GENERALE-14-mars-43.jpg\" class=\"envira-gallery-845 envira-gallery-link\" rel=\"enviragallery845\" title=\"04 Yvain A TOUS CEUX QUI &amp;amp;#8211; GENERALE 14 mars (43)\" data-envira-caption=\"04 Yvain A TOUS CEUX QUI &amp;amp;#8211; GENERALE 14 mars (43)\" data-envira-retina=\"\" data-thumbnail=\"\"  itemprop=\"contentUrl\"><img decoding=\"async\" id=\"envira-gallery-image-861\" class=\"envira-gallery-image envira-gallery-image-16 envira-normal envira-lazy\" data-envira-index=\"16\" src=\"https:\/\/aucoindufeutheatre.fr\/wp-content\/uploads\/2025\/08\/04-Yvain-A-TOUS-CEUX-QUI-GENERALE-14-mars-43-1024x683-640x480.jpg\" data-envira-src=\"https:\/\/aucoindufeutheatre.fr\/wp-content\/uploads\/2025\/08\/04-Yvain-A-TOUS-CEUX-QUI-GENERALE-14-mars-43-1024x683-640x480.jpg\" data-envira-gallery-id=\"845\" data-envira-item-id=\"861\" data-envira-caption=\"04 Yvain A TOUS CEUX QUI &amp;amp;#8211; GENERALE 14 mars (43)\" alt=\"\" title=\"04 Yvain A TOUS CEUX QUI &amp;#8211; GENERALE 14 mars (43)\"  itemprop=\"thumbnailUrl\" data-envira-srcset=\"https:\/\/aucoindufeutheatre.fr\/wp-content\/uploads\/2025\/08\/04-Yvain-A-TOUS-CEUX-QUI-GENERALE-14-mars-43-1024x683-640x480.jpg 400w,https:\/\/aucoindufeutheatre.fr\/wp-content\/uploads\/2025\/08\/04-Yvain-A-TOUS-CEUX-QUI-GENERALE-14-mars-43-1024x683-640x480.jpg 2x\" data-envira-width=\"300\" data-envira-height=\"200\" srcset=\"data:image\/gif;base64,R0lGODlhAQABAIAAAP\/\/\/\/\/\/\/yH5BAEKAAEALAAAAAABAAEAAAICTAEAOw==\" data-safe-src=\"data:image\/gif;base64,R0lGODlhAQABAIAAAP\/\/\/\/\/\/\/yH5BAEKAAEALAAAAAABAAEAAAICTAEAOw==\" \/><\/a><\/div><\/div><div id=\"envira-gallery-item-862\" class=\"envira-gallery-item enviratope-item envira-gallery-item-17 envira-lazy-load\" style=\"padding-left: 1px; padding-bottom: 1px; padding-right: 1px;\"  itemscope itemtype=\"https:\/\/schema.org\/ImageObject\"><div class=\"envira-gallery-item-inner\"><div class=\"envira-gallery-position-overlay  envira-gallery-top-left\"><\/div><div class=\"envira-gallery-position-overlay  envira-gallery-top-right\"><\/div><div class=\"envira-gallery-position-overlay  envira-gallery-bottom-left\"><\/div><div class=\"envira-gallery-position-overlay  envira-gallery-bottom-right\"><\/div><a href=\"https:\/\/aucoindufeutheatre.fr\/wp-content\/uploads\/2025\/08\/05-Manue-A-tous-ceux-qui-.jpg\" class=\"envira-gallery-845 envira-gallery-link\" rel=\"enviragallery845\" title=\"05 Manue A tous ceux qui\" data-envira-caption=\"05 Manue A tous ceux qui\" data-envira-retina=\"\" data-thumbnail=\"\"  itemprop=\"contentUrl\"><img decoding=\"async\" id=\"envira-gallery-image-862\" class=\"envira-gallery-image envira-gallery-image-17 envira-normal envira-lazy\" data-envira-index=\"17\" src=\"https:\/\/aucoindufeutheatre.fr\/wp-content\/uploads\/2025\/08\/05-Manue-A-tous-ceux-qui--768x1024-640x480.jpg\" data-envira-src=\"https:\/\/aucoindufeutheatre.fr\/wp-content\/uploads\/2025\/08\/05-Manue-A-tous-ceux-qui--768x1024-640x480.jpg\" data-envira-gallery-id=\"845\" data-envira-item-id=\"862\" data-envira-caption=\"05 Manue A tous ceux qui\" alt=\"\" title=\"05 Manue A tous ceux qui\"  itemprop=\"thumbnailUrl\" data-envira-srcset=\"https:\/\/aucoindufeutheatre.fr\/wp-content\/uploads\/2025\/08\/05-Manue-A-tous-ceux-qui--768x1024-640x480.jpg 400w,https:\/\/aucoindufeutheatre.fr\/wp-content\/uploads\/2025\/08\/05-Manue-A-tous-ceux-qui--768x1024-640x480.jpg 2x\" data-envira-width=\"225\" data-envira-height=\"300\" srcset=\"data:image\/gif;base64,R0lGODlhAQABAIAAAP\/\/\/\/\/\/\/yH5BAEKAAEALAAAAAABAAEAAAICTAEAOw==\" data-safe-src=\"data:image\/gif;base64,R0lGODlhAQABAIAAAP\/\/\/\/\/\/\/yH5BAEKAAEALAAAAAABAAEAAAICTAEAOw==\" \/><\/a><\/div><\/div><div id=\"envira-gallery-item-863\" class=\"envira-gallery-item enviratope-item envira-gallery-item-18 envira-lazy-load\" style=\"padding-left: 1px; padding-bottom: 1px; padding-right: 1px;\"  itemscope itemtype=\"https:\/\/schema.org\/ImageObject\"><div class=\"envira-gallery-item-inner\"><div class=\"envira-gallery-position-overlay  envira-gallery-top-left\"><\/div><div class=\"envira-gallery-position-overlay  envira-gallery-top-right\"><\/div><div class=\"envira-gallery-position-overlay  envira-gallery-bottom-left\"><\/div><div class=\"envira-gallery-position-overlay  envira-gallery-bottom-right\"><\/div><a href=\"https:\/\/aucoindufeutheatre.fr\/wp-content\/uploads\/2025\/08\/5-Marie-Claire-Anne-Lise-Guillaume-A-TOUS-CEUX-QUI-GUILLAUME-10.jpg\" class=\"envira-gallery-845 envira-gallery-link\" rel=\"enviragallery845\" title=\"5 Marie-Claire Anne-Lise Guillaume A TOUS CEUX QUI GUILLAUME (10)\" data-envira-caption=\"5 Marie-Claire Anne-Lise Guillaume A TOUS CEUX QUI GUILLAUME (10)\" data-envira-retina=\"\" data-thumbnail=\"\"  itemprop=\"contentUrl\"><img decoding=\"async\" id=\"envira-gallery-image-863\" class=\"envira-gallery-image envira-gallery-image-18 envira-normal envira-lazy\" data-envira-index=\"18\" src=\"https:\/\/aucoindufeutheatre.fr\/wp-content\/uploads\/2025\/08\/5-Marie-Claire-Anne-Lise-Guillaume-A-TOUS-CEUX-QUI-GUILLAUME-10-834x1024-640x480.jpg\" data-envira-src=\"https:\/\/aucoindufeutheatre.fr\/wp-content\/uploads\/2025\/08\/5-Marie-Claire-Anne-Lise-Guillaume-A-TOUS-CEUX-QUI-GUILLAUME-10-834x1024-640x480.jpg\" data-envira-gallery-id=\"845\" data-envira-item-id=\"863\" data-envira-caption=\"5 Marie-Claire Anne-Lise Guillaume A TOUS CEUX QUI GUILLAUME (10)\" alt=\"\" title=\"5 Marie-Claire Anne-Lise Guillaume A TOUS CEUX QUI GUILLAUME (10)\"  itemprop=\"thumbnailUrl\" data-envira-srcset=\"https:\/\/aucoindufeutheatre.fr\/wp-content\/uploads\/2025\/08\/5-Marie-Claire-Anne-Lise-Guillaume-A-TOUS-CEUX-QUI-GUILLAUME-10-834x1024-640x480.jpg 400w,https:\/\/aucoindufeutheatre.fr\/wp-content\/uploads\/2025\/08\/5-Marie-Claire-Anne-Lise-Guillaume-A-TOUS-CEUX-QUI-GUILLAUME-10-834x1024-640x480.jpg 2x\" data-envira-width=\"244\" data-envira-height=\"300\" srcset=\"data:image\/gif;base64,R0lGODlhAQABAIAAAP\/\/\/\/\/\/\/yH5BAEKAAEALAAAAAABAAEAAAICTAEAOw==\" data-safe-src=\"data:image\/gif;base64,R0lGODlhAQABAIAAAP\/\/\/\/\/\/\/yH5BAEKAAEALAAAAAABAAEAAAICTAEAOw==\" \/><\/a><\/div><\/div><div id=\"envira-gallery-item-864\" class=\"envira-gallery-item enviratope-item envira-gallery-item-19 envira-lazy-load\" style=\"padding-left: 1px; padding-bottom: 1px; padding-right: 1px;\"  itemscope itemtype=\"https:\/\/schema.org\/ImageObject\"><div class=\"envira-gallery-item-inner\"><div class=\"envira-gallery-position-overlay  envira-gallery-top-left\"><\/div><div class=\"envira-gallery-position-overlay  envira-gallery-top-right\"><\/div><div class=\"envira-gallery-position-overlay  envira-gallery-bottom-left\"><\/div><div class=\"envira-gallery-position-overlay  envira-gallery-bottom-right\"><\/div><a href=\"https:\/\/aucoindufeutheatre.fr\/wp-content\/uploads\/2025\/08\/5-Anne-Lise-A-TOUS-CEUX-QUI-GUILLAUME-14.jpg\" class=\"envira-gallery-845 envira-gallery-link\" rel=\"enviragallery845\" title=\"5 Anne-Lise A TOUS CEUX QUI GUILLAUME (14)\" data-envira-caption=\"5 Anne-Lise A TOUS CEUX QUI GUILLAUME (14)\" data-envira-retina=\"\" data-thumbnail=\"\"  itemprop=\"contentUrl\"><img decoding=\"async\" id=\"envira-gallery-image-864\" class=\"envira-gallery-image envira-gallery-image-19 envira-normal envira-lazy\" data-envira-index=\"19\" src=\"https:\/\/aucoindufeutheatre.fr\/wp-content\/uploads\/2025\/08\/5-Anne-Lise-A-TOUS-CEUX-QUI-GUILLAUME-14-1024x963-640x480.jpg\" data-envira-src=\"https:\/\/aucoindufeutheatre.fr\/wp-content\/uploads\/2025\/08\/5-Anne-Lise-A-TOUS-CEUX-QUI-GUILLAUME-14-1024x963-640x480.jpg\" data-envira-gallery-id=\"845\" data-envira-item-id=\"864\" data-envira-caption=\"5 Anne-Lise A TOUS CEUX QUI GUILLAUME (14)\" alt=\"\" title=\"5 Anne-Lise A TOUS CEUX QUI GUILLAUME (14)\"  itemprop=\"thumbnailUrl\" data-envira-srcset=\"https:\/\/aucoindufeutheatre.fr\/wp-content\/uploads\/2025\/08\/5-Anne-Lise-A-TOUS-CEUX-QUI-GUILLAUME-14-1024x963-640x480.jpg 400w,https:\/\/aucoindufeutheatre.fr\/wp-content\/uploads\/2025\/08\/5-Anne-Lise-A-TOUS-CEUX-QUI-GUILLAUME-14-1024x963-640x480.jpg 2x\" data-envira-width=\"300\" data-envira-height=\"282\" srcset=\"data:image\/gif;base64,R0lGODlhAQABAIAAAP\/\/\/\/\/\/\/yH5BAEKAAEALAAAAAABAAEAAAICTAEAOw==\" data-safe-src=\"data:image\/gif;base64,R0lGODlhAQABAIAAAP\/\/\/\/\/\/\/yH5BAEKAAEALAAAAAABAAEAAAICTAEAOw==\" \/><\/a><\/div><\/div><div id=\"envira-gallery-item-865\" class=\"envira-gallery-item enviratope-item envira-gallery-item-20 envira-lazy-load\" style=\"padding-left: 1px; padding-bottom: 1px; padding-right: 1px;\"  itemscope itemtype=\"https:\/\/schema.org\/ImageObject\"><div class=\"envira-gallery-item-inner\"><div class=\"envira-gallery-position-overlay  envira-gallery-top-left\"><\/div><div class=\"envira-gallery-position-overlay  envira-gallery-top-right\"><\/div><div class=\"envira-gallery-position-overlay  envira-gallery-bottom-left\"><\/div><div class=\"envira-gallery-position-overlay  envira-gallery-bottom-right\"><\/div><a href=\"https:\/\/aucoindufeutheatre.fr\/wp-content\/uploads\/2025\/08\/5-Manue-A-TOUS-CEUX-QUI-GENERALE-14-mars-28.jpg\" class=\"envira-gallery-845 envira-gallery-link\" rel=\"enviragallery845\" title=\"5 Manue A TOUS CEUX QUI &amp;amp;#8211; GENERALE 14 mars (28)\" data-envira-caption=\"5 Manue A TOUS CEUX QUI &amp;amp;#8211; GENERALE 14 mars (28)\" data-envira-retina=\"\" data-thumbnail=\"\"  itemprop=\"contentUrl\"><img decoding=\"async\" id=\"envira-gallery-image-865\" class=\"envira-gallery-image envira-gallery-image-20 envira-normal envira-lazy\" data-envira-index=\"20\" src=\"https:\/\/aucoindufeutheatre.fr\/wp-content\/uploads\/2025\/08\/5-Manue-A-TOUS-CEUX-QUI-GENERALE-14-mars-28-1024x683-640x480.jpg\" data-envira-src=\"https:\/\/aucoindufeutheatre.fr\/wp-content\/uploads\/2025\/08\/5-Manue-A-TOUS-CEUX-QUI-GENERALE-14-mars-28-1024x683-640x480.jpg\" data-envira-gallery-id=\"845\" data-envira-item-id=\"865\" data-envira-caption=\"5 Manue A TOUS CEUX QUI &amp;amp;#8211; GENERALE 14 mars (28)\" alt=\"\" title=\"5 Manue A TOUS CEUX QUI &amp;#8211; GENERALE 14 mars (28)\"  itemprop=\"thumbnailUrl\" data-envira-srcset=\"https:\/\/aucoindufeutheatre.fr\/wp-content\/uploads\/2025\/08\/5-Manue-A-TOUS-CEUX-QUI-GENERALE-14-mars-28-1024x683-640x480.jpg 400w,https:\/\/aucoindufeutheatre.fr\/wp-content\/uploads\/2025\/08\/5-Manue-A-TOUS-CEUX-QUI-GENERALE-14-mars-28-1024x683-640x480.jpg 2x\" data-envira-width=\"300\" data-envira-height=\"200\" srcset=\"data:image\/gif;base64,R0lGODlhAQABAIAAAP\/\/\/\/\/\/\/yH5BAEKAAEALAAAAAABAAEAAAICTAEAOw==\" data-safe-src=\"data:image\/gif;base64,R0lGODlhAQABAIAAAP\/\/\/\/\/\/\/yH5BAEKAAEALAAAAAABAAEAAAICTAEAOw==\" \/><\/a><\/div><\/div><div id=\"envira-gallery-item-866\" class=\"envira-gallery-item enviratope-item envira-gallery-item-21 envira-lazy-load\" style=\"padding-left: 1px; padding-bottom: 1px; padding-right: 1px;\"  itemscope itemtype=\"https:\/\/schema.org\/ImageObject\"><div class=\"envira-gallery-item-inner\"><div class=\"envira-gallery-position-overlay  envira-gallery-top-left\"><\/div><div class=\"envira-gallery-position-overlay  envira-gallery-top-right\"><\/div><div class=\"envira-gallery-position-overlay  envira-gallery-bottom-left\"><\/div><div class=\"envira-gallery-position-overlay  envira-gallery-bottom-right\"><\/div><a href=\"https:\/\/aucoindufeutheatre.fr\/wp-content\/uploads\/2025\/08\/06-Aurelien-Isabelle-Francois-Coralie-Thibaud-Guillaume-Marie-Claire-A-TOUS-CEUX-QUI-GUILLAUME-19.jpg\" class=\"envira-gallery-845 envira-gallery-link\" rel=\"enviragallery845\" title=\"06 Aur&eacute;lien Isabelle Fran&ccedil;ois Coralie Thibaud Guillaume Marie-Claire A TOUS CEUX QUI GUILLAUME (19)\" data-envira-caption=\"06 Aur&eacute;lien Isabelle Fran&ccedil;ois Coralie Thibaud Guillaume Marie-Claire A TOUS CEUX QUI GUILLAUME (19)\" data-envira-retina=\"\" data-thumbnail=\"\"  itemprop=\"contentUrl\"><img decoding=\"async\" id=\"envira-gallery-image-866\" class=\"envira-gallery-image envira-gallery-image-21 envira-normal envira-lazy\" data-envira-index=\"21\" src=\"https:\/\/aucoindufeutheatre.fr\/wp-content\/uploads\/2025\/08\/06-Aurelien-Isabelle-Francois-Coralie-Thibaud-Guillaume-Marie-Claire-A-TOUS-CEUX-QUI-GUILLAUME-19-1024x606-640x480.jpg\" data-envira-src=\"https:\/\/aucoindufeutheatre.fr\/wp-content\/uploads\/2025\/08\/06-Aurelien-Isabelle-Francois-Coralie-Thibaud-Guillaume-Marie-Claire-A-TOUS-CEUX-QUI-GUILLAUME-19-1024x606-640x480.jpg\" data-envira-gallery-id=\"845\" data-envira-item-id=\"866\" data-envira-caption=\"06 Aur&eacute;lien Isabelle Fran&ccedil;ois Coralie Thibaud Guillaume Marie-Claire A TOUS CEUX QUI GUILLAUME (19)\" alt=\"\" title=\"06 Aur\u00e9lien Isabelle Fran\u00e7ois Coralie Thibaud Guillaume Marie-Claire A TOUS CEUX QUI GUILLAUME (19)\"  itemprop=\"thumbnailUrl\" data-envira-srcset=\"https:\/\/aucoindufeutheatre.fr\/wp-content\/uploads\/2025\/08\/06-Aurelien-Isabelle-Francois-Coralie-Thibaud-Guillaume-Marie-Claire-A-TOUS-CEUX-QUI-GUILLAUME-19-1024x606-640x480.jpg 400w,https:\/\/aucoindufeutheatre.fr\/wp-content\/uploads\/2025\/08\/06-Aurelien-Isabelle-Francois-Coralie-Thibaud-Guillaume-Marie-Claire-A-TOUS-CEUX-QUI-GUILLAUME-19-1024x606-640x480.jpg 2x\" data-envira-width=\"300\" data-envira-height=\"178\" srcset=\"data:image\/gif;base64,R0lGODlhAQABAIAAAP\/\/\/\/\/\/\/yH5BAEKAAEALAAAAAABAAEAAAICTAEAOw==\" data-safe-src=\"data:image\/gif;base64,R0lGODlhAQABAIAAAP\/\/\/\/\/\/\/yH5BAEKAAEALAAAAAABAAEAAAICTAEAOw==\" \/><\/a><\/div><\/div><div id=\"envira-gallery-item-867\" class=\"envira-gallery-item enviratope-item envira-gallery-item-22 envira-lazy-load\" style=\"padding-left: 1px; padding-bottom: 1px; padding-right: 1px;\"  itemscope itemtype=\"https:\/\/schema.org\/ImageObject\"><div class=\"envira-gallery-item-inner\"><div class=\"envira-gallery-position-overlay  envira-gallery-top-left\"><\/div><div class=\"envira-gallery-position-overlay  envira-gallery-top-right\"><\/div><div class=\"envira-gallery-position-overlay  envira-gallery-bottom-left\"><\/div><div class=\"envira-gallery-position-overlay  envira-gallery-bottom-right\"><\/div><a href=\"https:\/\/aucoindufeutheatre.fr\/wp-content\/uploads\/2025\/08\/6-Isabelle-Aurelien-A-TOUS-CEUX-QUI-GENERALE-14-mars-35.jpg\" class=\"envira-gallery-845 envira-gallery-link\" rel=\"enviragallery845\" title=\"6 Isabelle Aur&eacute;lien A TOUS CEUX QUI &amp;amp;#8211; GENERALE 14 mars (35)\" data-envira-caption=\"6 Isabelle Aur&eacute;lien A TOUS CEUX QUI &amp;amp;#8211; GENERALE 14 mars (35)\" data-envira-retina=\"\" data-thumbnail=\"\"  itemprop=\"contentUrl\"><img decoding=\"async\" id=\"envira-gallery-image-867\" class=\"envira-gallery-image envira-gallery-image-22 envira-normal envira-lazy\" data-envira-index=\"22\" src=\"https:\/\/aucoindufeutheatre.fr\/wp-content\/uploads\/2025\/08\/6-Isabelle-Aurelien-A-TOUS-CEUX-QUI-GENERALE-14-mars-35-1024x683-640x480.jpg\" data-envira-src=\"https:\/\/aucoindufeutheatre.fr\/wp-content\/uploads\/2025\/08\/6-Isabelle-Aurelien-A-TOUS-CEUX-QUI-GENERALE-14-mars-35-1024x683-640x480.jpg\" data-envira-gallery-id=\"845\" data-envira-item-id=\"867\" data-envira-caption=\"6 Isabelle Aur&eacute;lien A TOUS CEUX QUI &amp;amp;#8211; GENERALE 14 mars (35)\" alt=\"\" title=\"6 Isabelle Aur\u00e9lien A TOUS CEUX QUI &amp;#8211; GENERALE 14 mars (35)\"  itemprop=\"thumbnailUrl\" data-envira-srcset=\"https:\/\/aucoindufeutheatre.fr\/wp-content\/uploads\/2025\/08\/6-Isabelle-Aurelien-A-TOUS-CEUX-QUI-GENERALE-14-mars-35-1024x683-640x480.jpg 400w,https:\/\/aucoindufeutheatre.fr\/wp-content\/uploads\/2025\/08\/6-Isabelle-Aurelien-A-TOUS-CEUX-QUI-GENERALE-14-mars-35-1024x683-640x480.jpg 2x\" data-envira-width=\"300\" data-envira-height=\"200\" srcset=\"data:image\/gif;base64,R0lGODlhAQABAIAAAP\/\/\/\/\/\/\/yH5BAEKAAEALAAAAAABAAEAAAICTAEAOw==\" data-safe-src=\"data:image\/gif;base64,R0lGODlhAQABAIAAAP\/\/\/\/\/\/\/yH5BAEKAAEALAAAAAABAAEAAAICTAEAOw==\" \/><\/a><\/div><\/div><div id=\"envira-gallery-item-868\" class=\"envira-gallery-item enviratope-item envira-gallery-item-23 envira-lazy-load\" style=\"padding-left: 1px; padding-bottom: 1px; padding-right: 1px;\"  itemscope itemtype=\"https:\/\/schema.org\/ImageObject\"><div class=\"envira-gallery-item-inner\"><div class=\"envira-gallery-position-overlay  envira-gallery-top-left\"><\/div><div class=\"envira-gallery-position-overlay  envira-gallery-top-right\"><\/div><div class=\"envira-gallery-position-overlay  envira-gallery-bottom-left\"><\/div><div class=\"envira-gallery-position-overlay  envira-gallery-bottom-right\"><\/div><a href=\"https:\/\/aucoindufeutheatre.fr\/wp-content\/uploads\/2025\/08\/7-Manue-Isabelle-Aurelien-A-TOUS-CEUX-QUI-GUILLAUME-33.jpg\" class=\"envira-gallery-845 envira-gallery-link\" rel=\"enviragallery845\" title=\"7 Manue, Isabelle, Aur&eacute;lien A TOUS CEUX QUI GUILLAUME (33)\" data-envira-caption=\"7 Manue, Isabelle, Aur&eacute;lien A TOUS CEUX QUI GUILLAUME (33)\" data-envira-retina=\"\" data-thumbnail=\"\"  itemprop=\"contentUrl\"><img decoding=\"async\" id=\"envira-gallery-image-868\" class=\"envira-gallery-image envira-gallery-image-23 envira-normal envira-lazy\" data-envira-index=\"23\" src=\"https:\/\/aucoindufeutheatre.fr\/wp-content\/uploads\/2025\/08\/7-Manue-Isabelle-Aurelien-A-TOUS-CEUX-QUI-GUILLAUME-33-1024x768-640x480.jpg\" data-envira-src=\"https:\/\/aucoindufeutheatre.fr\/wp-content\/uploads\/2025\/08\/7-Manue-Isabelle-Aurelien-A-TOUS-CEUX-QUI-GUILLAUME-33-1024x768-640x480.jpg\" data-envira-gallery-id=\"845\" data-envira-item-id=\"868\" data-envira-caption=\"7 Manue, Isabelle, Aur&eacute;lien A TOUS CEUX QUI GUILLAUME (33)\" alt=\"\" title=\"7 Manue, Isabelle, Aur\u00e9lien A TOUS CEUX QUI GUILLAUME (33)\"  itemprop=\"thumbnailUrl\" data-envira-srcset=\"https:\/\/aucoindufeutheatre.fr\/wp-content\/uploads\/2025\/08\/7-Manue-Isabelle-Aurelien-A-TOUS-CEUX-QUI-GUILLAUME-33-1024x768-640x480.jpg 400w,https:\/\/aucoindufeutheatre.fr\/wp-content\/uploads\/2025\/08\/7-Manue-Isabelle-Aurelien-A-TOUS-CEUX-QUI-GUILLAUME-33-1024x768-640x480.jpg 2x\" data-envira-width=\"300\" data-envira-height=\"225\" srcset=\"data:image\/gif;base64,R0lGODlhAQABAIAAAP\/\/\/\/\/\/\/yH5BAEKAAEALAAAAAABAAEAAAICTAEAOw==\" data-safe-src=\"data:image\/gif;base64,R0lGODlhAQABAIAAAP\/\/\/\/\/\/\/yH5BAEKAAEALAAAAAABAAEAAAICTAEAOw==\" \/><\/a><\/div><\/div><div id=\"envira-gallery-item-869\" class=\"envira-gallery-item enviratope-item envira-gallery-item-24 envira-lazy-load\" style=\"padding-left: 1px; padding-bottom: 1px; padding-right: 1px;\"  itemscope itemtype=\"https:\/\/schema.org\/ImageObject\"><div class=\"envira-gallery-item-inner\"><div class=\"envira-gallery-position-overlay  envira-gallery-top-left\"><\/div><div class=\"envira-gallery-position-overlay  envira-gallery-top-right\"><\/div><div class=\"envira-gallery-position-overlay  envira-gallery-bottom-left\"><\/div><div class=\"envira-gallery-position-overlay  envira-gallery-bottom-right\"><\/div><a href=\"https:\/\/aucoindufeutheatre.fr\/wp-content\/uploads\/2025\/08\/8-Emmanuelle-Isabelle-Aurelien-JeromeA-TOUS-CEUX-QUI-GENERALE-14-mars-38.jpg\" class=\"envira-gallery-845 envira-gallery-link\" rel=\"enviragallery845\" title=\"8 Emmanuelle Isabelle Aur&eacute;lien J&eacute;r&ocirc;meA TOUS CEUX QUI &amp;amp;#8211; GENERALE 14 mars (38)\" data-envira-caption=\"8 Emmanuelle Isabelle Aur&eacute;lien J&eacute;r&ocirc;meA TOUS CEUX QUI &amp;amp;#8211; GENERALE 14 mars (38)\" data-envira-retina=\"\" data-thumbnail=\"\"  itemprop=\"contentUrl\"><img decoding=\"async\" id=\"envira-gallery-image-869\" class=\"envira-gallery-image envira-gallery-image-24 envira-normal envira-lazy\" data-envira-index=\"24\" src=\"https:\/\/aucoindufeutheatre.fr\/wp-content\/uploads\/2025\/08\/8-Emmanuelle-Isabelle-Aurelien-JeromeA-TOUS-CEUX-QUI-GENERALE-14-mars-38-1024x683-640x480.jpg\" data-envira-src=\"https:\/\/aucoindufeutheatre.fr\/wp-content\/uploads\/2025\/08\/8-Emmanuelle-Isabelle-Aurelien-JeromeA-TOUS-CEUX-QUI-GENERALE-14-mars-38-1024x683-640x480.jpg\" data-envira-gallery-id=\"845\" data-envira-item-id=\"869\" data-envira-caption=\"8 Emmanuelle Isabelle Aur&eacute;lien J&eacute;r&ocirc;meA TOUS CEUX QUI &amp;amp;#8211; GENERALE 14 mars (38)\" alt=\"\" title=\"8 Emmanuelle Isabelle Aur\u00e9lien J\u00e9r\u00f4meA TOUS CEUX QUI &amp;#8211; GENERALE 14 mars (38)\"  itemprop=\"thumbnailUrl\" data-envira-srcset=\"https:\/\/aucoindufeutheatre.fr\/wp-content\/uploads\/2025\/08\/8-Emmanuelle-Isabelle-Aurelien-JeromeA-TOUS-CEUX-QUI-GENERALE-14-mars-38-1024x683-640x480.jpg 400w,https:\/\/aucoindufeutheatre.fr\/wp-content\/uploads\/2025\/08\/8-Emmanuelle-Isabelle-Aurelien-JeromeA-TOUS-CEUX-QUI-GENERALE-14-mars-38-1024x683-640x480.jpg 2x\" data-envira-width=\"300\" data-envira-height=\"200\" srcset=\"data:image\/gif;base64,R0lGODlhAQABAIAAAP\/\/\/\/\/\/\/yH5BAEKAAEALAAAAAABAAEAAAICTAEAOw==\" data-safe-src=\"data:image\/gif;base64,R0lGODlhAQABAIAAAP\/\/\/\/\/\/\/yH5BAEKAAEALAAAAAABAAEAAAICTAEAOw==\" \/><\/a><\/div><\/div><div id=\"envira-gallery-item-870\" class=\"envira-gallery-item enviratope-item envira-gallery-item-25 envira-lazy-load\" style=\"padding-left: 1px; padding-bottom: 1px; padding-right: 1px;\"  itemscope itemtype=\"https:\/\/schema.org\/ImageObject\"><div class=\"envira-gallery-item-inner\"><div class=\"envira-gallery-position-overlay  envira-gallery-top-left\"><\/div><div class=\"envira-gallery-position-overlay  envira-gallery-top-right\"><\/div><div class=\"envira-gallery-position-overlay  envira-gallery-bottom-left\"><\/div><div class=\"envira-gallery-position-overlay  envira-gallery-bottom-right\"><\/div><a href=\"https:\/\/aucoindufeutheatre.fr\/wp-content\/uploads\/2025\/08\/8-Manue-Isabelle-Aurelien-Emanuelle-A-TOUS-CEUX-QUI-GUILLAUME-1.jpg\" class=\"envira-gallery-845 envira-gallery-link\" rel=\"enviragallery845\" title=\"8 Manue Isabelle Aur&eacute;lien, Emanuelle A TOUS CEUX QUI GUILLAUME (1)\" data-envira-caption=\"8 Manue Isabelle Aur&eacute;lien, Emanuelle A TOUS CEUX QUI GUILLAUME (1)\" data-envira-retina=\"\" data-thumbnail=\"\"  itemprop=\"contentUrl\"><img decoding=\"async\" id=\"envira-gallery-image-870\" class=\"envira-gallery-image envira-gallery-image-25 envira-normal envira-lazy\" data-envira-index=\"25\" src=\"https:\/\/aucoindufeutheatre.fr\/wp-content\/uploads\/2025\/08\/8-Manue-Isabelle-Aurelien-Emanuelle-A-TOUS-CEUX-QUI-GUILLAUME-1-1024x517-640x480.jpg\" data-envira-src=\"https:\/\/aucoindufeutheatre.fr\/wp-content\/uploads\/2025\/08\/8-Manue-Isabelle-Aurelien-Emanuelle-A-TOUS-CEUX-QUI-GUILLAUME-1-1024x517-640x480.jpg\" data-envira-gallery-id=\"845\" data-envira-item-id=\"870\" data-envira-caption=\"8 Manue Isabelle Aur&eacute;lien, Emanuelle A TOUS CEUX QUI GUILLAUME (1)\" alt=\"\" title=\"8 Manue Isabelle Aur\u00e9lien, Emanuelle A TOUS CEUX QUI GUILLAUME (1)\"  itemprop=\"thumbnailUrl\" data-envira-srcset=\"https:\/\/aucoindufeutheatre.fr\/wp-content\/uploads\/2025\/08\/8-Manue-Isabelle-Aurelien-Emanuelle-A-TOUS-CEUX-QUI-GUILLAUME-1-1024x517-640x480.jpg 400w,https:\/\/aucoindufeutheatre.fr\/wp-content\/uploads\/2025\/08\/8-Manue-Isabelle-Aurelien-Emanuelle-A-TOUS-CEUX-QUI-GUILLAUME-1-1024x517-640x480.jpg 2x\" data-envira-width=\"300\" data-envira-height=\"151\" srcset=\"data:image\/gif;base64,R0lGODlhAQABAIAAAP\/\/\/\/\/\/\/yH5BAEKAAEALAAAAAABAAEAAAICTAEAOw==\" data-safe-src=\"data:image\/gif;base64,R0lGODlhAQABAIAAAP\/\/\/\/\/\/\/yH5BAEKAAEALAAAAAABAAEAAAICTAEAOw==\" \/><\/a><\/div><\/div><div id=\"envira-gallery-item-871\" class=\"envira-gallery-item enviratope-item envira-gallery-item-26 envira-lazy-load\" style=\"padding-left: 1px; padding-bottom: 1px; padding-right: 1px;\"  itemscope itemtype=\"https:\/\/schema.org\/ImageObject\"><div class=\"envira-gallery-item-inner\"><div class=\"envira-gallery-position-overlay  envira-gallery-top-left\"><\/div><div class=\"envira-gallery-position-overlay  envira-gallery-top-right\"><\/div><div class=\"envira-gallery-position-overlay  envira-gallery-bottom-left\"><\/div><div class=\"envira-gallery-position-overlay  envira-gallery-bottom-right\"><\/div><a href=\"https:\/\/aucoindufeutheatre.fr\/wp-content\/uploads\/2025\/08\/09-Francois-Manue-Emmanuelle-A-TOUS-CEUX-QUI-GUILLAUME-29.jpg\" class=\"envira-gallery-845 envira-gallery-link\" rel=\"enviragallery845\" title=\"09 Fran&ccedil;ois, Manue, Emmanuelle A TOUS CEUX QUI GUILLAUME (29)\" data-envira-caption=\"09 Fran&ccedil;ois, Manue, Emmanuelle A TOUS CEUX QUI GUILLAUME (29)\" data-envira-retina=\"\" data-thumbnail=\"\"  itemprop=\"contentUrl\"><img decoding=\"async\" id=\"envira-gallery-image-871\" class=\"envira-gallery-image envira-gallery-image-26 envira-normal envira-lazy\" data-envira-index=\"26\" src=\"https:\/\/aucoindufeutheatre.fr\/wp-content\/uploads\/2025\/08\/09-Francois-Manue-Emmanuelle-A-TOUS-CEUX-QUI-GUILLAUME-29-1024x866-640x480.jpg\" data-envira-src=\"https:\/\/aucoindufeutheatre.fr\/wp-content\/uploads\/2025\/08\/09-Francois-Manue-Emmanuelle-A-TOUS-CEUX-QUI-GUILLAUME-29-1024x866-640x480.jpg\" data-envira-gallery-id=\"845\" data-envira-item-id=\"871\" data-envira-caption=\"09 Fran&ccedil;ois, Manue, Emmanuelle A TOUS CEUX QUI GUILLAUME (29)\" alt=\"\" title=\"09 Fran\u00e7ois, Manue, Emmanuelle A TOUS CEUX QUI GUILLAUME (29)\"  itemprop=\"thumbnailUrl\" data-envira-srcset=\"https:\/\/aucoindufeutheatre.fr\/wp-content\/uploads\/2025\/08\/09-Francois-Manue-Emmanuelle-A-TOUS-CEUX-QUI-GUILLAUME-29-1024x866-640x480.jpg 400w,https:\/\/aucoindufeutheatre.fr\/wp-content\/uploads\/2025\/08\/09-Francois-Manue-Emmanuelle-A-TOUS-CEUX-QUI-GUILLAUME-29-1024x866-640x480.jpg 2x\" data-envira-width=\"300\" data-envira-height=\"254\" srcset=\"data:image\/gif;base64,R0lGODlhAQABAIAAAP\/\/\/\/\/\/\/yH5BAEKAAEALAAAAAABAAEAAAICTAEAOw==\" data-safe-src=\"data:image\/gif;base64,R0lGODlhAQABAIAAAP\/\/\/\/\/\/\/yH5BAEKAAEALAAAAAABAAEAAAICTAEAOw==\" \/><\/a><\/div><\/div><div id=\"envira-gallery-item-872\" class=\"envira-gallery-item enviratope-item envira-gallery-item-27 envira-lazy-load\" style=\"padding-left: 1px; padding-bottom: 1px; padding-right: 1px;\"  itemscope itemtype=\"https:\/\/schema.org\/ImageObject\"><div class=\"envira-gallery-item-inner\"><div class=\"envira-gallery-position-overlay  envira-gallery-top-left\"><\/div><div class=\"envira-gallery-position-overlay  envira-gallery-top-right\"><\/div><div class=\"envira-gallery-position-overlay  envira-gallery-bottom-left\"><\/div><div class=\"envira-gallery-position-overlay  envira-gallery-bottom-right\"><\/div><a href=\"https:\/\/aucoindufeutheatre.fr\/wp-content\/uploads\/2025\/08\/10-A-TOUS-CEUX-QUI-GENERALE-14-0-mars-42.jpg\" class=\"envira-gallery-845 envira-gallery-link\" rel=\"enviragallery845\" title=\"10 A TOUS CEUX QUI &amp;amp;#8211; GENERALE 14 0 mars (42)\" data-envira-caption=\"10 A TOUS CEUX QUI &amp;amp;#8211; GENERALE 14 0 mars (42)\" data-envira-retina=\"\" data-thumbnail=\"\"  itemprop=\"contentUrl\"><img decoding=\"async\" id=\"envira-gallery-image-872\" class=\"envira-gallery-image envira-gallery-image-27 envira-normal envira-lazy\" data-envira-index=\"27\" src=\"https:\/\/aucoindufeutheatre.fr\/wp-content\/uploads\/2025\/08\/10-A-TOUS-CEUX-QUI-GENERALE-14-0-mars-42-1024x683-640x480.jpg\" data-envira-src=\"https:\/\/aucoindufeutheatre.fr\/wp-content\/uploads\/2025\/08\/10-A-TOUS-CEUX-QUI-GENERALE-14-0-mars-42-1024x683-640x480.jpg\" data-envira-gallery-id=\"845\" data-envira-item-id=\"872\" data-envira-caption=\"10 A TOUS CEUX QUI &amp;amp;#8211; GENERALE 14 0 mars (42)\" alt=\"\" title=\"10 A TOUS CEUX QUI &amp;#8211; GENERALE 14 0 mars (42)\"  itemprop=\"thumbnailUrl\" data-envira-srcset=\"https:\/\/aucoindufeutheatre.fr\/wp-content\/uploads\/2025\/08\/10-A-TOUS-CEUX-QUI-GENERALE-14-0-mars-42-1024x683-640x480.jpg 400w,https:\/\/aucoindufeutheatre.fr\/wp-content\/uploads\/2025\/08\/10-A-TOUS-CEUX-QUI-GENERALE-14-0-mars-42-1024x683-640x480.jpg 2x\" data-envira-width=\"300\" data-envira-height=\"200\" srcset=\"data:image\/gif;base64,R0lGODlhAQABAIAAAP\/\/\/\/\/\/\/yH5BAEKAAEALAAAAAABAAEAAAICTAEAOw==\" data-safe-src=\"data:image\/gif;base64,R0lGODlhAQABAIAAAP\/\/\/\/\/\/\/yH5BAEKAAEALAAAAAABAAEAAAICTAEAOw==\" \/><\/a><\/div><\/div><div id=\"envira-gallery-item-873\" class=\"envira-gallery-item enviratope-item envira-gallery-item-28 envira-lazy-load\" style=\"padding-left: 1px; padding-bottom: 1px; padding-right: 1px;\"  itemscope itemtype=\"https:\/\/schema.org\/ImageObject\"><div class=\"envira-gallery-item-inner\"><div class=\"envira-gallery-position-overlay  envira-gallery-top-left\"><\/div><div class=\"envira-gallery-position-overlay  envira-gallery-top-right\"><\/div><div class=\"envira-gallery-position-overlay  envira-gallery-bottom-left\"><\/div><div class=\"envira-gallery-position-overlay  envira-gallery-bottom-right\"><\/div><a href=\"https:\/\/aucoindufeutheatre.fr\/wp-content\/uploads\/2025\/08\/10-Ann-Lise-Yvain-Emmanuelle-Guillaume-Francois-Marie-ClaireA-TOUS-CEUX-QUI-ANNE-12.jpg\" class=\"envira-gallery-845 envira-gallery-link\" rel=\"enviragallery845\" title=\"10 Ann-Lise Yvain, Emmanuelle, Guillaume, Fran&ccedil;ois Marie ClaireA TOUS CEUX QUI -ANNE- (12)\" data-envira-caption=\"10 Ann-Lise Yvain, Emmanuelle, Guillaume, Fran&ccedil;ois Marie ClaireA TOUS CEUX QUI -ANNE- (12)\" data-envira-retina=\"\" data-thumbnail=\"\"  itemprop=\"contentUrl\"><img decoding=\"async\" id=\"envira-gallery-image-873\" class=\"envira-gallery-image envira-gallery-image-28 envira-normal envira-lazy\" data-envira-index=\"28\" src=\"https:\/\/aucoindufeutheatre.fr\/wp-content\/uploads\/2025\/08\/10-Ann-Lise-Yvain-Emmanuelle-Guillaume-Francois-Marie-ClaireA-TOUS-CEUX-QUI-ANNE-12-1024x768-640x480.jpg\" data-envira-src=\"https:\/\/aucoindufeutheatre.fr\/wp-content\/uploads\/2025\/08\/10-Ann-Lise-Yvain-Emmanuelle-Guillaume-Francois-Marie-ClaireA-TOUS-CEUX-QUI-ANNE-12-1024x768-640x480.jpg\" data-envira-gallery-id=\"845\" data-envira-item-id=\"873\" data-envira-caption=\"10 Ann-Lise Yvain, Emmanuelle, Guillaume, Fran&ccedil;ois Marie ClaireA TOUS CEUX QUI -ANNE- (12)\" alt=\"\" title=\"10 Ann-Lise Yvain, Emmanuelle, Guillaume, Fran\u00e7ois Marie ClaireA TOUS CEUX QUI -ANNE- (12)\"  itemprop=\"thumbnailUrl\" data-envira-srcset=\"https:\/\/aucoindufeutheatre.fr\/wp-content\/uploads\/2025\/08\/10-Ann-Lise-Yvain-Emmanuelle-Guillaume-Francois-Marie-ClaireA-TOUS-CEUX-QUI-ANNE-12-1024x768-640x480.jpg 400w,https:\/\/aucoindufeutheatre.fr\/wp-content\/uploads\/2025\/08\/10-Ann-Lise-Yvain-Emmanuelle-Guillaume-Francois-Marie-ClaireA-TOUS-CEUX-QUI-ANNE-12-1024x768-640x480.jpg 2x\" data-envira-width=\"300\" data-envira-height=\"225\" srcset=\"data:image\/gif;base64,R0lGODlhAQABAIAAAP\/\/\/\/\/\/\/yH5BAEKAAEALAAAAAABAAEAAAICTAEAOw==\" data-safe-src=\"data:image\/gif;base64,R0lGODlhAQABAIAAAP\/\/\/\/\/\/\/yH5BAEKAAEALAAAAAABAAEAAAICTAEAOw==\" \/><\/a><\/div><\/div><div id=\"envira-gallery-item-874\" class=\"envira-gallery-item enviratope-item envira-gallery-item-29 envira-lazy-load\" style=\"padding-left: 1px; padding-bottom: 1px; padding-right: 1px;\"  itemscope itemtype=\"https:\/\/schema.org\/ImageObject\"><div class=\"envira-gallery-item-inner\"><div class=\"envira-gallery-position-overlay  envira-gallery-top-left\"><\/div><div class=\"envira-gallery-position-overlay  envira-gallery-top-right\"><\/div><div class=\"envira-gallery-position-overlay  envira-gallery-bottom-left\"><\/div><div class=\"envira-gallery-position-overlay  envira-gallery-bottom-right\"><\/div><a href=\"https:\/\/aucoindufeutheatre.fr\/wp-content\/uploads\/2025\/08\/11-Guillaume-Manue-Yvain-Anne-Lise-Emmanuelle-SabineA-TOUS-CEUX-QUI-ANNE-14.jpg\" class=\"envira-gallery-845 envira-gallery-link\" rel=\"enviragallery845\" title=\"11 Guillaume Manue Yvain Anne-Lise, Emmanuelle, SabineA TOUS CEUX QUI -ANNE- (14)\" data-envira-caption=\"11 Guillaume Manue Yvain Anne-Lise, Emmanuelle, SabineA TOUS CEUX QUI -ANNE- (14)\" data-envira-retina=\"\" data-thumbnail=\"\"  itemprop=\"contentUrl\"><img decoding=\"async\" id=\"envira-gallery-image-874\" class=\"envira-gallery-image envira-gallery-image-29 envira-normal envira-lazy\" data-envira-index=\"29\" src=\"https:\/\/aucoindufeutheatre.fr\/wp-content\/uploads\/2025\/08\/11-Guillaume-Manue-Yvain-Anne-Lise-Emmanuelle-SabineA-TOUS-CEUX-QUI-ANNE-14-1024x768-640x480.jpg\" data-envira-src=\"https:\/\/aucoindufeutheatre.fr\/wp-content\/uploads\/2025\/08\/11-Guillaume-Manue-Yvain-Anne-Lise-Emmanuelle-SabineA-TOUS-CEUX-QUI-ANNE-14-1024x768-640x480.jpg\" data-envira-gallery-id=\"845\" data-envira-item-id=\"874\" data-envira-caption=\"11 Guillaume Manue Yvain Anne-Lise, Emmanuelle, SabineA TOUS CEUX QUI -ANNE- (14)\" alt=\"\" title=\"11 Guillaume Manue Yvain Anne-Lise, Emmanuelle, SabineA TOUS CEUX QUI -ANNE- (14)\"  itemprop=\"thumbnailUrl\" data-envira-srcset=\"https:\/\/aucoindufeutheatre.fr\/wp-content\/uploads\/2025\/08\/11-Guillaume-Manue-Yvain-Anne-Lise-Emmanuelle-SabineA-TOUS-CEUX-QUI-ANNE-14-1024x768-640x480.jpg 400w,https:\/\/aucoindufeutheatre.fr\/wp-content\/uploads\/2025\/08\/11-Guillaume-Manue-Yvain-Anne-Lise-Emmanuelle-SabineA-TOUS-CEUX-QUI-ANNE-14-1024x768-640x480.jpg 2x\" data-envira-width=\"300\" data-envira-height=\"225\" srcset=\"data:image\/gif;base64,R0lGODlhAQABAIAAAP\/\/\/\/\/\/\/yH5BAEKAAEALAAAAAABAAEAAAICTAEAOw==\" data-safe-src=\"data:image\/gif;base64,R0lGODlhAQABAIAAAP\/\/\/\/\/\/\/yH5BAEKAAEALAAAAAABAAEAAAICTAEAOw==\" \/><\/a><\/div><\/div><div id=\"envira-gallery-item-875\" class=\"envira-gallery-item enviratope-item envira-gallery-item-30 envira-lazy-load\" style=\"padding-left: 1px; padding-bottom: 1px; padding-right: 1px;\"  itemscope itemtype=\"https:\/\/schema.org\/ImageObject\"><div class=\"envira-gallery-item-inner\"><div class=\"envira-gallery-position-overlay  envira-gallery-top-left\"><\/div><div class=\"envira-gallery-position-overlay  envira-gallery-top-right\"><\/div><div class=\"envira-gallery-position-overlay  envira-gallery-bottom-left\"><\/div><div class=\"envira-gallery-position-overlay  envira-gallery-bottom-right\"><\/div><a href=\"https:\/\/aucoindufeutheatre.fr\/wp-content\/uploads\/2025\/08\/11-Jerome-Guillaume-Aurelien-Isabelle-Emanuelle-A-TOUS-CEUX-QUI-GUILLAUME-20.jpg\" class=\"envira-gallery-845 envira-gallery-link\" rel=\"enviragallery845\" title=\"11 Jer&ocirc;me Guillaume Aur&eacute;lien Isabelle Emanuelle A TOUS CEUX QUI GUILLAUME (20)\" data-envira-caption=\"11 Jer&ocirc;me Guillaume Aur&eacute;lien Isabelle Emanuelle A TOUS CEUX QUI GUILLAUME (20)\" data-envira-retina=\"\" data-thumbnail=\"\"  itemprop=\"contentUrl\"><img decoding=\"async\" id=\"envira-gallery-image-875\" class=\"envira-gallery-image envira-gallery-image-30 envira-normal envira-lazy\" data-envira-index=\"30\" src=\"https:\/\/aucoindufeutheatre.fr\/wp-content\/uploads\/2025\/08\/11-Jerome-Guillaume-Aurelien-Isabelle-Emanuelle-A-TOUS-CEUX-QUI-GUILLAUME-20-1024x768-640x480.jpg\" data-envira-src=\"https:\/\/aucoindufeutheatre.fr\/wp-content\/uploads\/2025\/08\/11-Jerome-Guillaume-Aurelien-Isabelle-Emanuelle-A-TOUS-CEUX-QUI-GUILLAUME-20-1024x768-640x480.jpg\" data-envira-gallery-id=\"845\" data-envira-item-id=\"875\" data-envira-caption=\"11 Jer&ocirc;me Guillaume Aur&eacute;lien Isabelle Emanuelle A TOUS CEUX QUI GUILLAUME (20)\" alt=\"\" title=\"11 Jer\u00f4me Guillaume Aur\u00e9lien Isabelle Emanuelle A TOUS CEUX QUI GUILLAUME (20)\"  itemprop=\"thumbnailUrl\" data-envira-srcset=\"https:\/\/aucoindufeutheatre.fr\/wp-content\/uploads\/2025\/08\/11-Jerome-Guillaume-Aurelien-Isabelle-Emanuelle-A-TOUS-CEUX-QUI-GUILLAUME-20-1024x768-640x480.jpg 400w,https:\/\/aucoindufeutheatre.fr\/wp-content\/uploads\/2025\/08\/11-Jerome-Guillaume-Aurelien-Isabelle-Emanuelle-A-TOUS-CEUX-QUI-GUILLAUME-20-1024x768-640x480.jpg 2x\" data-envira-width=\"300\" data-envira-height=\"225\" srcset=\"data:image\/gif;base64,R0lGODlhAQABAIAAAP\/\/\/\/\/\/\/yH5BAEKAAEALAAAAAABAAEAAAICTAEAOw==\" data-safe-src=\"data:image\/gif;base64,R0lGODlhAQABAIAAAP\/\/\/\/\/\/\/yH5BAEKAAEALAAAAAABAAEAAAICTAEAOw==\" \/><\/a><\/div><\/div><div id=\"envira-gallery-item-876\" class=\"envira-gallery-item enviratope-item envira-gallery-item-31 envira-lazy-load\" style=\"padding-left: 1px; padding-bottom: 1px; padding-right: 1px;\"  itemscope itemtype=\"https:\/\/schema.org\/ImageObject\"><div class=\"envira-gallery-item-inner\"><div class=\"envira-gallery-position-overlay  envira-gallery-top-left\"><\/div><div class=\"envira-gallery-position-overlay  envira-gallery-top-right\"><\/div><div class=\"envira-gallery-position-overlay  envira-gallery-bottom-left\"><\/div><div class=\"envira-gallery-position-overlay  envira-gallery-bottom-right\"><\/div><a href=\"https:\/\/aucoindufeutheatre.fr\/wp-content\/uploads\/2025\/08\/12-Yvain-Manue-Emmanuelle-Sabine-A-TOUS-CEUX-QUI-ANNE-17.jpg\" class=\"envira-gallery-845 envira-gallery-link\" rel=\"enviragallery845\" title=\"12 Yvain Manue Emmanuelle Sabine A TOUS CEUX QUI -ANNE- (17)\" data-envira-caption=\"12 Yvain Manue Emmanuelle Sabine A TOUS CEUX QUI -ANNE- (17)\" data-envira-retina=\"\" data-thumbnail=\"\"  itemprop=\"contentUrl\"><img decoding=\"async\" id=\"envira-gallery-image-876\" class=\"envira-gallery-image envira-gallery-image-31 envira-normal envira-lazy\" data-envira-index=\"31\" src=\"https:\/\/aucoindufeutheatre.fr\/wp-content\/uploads\/2025\/08\/12-Yvain-Manue-Emmanuelle-Sabine-A-TOUS-CEUX-QUI-ANNE-17-1024x768-640x480.jpg\" data-envira-src=\"https:\/\/aucoindufeutheatre.fr\/wp-content\/uploads\/2025\/08\/12-Yvain-Manue-Emmanuelle-Sabine-A-TOUS-CEUX-QUI-ANNE-17-1024x768-640x480.jpg\" data-envira-gallery-id=\"845\" data-envira-item-id=\"876\" data-envira-caption=\"12 Yvain Manue Emmanuelle Sabine A TOUS CEUX QUI -ANNE- (17)\" alt=\"\" title=\"12 Yvain Manue Emmanuelle Sabine A TOUS CEUX QUI -ANNE- (17)\"  itemprop=\"thumbnailUrl\" data-envira-srcset=\"https:\/\/aucoindufeutheatre.fr\/wp-content\/uploads\/2025\/08\/12-Yvain-Manue-Emmanuelle-Sabine-A-TOUS-CEUX-QUI-ANNE-17-1024x768-640x480.jpg 400w,https:\/\/aucoindufeutheatre.fr\/wp-content\/uploads\/2025\/08\/12-Yvain-Manue-Emmanuelle-Sabine-A-TOUS-CEUX-QUI-ANNE-17-1024x768-640x480.jpg 2x\" data-envira-width=\"300\" data-envira-height=\"225\" srcset=\"data:image\/gif;base64,R0lGODlhAQABAIAAAP\/\/\/\/\/\/\/yH5BAEKAAEALAAAAAABAAEAAAICTAEAOw==\" data-safe-src=\"data:image\/gif;base64,R0lGODlhAQABAIAAAP\/\/\/\/\/\/\/yH5BAEKAAEALAAAAAABAAEAAAICTAEAOw==\" \/><\/a><\/div><\/div><div id=\"envira-gallery-item-877\" class=\"envira-gallery-item enviratope-item envira-gallery-item-32 envira-lazy-load\" style=\"padding-left: 1px; padding-bottom: 1px; padding-right: 1px;\"  itemscope itemtype=\"https:\/\/schema.org\/ImageObject\"><div class=\"envira-gallery-item-inner\"><div class=\"envira-gallery-position-overlay  envira-gallery-top-left\"><\/div><div class=\"envira-gallery-position-overlay  envira-gallery-top-right\"><\/div><div class=\"envira-gallery-position-overlay  envira-gallery-bottom-left\"><\/div><div class=\"envira-gallery-position-overlay  envira-gallery-bottom-right\"><\/div><a href=\"https:\/\/aucoindufeutheatre.fr\/wp-content\/uploads\/2025\/08\/13-Thibaud-Coralie-Aurelien-Guillaume-A-TOUS-CEUX-QUI-GUILLAUME-26.jpg\" class=\"envira-gallery-845 envira-gallery-link\" rel=\"enviragallery845\" title=\"13 Thibaud, Coralie, Aur&eacute;lien, Guillaume A TOUS CEUX QUI GUILLAUME (26)\" data-envira-caption=\"13 Thibaud, Coralie, Aur&eacute;lien, Guillaume A TOUS CEUX QUI GUILLAUME (26)\" data-envira-retina=\"\" data-thumbnail=\"\"  itemprop=\"contentUrl\"><img decoding=\"async\" id=\"envira-gallery-image-877\" class=\"envira-gallery-image envira-gallery-image-32 envira-normal envira-lazy\" data-envira-index=\"32\" src=\"https:\/\/aucoindufeutheatre.fr\/wp-content\/uploads\/2025\/08\/13-Thibaud-Coralie-Aurelien-Guillaume-A-TOUS-CEUX-QUI-GUILLAUME-26-1024x675-640x480.jpg\" data-envira-src=\"https:\/\/aucoindufeutheatre.fr\/wp-content\/uploads\/2025\/08\/13-Thibaud-Coralie-Aurelien-Guillaume-A-TOUS-CEUX-QUI-GUILLAUME-26-1024x675-640x480.jpg\" data-envira-gallery-id=\"845\" data-envira-item-id=\"877\" data-envira-caption=\"13 Thibaud, Coralie, Aur&eacute;lien, Guillaume A TOUS CEUX QUI GUILLAUME (26)\" alt=\"\" title=\"13 Thibaud, Coralie, Aur\u00e9lien, Guillaume A TOUS CEUX QUI GUILLAUME (26)\"  itemprop=\"thumbnailUrl\" data-envira-srcset=\"https:\/\/aucoindufeutheatre.fr\/wp-content\/uploads\/2025\/08\/13-Thibaud-Coralie-Aurelien-Guillaume-A-TOUS-CEUX-QUI-GUILLAUME-26-1024x675-640x480.jpg 400w,https:\/\/aucoindufeutheatre.fr\/wp-content\/uploads\/2025\/08\/13-Thibaud-Coralie-Aurelien-Guillaume-A-TOUS-CEUX-QUI-GUILLAUME-26-1024x675-640x480.jpg 2x\" data-envira-width=\"300\" data-envira-height=\"198\" srcset=\"data:image\/gif;base64,R0lGODlhAQABAIAAAP\/\/\/\/\/\/\/yH5BAEKAAEALAAAAAABAAEAAAICTAEAOw==\" data-safe-src=\"data:image\/gif;base64,R0lGODlhAQABAIAAAP\/\/\/\/\/\/\/yH5BAEKAAEALAAAAAABAAEAAAICTAEAOw==\" \/><\/a><\/div><\/div><div id=\"envira-gallery-item-878\" class=\"envira-gallery-item enviratope-item envira-gallery-item-33 envira-lazy-load\" style=\"padding-left: 1px; padding-bottom: 1px; padding-right: 1px;\"  itemscope itemtype=\"https:\/\/schema.org\/ImageObject\"><div class=\"envira-gallery-item-inner\"><div class=\"envira-gallery-position-overlay  envira-gallery-top-left\"><\/div><div class=\"envira-gallery-position-overlay  envira-gallery-top-right\"><\/div><div class=\"envira-gallery-position-overlay  envira-gallery-bottom-left\"><\/div><div class=\"envira-gallery-position-overlay  envira-gallery-bottom-right\"><\/div><a href=\"https:\/\/aucoindufeutheatre.fr\/wp-content\/uploads\/2025\/08\/13-Yvain-Sabine-Manue-A-TOUS-CEUX-QUI-ANNE-18.jpg\" class=\"envira-gallery-845 envira-gallery-link\" rel=\"enviragallery845\" title=\"13 Yvain Sabine Manue A TOUS CEUX QUI -ANNE- (18)\" data-envira-caption=\"13 Yvain Sabine Manue A TOUS CEUX QUI -ANNE- (18)\" data-envira-retina=\"\" data-thumbnail=\"\"  itemprop=\"contentUrl\"><img decoding=\"async\" id=\"envira-gallery-image-878\" class=\"envira-gallery-image envira-gallery-image-33 envira-normal envira-lazy\" data-envira-index=\"33\" src=\"https:\/\/aucoindufeutheatre.fr\/wp-content\/uploads\/2025\/08\/13-Yvain-Sabine-Manue-A-TOUS-CEUX-QUI-ANNE-18-1024x768-640x480.jpg\" data-envira-src=\"https:\/\/aucoindufeutheatre.fr\/wp-content\/uploads\/2025\/08\/13-Yvain-Sabine-Manue-A-TOUS-CEUX-QUI-ANNE-18-1024x768-640x480.jpg\" data-envira-gallery-id=\"845\" data-envira-item-id=\"878\" data-envira-caption=\"13 Yvain Sabine Manue A TOUS CEUX QUI -ANNE- (18)\" alt=\"\" title=\"13 Yvain Sabine Manue A TOUS CEUX QUI -ANNE- (18)\"  itemprop=\"thumbnailUrl\" data-envira-srcset=\"https:\/\/aucoindufeutheatre.fr\/wp-content\/uploads\/2025\/08\/13-Yvain-Sabine-Manue-A-TOUS-CEUX-QUI-ANNE-18-1024x768-640x480.jpg 400w,https:\/\/aucoindufeutheatre.fr\/wp-content\/uploads\/2025\/08\/13-Yvain-Sabine-Manue-A-TOUS-CEUX-QUI-ANNE-18-1024x768-640x480.jpg 2x\" data-envira-width=\"300\" data-envira-height=\"225\" srcset=\"data:image\/gif;base64,R0lGODlhAQABAIAAAP\/\/\/\/\/\/\/yH5BAEKAAEALAAAAAABAAEAAAICTAEAOw==\" data-safe-src=\"data:image\/gif;base64,R0lGODlhAQABAIAAAP\/\/\/\/\/\/\/yH5BAEKAAEALAAAAAABAAEAAAICTAEAOw==\" \/><\/a><\/div><\/div><div id=\"envira-gallery-item-879\" class=\"envira-gallery-item enviratope-item envira-gallery-item-34 envira-lazy-load\" style=\"padding-left: 1px; padding-bottom: 1px; padding-right: 1px;\"  itemscope itemtype=\"https:\/\/schema.org\/ImageObject\"><div class=\"envira-gallery-item-inner\"><div class=\"envira-gallery-position-overlay  envira-gallery-top-left\"><\/div><div class=\"envira-gallery-position-overlay  envira-gallery-top-right\"><\/div><div class=\"envira-gallery-position-overlay  envira-gallery-bottom-left\"><\/div><div class=\"envira-gallery-position-overlay  envira-gallery-bottom-right\"><\/div><a href=\"https:\/\/aucoindufeutheatre.fr\/wp-content\/uploads\/2025\/08\/15-Coralie-Jerome-Anne-Lise-Guillaume-A-TOUS-CEUX-QUI-GENERALE-14-mars-56.jpg\" class=\"envira-gallery-845 envira-gallery-link\" rel=\"enviragallery845\" title=\"15 Coralie, Jer&ocirc;me, Anne Lise, Guillaume A TOUS CEUX QUI &amp;amp;#8211; GENERALE 14 mars (56)\" data-envira-caption=\"15 Coralie, Jer&ocirc;me, Anne Lise, Guillaume A TOUS CEUX QUI &amp;amp;#8211; GENERALE 14 mars (56)\" data-envira-retina=\"\" data-thumbnail=\"\"  itemprop=\"contentUrl\"><img decoding=\"async\" id=\"envira-gallery-image-879\" class=\"envira-gallery-image envira-gallery-image-34 envira-normal envira-lazy\" data-envira-index=\"34\" src=\"https:\/\/aucoindufeutheatre.fr\/wp-content\/uploads\/2025\/08\/15-Coralie-Jerome-Anne-Lise-Guillaume-A-TOUS-CEUX-QUI-GENERALE-14-mars-56-1024x683-640x480.jpg\" data-envira-src=\"https:\/\/aucoindufeutheatre.fr\/wp-content\/uploads\/2025\/08\/15-Coralie-Jerome-Anne-Lise-Guillaume-A-TOUS-CEUX-QUI-GENERALE-14-mars-56-1024x683-640x480.jpg\" data-envira-gallery-id=\"845\" data-envira-item-id=\"879\" data-envira-caption=\"15 Coralie, Jer&ocirc;me, Anne Lise, Guillaume A TOUS CEUX QUI &amp;amp;#8211; GENERALE 14 mars (56)\" alt=\"\" title=\"15 Coralie, Jer\u00f4me, Anne Lise, Guillaume A TOUS CEUX QUI &amp;#8211; GENERALE 14 mars (56)\"  itemprop=\"thumbnailUrl\" data-envira-srcset=\"https:\/\/aucoindufeutheatre.fr\/wp-content\/uploads\/2025\/08\/15-Coralie-Jerome-Anne-Lise-Guillaume-A-TOUS-CEUX-QUI-GENERALE-14-mars-56-1024x683-640x480.jpg 400w,https:\/\/aucoindufeutheatre.fr\/wp-content\/uploads\/2025\/08\/15-Coralie-Jerome-Anne-Lise-Guillaume-A-TOUS-CEUX-QUI-GENERALE-14-mars-56-1024x683-640x480.jpg 2x\" data-envira-width=\"300\" data-envira-height=\"200\" srcset=\"data:image\/gif;base64,R0lGODlhAQABAIAAAP\/\/\/\/\/\/\/yH5BAEKAAEALAAAAAABAAEAAAICTAEAOw==\" data-safe-src=\"data:image\/gif;base64,R0lGODlhAQABAIAAAP\/\/\/\/\/\/\/yH5BAEKAAEALAAAAAABAAEAAAICTAEAOw==\" \/><\/a><\/div><\/div><div id=\"envira-gallery-item-880\" class=\"envira-gallery-item enviratope-item envira-gallery-item-35 envira-lazy-load\" style=\"padding-left: 1px; padding-bottom: 1px; padding-right: 1px;\"  itemscope itemtype=\"https:\/\/schema.org\/ImageObject\"><div class=\"envira-gallery-item-inner\"><div class=\"envira-gallery-position-overlay  envira-gallery-top-left\"><\/div><div class=\"envira-gallery-position-overlay  envira-gallery-top-right\"><\/div><div class=\"envira-gallery-position-overlay  envira-gallery-bottom-left\"><\/div><div class=\"envira-gallery-position-overlay  envira-gallery-bottom-right\"><\/div><a href=\"https:\/\/aucoindufeutheatre.fr\/wp-content\/uploads\/2025\/08\/16-Emmanuelle-Aurelien-A-TOUS-CEUX-QUI-GENERALE-14-mars-44.jpg\" class=\"envira-gallery-845 envira-gallery-link\" rel=\"enviragallery845\" title=\"16 Emmanuelle Aur&eacute;lien A TOUS CEUX QUI &amp;amp;#8211; GENERALE 14 mars (44)\" data-envira-caption=\"16 Emmanuelle Aur&eacute;lien A TOUS CEUX QUI &amp;amp;#8211; GENERALE 14 mars (44)\" data-envira-retina=\"\" data-thumbnail=\"\"  itemprop=\"contentUrl\"><img decoding=\"async\" id=\"envira-gallery-image-880\" class=\"envira-gallery-image envira-gallery-image-35 envira-normal envira-lazy\" data-envira-index=\"35\" src=\"https:\/\/aucoindufeutheatre.fr\/wp-content\/uploads\/2025\/08\/16-Emmanuelle-Aurelien-A-TOUS-CEUX-QUI-GENERALE-14-mars-44-1024x683-640x480.jpg\" data-envira-src=\"https:\/\/aucoindufeutheatre.fr\/wp-content\/uploads\/2025\/08\/16-Emmanuelle-Aurelien-A-TOUS-CEUX-QUI-GENERALE-14-mars-44-1024x683-640x480.jpg\" data-envira-gallery-id=\"845\" data-envira-item-id=\"880\" data-envira-caption=\"16 Emmanuelle Aur&eacute;lien A TOUS CEUX QUI &amp;amp;#8211; GENERALE 14 mars (44)\" alt=\"\" title=\"16 Emmanuelle Aur\u00e9lien A TOUS CEUX QUI &amp;#8211; GENERALE 14 mars (44)\"  itemprop=\"thumbnailUrl\" data-envira-srcset=\"https:\/\/aucoindufeutheatre.fr\/wp-content\/uploads\/2025\/08\/16-Emmanuelle-Aurelien-A-TOUS-CEUX-QUI-GENERALE-14-mars-44-1024x683-640x480.jpg 400w,https:\/\/aucoindufeutheatre.fr\/wp-content\/uploads\/2025\/08\/16-Emmanuelle-Aurelien-A-TOUS-CEUX-QUI-GENERALE-14-mars-44-1024x683-640x480.jpg 2x\" data-envira-width=\"300\" data-envira-height=\"200\" srcset=\"data:image\/gif;base64,R0lGODlhAQABAIAAAP\/\/\/\/\/\/\/yH5BAEKAAEALAAAAAABAAEAAAICTAEAOw==\" data-safe-src=\"data:image\/gif;base64,R0lGODlhAQABAIAAAP\/\/\/\/\/\/\/yH5BAEKAAEALAAAAAABAAEAAAICTAEAOw==\" \/><\/a><\/div><\/div><div id=\"envira-gallery-item-881\" class=\"envira-gallery-item enviratope-item envira-gallery-item-36 envira-lazy-load\" style=\"padding-left: 1px; padding-bottom: 1px; padding-right: 1px;\"  itemscope itemtype=\"https:\/\/schema.org\/ImageObject\"><div class=\"envira-gallery-item-inner\"><div class=\"envira-gallery-position-overlay  envira-gallery-top-left\"><\/div><div class=\"envira-gallery-position-overlay  envira-gallery-top-right\"><\/div><div class=\"envira-gallery-position-overlay  envira-gallery-bottom-left\"><\/div><div class=\"envira-gallery-position-overlay  envira-gallery-bottom-right\"><\/div><a href=\"https:\/\/aucoindufeutheatre.fr\/wp-content\/uploads\/2025\/08\/16-Emmanuelle-aurelien-A-TOUS-CEUX-QUI-GENERALE-14-mars-48.jpg\" class=\"envira-gallery-845 envira-gallery-link\" rel=\"enviragallery845\" title=\"16 Emmanuelle aur&eacute;lien A TOUS CEUX QUI &amp;amp;#8211; GENERALE 14 mars (48)\" data-envira-caption=\"16 Emmanuelle aur&eacute;lien A TOUS CEUX QUI &amp;amp;#8211; GENERALE 14 mars (48)\" data-envira-retina=\"\" data-thumbnail=\"\"  itemprop=\"contentUrl\"><img decoding=\"async\" id=\"envira-gallery-image-881\" class=\"envira-gallery-image envira-gallery-image-36 envira-normal envira-lazy\" data-envira-index=\"36\" src=\"https:\/\/aucoindufeutheatre.fr\/wp-content\/uploads\/2025\/08\/16-Emmanuelle-aurelien-A-TOUS-CEUX-QUI-GENERALE-14-mars-48-1024x683-640x480.jpg\" data-envira-src=\"https:\/\/aucoindufeutheatre.fr\/wp-content\/uploads\/2025\/08\/16-Emmanuelle-aurelien-A-TOUS-CEUX-QUI-GENERALE-14-mars-48-1024x683-640x480.jpg\" data-envira-gallery-id=\"845\" data-envira-item-id=\"881\" data-envira-caption=\"16 Emmanuelle aur&eacute;lien A TOUS CEUX QUI &amp;amp;#8211; GENERALE 14 mars (48)\" alt=\"\" title=\"16 Emmanuelle aur\u00e9lien A TOUS CEUX QUI &amp;#8211; GENERALE 14 mars (48)\"  itemprop=\"thumbnailUrl\" data-envira-srcset=\"https:\/\/aucoindufeutheatre.fr\/wp-content\/uploads\/2025\/08\/16-Emmanuelle-aurelien-A-TOUS-CEUX-QUI-GENERALE-14-mars-48-1024x683-640x480.jpg 400w,https:\/\/aucoindufeutheatre.fr\/wp-content\/uploads\/2025\/08\/16-Emmanuelle-aurelien-A-TOUS-CEUX-QUI-GENERALE-14-mars-48-1024x683-640x480.jpg 2x\" data-envira-width=\"300\" data-envira-height=\"200\" srcset=\"data:image\/gif;base64,R0lGODlhAQABAIAAAP\/\/\/\/\/\/\/yH5BAEKAAEALAAAAAABAAEAAAICTAEAOw==\" data-safe-src=\"data:image\/gif;base64,R0lGODlhAQABAIAAAP\/\/\/\/\/\/\/yH5BAEKAAEALAAAAAABAAEAAAICTAEAOw==\" \/><\/a><\/div><\/div><div id=\"envira-gallery-item-882\" class=\"envira-gallery-item enviratope-item envira-gallery-item-37 envira-lazy-load\" style=\"padding-left: 1px; padding-bottom: 1px; padding-right: 1px;\"  itemscope itemtype=\"https:\/\/schema.org\/ImageObject\"><div class=\"envira-gallery-item-inner\"><div class=\"envira-gallery-position-overlay  envira-gallery-top-left\"><\/div><div class=\"envira-gallery-position-overlay  envira-gallery-top-right\"><\/div><div class=\"envira-gallery-position-overlay  envira-gallery-bottom-left\"><\/div><div class=\"envira-gallery-position-overlay  envira-gallery-bottom-right\"><\/div><a href=\"https:\/\/aucoindufeutheatre.fr\/wp-content\/uploads\/2025\/08\/17-Isabelle-Sabine-Marie-Claire-A-TOUS-CEUX-QUI-ANNE-1.jpg\" class=\"envira-gallery-845 envira-gallery-link\" rel=\"enviragallery845\" title=\"17 Isabelle Sabine Marie-Claire A TOUS CEUX QUI -ANNE- (1)\" data-envira-caption=\"17 Isabelle Sabine Marie-Claire A TOUS CEUX QUI -ANNE- (1)\" data-envira-retina=\"\" data-thumbnail=\"\"  itemprop=\"contentUrl\"><img decoding=\"async\" id=\"envira-gallery-image-882\" class=\"envira-gallery-image envira-gallery-image-37 envira-normal envira-lazy\" data-envira-index=\"37\" src=\"https:\/\/aucoindufeutheatre.fr\/wp-content\/uploads\/2025\/08\/17-Isabelle-Sabine-Marie-Claire-A-TOUS-CEUX-QUI-ANNE-1-1024x768-640x480.jpg\" data-envira-src=\"https:\/\/aucoindufeutheatre.fr\/wp-content\/uploads\/2025\/08\/17-Isabelle-Sabine-Marie-Claire-A-TOUS-CEUX-QUI-ANNE-1-1024x768-640x480.jpg\" data-envira-gallery-id=\"845\" data-envira-item-id=\"882\" data-envira-caption=\"17 Isabelle Sabine Marie-Claire A TOUS CEUX QUI -ANNE- (1)\" alt=\"\" title=\"17 Isabelle Sabine Marie-Claire A TOUS CEUX QUI -ANNE- (1)\"  itemprop=\"thumbnailUrl\" data-envira-srcset=\"https:\/\/aucoindufeutheatre.fr\/wp-content\/uploads\/2025\/08\/17-Isabelle-Sabine-Marie-Claire-A-TOUS-CEUX-QUI-ANNE-1-1024x768-640x480.jpg 400w,https:\/\/aucoindufeutheatre.fr\/wp-content\/uploads\/2025\/08\/17-Isabelle-Sabine-Marie-Claire-A-TOUS-CEUX-QUI-ANNE-1-1024x768-640x480.jpg 2x\" data-envira-width=\"300\" data-envira-height=\"225\" srcset=\"data:image\/gif;base64,R0lGODlhAQABAIAAAP\/\/\/\/\/\/\/yH5BAEKAAEALAAAAAABAAEAAAICTAEAOw==\" data-safe-src=\"data:image\/gif;base64,R0lGODlhAQABAIAAAP\/\/\/\/\/\/\/yH5BAEKAAEALAAAAAABAAEAAAICTAEAOw==\" \/><\/a><\/div><\/div><div id=\"envira-gallery-item-883\" class=\"envira-gallery-item enviratope-item envira-gallery-item-38 envira-lazy-load\" style=\"padding-left: 1px; padding-bottom: 1px; padding-right: 1px;\"  itemscope itemtype=\"https:\/\/schema.org\/ImageObject\"><div class=\"envira-gallery-item-inner\"><div class=\"envira-gallery-position-overlay  envira-gallery-top-left\"><\/div><div class=\"envira-gallery-position-overlay  envira-gallery-top-right\"><\/div><div class=\"envira-gallery-position-overlay  envira-gallery-bottom-left\"><\/div><div class=\"envira-gallery-position-overlay  envira-gallery-bottom-right\"><\/div><a href=\"https:\/\/aucoindufeutheatre.fr\/wp-content\/uploads\/2025\/08\/17-Manue-Aurelien-Marie-Claire-Sabine-Isabelle-Guillaume-Francois-Anne-Lise-Emmanuelle-A-TOUS-CEUX-QUI-GUILLAUME-11.jpg\" class=\"envira-gallery-845 envira-gallery-link\" rel=\"enviragallery845\" title=\"17 Manue Aur&eacute;lien Marie-Claire Sabine Isabelle Guillaume Fran&ccedil;ois Anne-Lise Emmanuelle A TOUS CEUX QUI GUILLAUME (11)\" data-envira-caption=\"17 Manue Aur&eacute;lien Marie-Claire Sabine Isabelle Guillaume Fran&ccedil;ois Anne-Lise Emmanuelle A TOUS CEUX QUI GUILLAUME (11)\" data-envira-retina=\"\" data-thumbnail=\"\"  itemprop=\"contentUrl\"><img decoding=\"async\" id=\"envira-gallery-image-883\" class=\"envira-gallery-image envira-gallery-image-38 envira-normal envira-lazy\" data-envira-index=\"38\" src=\"https:\/\/aucoindufeutheatre.fr\/wp-content\/uploads\/2025\/08\/17-Manue-Aurelien-Marie-Claire-Sabine-Isabelle-Guillaume-Francois-Anne-Lise-Emmanuelle-A-TOUS-CEUX-QUI-GUILLAUME-11-1024x525-640x480.jpg\" data-envira-src=\"https:\/\/aucoindufeutheatre.fr\/wp-content\/uploads\/2025\/08\/17-Manue-Aurelien-Marie-Claire-Sabine-Isabelle-Guillaume-Francois-Anne-Lise-Emmanuelle-A-TOUS-CEUX-QUI-GUILLAUME-11-1024x525-640x480.jpg\" data-envira-gallery-id=\"845\" data-envira-item-id=\"883\" data-envira-caption=\"17 Manue Aur&eacute;lien Marie-Claire Sabine Isabelle Guillaume Fran&ccedil;ois Anne-Lise Emmanuelle A TOUS CEUX QUI GUILLAUME (11)\" alt=\"\" title=\"17 Manue Aur\u00e9lien Marie-Claire Sabine Isabelle Guillaume Fran\u00e7ois Anne-Lise Emmanuelle A TOUS CEUX QUI GUILLAUME (11)\"  itemprop=\"thumbnailUrl\" data-envira-srcset=\"https:\/\/aucoindufeutheatre.fr\/wp-content\/uploads\/2025\/08\/17-Manue-Aurelien-Marie-Claire-Sabine-Isabelle-Guillaume-Francois-Anne-Lise-Emmanuelle-A-TOUS-CEUX-QUI-GUILLAUME-11-1024x525-640x480.jpg 400w,https:\/\/aucoindufeutheatre.fr\/wp-content\/uploads\/2025\/08\/17-Manue-Aurelien-Marie-Claire-Sabine-Isabelle-Guillaume-Francois-Anne-Lise-Emmanuelle-A-TOUS-CEUX-QUI-GUILLAUME-11-1024x525-640x480.jpg 2x\" data-envira-width=\"300\" data-envira-height=\"154\" srcset=\"data:image\/gif;base64,R0lGODlhAQABAIAAAP\/\/\/\/\/\/\/yH5BAEKAAEALAAAAAABAAEAAAICTAEAOw==\" data-safe-src=\"data:image\/gif;base64,R0lGODlhAQABAIAAAP\/\/\/\/\/\/\/yH5BAEKAAEALAAAAAABAAEAAAICTAEAOw==\" \/><\/a><\/div><\/div><div id=\"envira-gallery-item-884\" class=\"envira-gallery-item enviratope-item envira-gallery-item-39 envira-lazy-load\" style=\"padding-left: 1px; padding-bottom: 1px; padding-right: 1px;\"  itemscope itemtype=\"https:\/\/schema.org\/ImageObject\"><div class=\"envira-gallery-item-inner\"><div class=\"envira-gallery-position-overlay  envira-gallery-top-left\"><\/div><div class=\"envira-gallery-position-overlay  envira-gallery-top-right\"><\/div><div class=\"envira-gallery-position-overlay  envira-gallery-bottom-left\"><\/div><div class=\"envira-gallery-position-overlay  envira-gallery-bottom-right\"><\/div><a href=\"https:\/\/aucoindufeutheatre.fr\/wp-content\/uploads\/2025\/08\/17-Sabine-A-TOUS-CEUX-QUI-GENERALE-14-mars-53.jpg\" class=\"envira-gallery-845 envira-gallery-link\" rel=\"enviragallery845\" title=\"17 Sabine A TOUS CEUX QUI &amp;amp;#8211; GENERALE 14 mars (53)\" data-envira-caption=\"17 Sabine A TOUS CEUX QUI &amp;amp;#8211; GENERALE 14 mars (53)\" data-envira-retina=\"\" data-thumbnail=\"\"  itemprop=\"contentUrl\"><img decoding=\"async\" id=\"envira-gallery-image-884\" class=\"envira-gallery-image envira-gallery-image-39 envira-normal envira-lazy\" data-envira-index=\"39\" src=\"https:\/\/aucoindufeutheatre.fr\/wp-content\/uploads\/2025\/08\/17-Sabine-A-TOUS-CEUX-QUI-GENERALE-14-mars-53-1024x683-640x480.jpg\" data-envira-src=\"https:\/\/aucoindufeutheatre.fr\/wp-content\/uploads\/2025\/08\/17-Sabine-A-TOUS-CEUX-QUI-GENERALE-14-mars-53-1024x683-640x480.jpg\" data-envira-gallery-id=\"845\" data-envira-item-id=\"884\" data-envira-caption=\"17 Sabine A TOUS CEUX QUI &amp;amp;#8211; GENERALE 14 mars (53)\" alt=\"\" title=\"17 Sabine A TOUS CEUX QUI &amp;#8211; GENERALE 14 mars (53)\"  itemprop=\"thumbnailUrl\" data-envira-srcset=\"https:\/\/aucoindufeutheatre.fr\/wp-content\/uploads\/2025\/08\/17-Sabine-A-TOUS-CEUX-QUI-GENERALE-14-mars-53-1024x683-640x480.jpg 400w,https:\/\/aucoindufeutheatre.fr\/wp-content\/uploads\/2025\/08\/17-Sabine-A-TOUS-CEUX-QUI-GENERALE-14-mars-53-1024x683-640x480.jpg 2x\" data-envira-width=\"300\" data-envira-height=\"200\" srcset=\"data:image\/gif;base64,R0lGODlhAQABAIAAAP\/\/\/\/\/\/\/yH5BAEKAAEALAAAAAABAAEAAAICTAEAOw==\" data-safe-src=\"data:image\/gif;base64,R0lGODlhAQABAIAAAP\/\/\/\/\/\/\/yH5BAEKAAEALAAAAAABAAEAAAICTAEAOw==\" \/><\/a><\/div><\/div><div id=\"envira-gallery-item-885\" class=\"envira-gallery-item enviratope-item envira-gallery-item-40 envira-lazy-load\" style=\"padding-left: 1px; padding-bottom: 1px; padding-right: 1px;\"  itemscope itemtype=\"https:\/\/schema.org\/ImageObject\"><div class=\"envira-gallery-item-inner\"><div class=\"envira-gallery-position-overlay  envira-gallery-top-left\"><\/div><div class=\"envira-gallery-position-overlay  envira-gallery-top-right\"><\/div><div class=\"envira-gallery-position-overlay  envira-gallery-bottom-left\"><\/div><div class=\"envira-gallery-position-overlay  envira-gallery-bottom-right\"><\/div><a href=\"https:\/\/aucoindufeutheatre.fr\/wp-content\/uploads\/2025\/08\/17-Sabine-Isabelle-Marie-Claire-Aurelien-Emanuelle-A-TOUS-CEUX-QUI-GUILLAUME-16.jpg\" class=\"envira-gallery-845 envira-gallery-link\" rel=\"enviragallery845\" title=\"17 Sabine Isabelle Marie-Claire Aur&eacute;lien Emanuelle A TOUS CEUX QUI GUILLAUME (16)\" data-envira-caption=\"17 Sabine Isabelle Marie-Claire Aur&eacute;lien Emanuelle A TOUS CEUX QUI GUILLAUME (16)\" data-envira-retina=\"\" data-thumbnail=\"\"  itemprop=\"contentUrl\"><img decoding=\"async\" id=\"envira-gallery-image-885\" class=\"envira-gallery-image envira-gallery-image-40 envira-normal envira-lazy\" data-envira-index=\"40\" src=\"https:\/\/aucoindufeutheatre.fr\/wp-content\/uploads\/2025\/08\/17-Sabine-Isabelle-Marie-Claire-Aurelien-Emanuelle-A-TOUS-CEUX-QUI-GUILLAUME-16-1024x741-640x480.jpg\" data-envira-src=\"https:\/\/aucoindufeutheatre.fr\/wp-content\/uploads\/2025\/08\/17-Sabine-Isabelle-Marie-Claire-Aurelien-Emanuelle-A-TOUS-CEUX-QUI-GUILLAUME-16-1024x741-640x480.jpg\" data-envira-gallery-id=\"845\" data-envira-item-id=\"885\" data-envira-caption=\"17 Sabine Isabelle Marie-Claire Aur&eacute;lien Emanuelle A TOUS CEUX QUI GUILLAUME (16)\" alt=\"\" title=\"17 Sabine Isabelle Marie-Claire Aur\u00e9lien Emanuelle A TOUS CEUX QUI GUILLAUME (16)\"  itemprop=\"thumbnailUrl\" data-envira-srcset=\"https:\/\/aucoindufeutheatre.fr\/wp-content\/uploads\/2025\/08\/17-Sabine-Isabelle-Marie-Claire-Aurelien-Emanuelle-A-TOUS-CEUX-QUI-GUILLAUME-16-1024x741-640x480.jpg 400w,https:\/\/aucoindufeutheatre.fr\/wp-content\/uploads\/2025\/08\/17-Sabine-Isabelle-Marie-Claire-Aurelien-Emanuelle-A-TOUS-CEUX-QUI-GUILLAUME-16-1024x741-640x480.jpg 2x\" data-envira-width=\"300\" data-envira-height=\"217\" srcset=\"data:image\/gif;base64,R0lGODlhAQABAIAAAP\/\/\/\/\/\/\/yH5BAEKAAEALAAAAAABAAEAAAICTAEAOw==\" data-safe-src=\"data:image\/gif;base64,R0lGODlhAQABAIAAAP\/\/\/\/\/\/\/yH5BAEKAAEALAAAAAABAAEAAAICTAEAOw==\" \/><\/a><\/div><\/div><div id=\"envira-gallery-item-886\" class=\"envira-gallery-item enviratope-item envira-gallery-item-41 envira-lazy-load\" style=\"padding-left: 1px; padding-bottom: 1px; padding-right: 1px;\"  itemscope itemtype=\"https:\/\/schema.org\/ImageObject\"><div class=\"envira-gallery-item-inner\"><div class=\"envira-gallery-position-overlay  envira-gallery-top-left\"><\/div><div class=\"envira-gallery-position-overlay  envira-gallery-top-right\"><\/div><div class=\"envira-gallery-position-overlay  envira-gallery-bottom-left\"><\/div><div class=\"envira-gallery-position-overlay  envira-gallery-bottom-right\"><\/div><a href=\"https:\/\/aucoindufeutheatre.fr\/wp-content\/uploads\/2025\/08\/17-Sabine-Isabelle-Marie-Claire-Guillaume-A-TOUS-CEUX-QUI-GENERALE-14-mars-54.jpg\" class=\"envira-gallery-845 envira-gallery-link\" rel=\"enviragallery845\" title=\"17 Sabine, Isabelle, Marie Claire, Guillaume A TOUS CEUX QUI &amp;amp;#8211; GENERALE 14 mars (54)\" data-envira-caption=\"17 Sabine, Isabelle, Marie Claire, Guillaume A TOUS CEUX QUI &amp;amp;#8211; GENERALE 14 mars (54)\" data-envira-retina=\"\" data-thumbnail=\"\"  itemprop=\"contentUrl\"><img decoding=\"async\" id=\"envira-gallery-image-886\" class=\"envira-gallery-image envira-gallery-image-41 envira-normal envira-lazy\" data-envira-index=\"41\" src=\"https:\/\/aucoindufeutheatre.fr\/wp-content\/uploads\/2025\/08\/17-Sabine-Isabelle-Marie-Claire-Guillaume-A-TOUS-CEUX-QUI-GENERALE-14-mars-54-1024x683-640x480.jpg\" data-envira-src=\"https:\/\/aucoindufeutheatre.fr\/wp-content\/uploads\/2025\/08\/17-Sabine-Isabelle-Marie-Claire-Guillaume-A-TOUS-CEUX-QUI-GENERALE-14-mars-54-1024x683-640x480.jpg\" data-envira-gallery-id=\"845\" data-envira-item-id=\"886\" data-envira-caption=\"17 Sabine, Isabelle, Marie Claire, Guillaume A TOUS CEUX QUI &amp;amp;#8211; GENERALE 14 mars (54)\" alt=\"\" title=\"17 Sabine, Isabelle, Marie Claire, Guillaume A TOUS CEUX QUI &amp;#8211; GENERALE 14 mars (54)\"  itemprop=\"thumbnailUrl\" data-envira-srcset=\"https:\/\/aucoindufeutheatre.fr\/wp-content\/uploads\/2025\/08\/17-Sabine-Isabelle-Marie-Claire-Guillaume-A-TOUS-CEUX-QUI-GENERALE-14-mars-54-1024x683-640x480.jpg 400w,https:\/\/aucoindufeutheatre.fr\/wp-content\/uploads\/2025\/08\/17-Sabine-Isabelle-Marie-Claire-Guillaume-A-TOUS-CEUX-QUI-GENERALE-14-mars-54-1024x683-640x480.jpg 2x\" data-envira-width=\"300\" data-envira-height=\"200\" srcset=\"data:image\/gif;base64,R0lGODlhAQABAIAAAP\/\/\/\/\/\/\/yH5BAEKAAEALAAAAAABAAEAAAICTAEAOw==\" data-safe-src=\"data:image\/gif;base64,R0lGODlhAQABAIAAAP\/\/\/\/\/\/\/yH5BAEKAAEALAAAAAABAAEAAAICTAEAOw==\" \/><\/a><\/div><\/div><div id=\"envira-gallery-item-887\" class=\"envira-gallery-item enviratope-item envira-gallery-item-42 envira-lazy-load\" style=\"padding-left: 1px; padding-bottom: 1px; padding-right: 1px;\"  itemscope itemtype=\"https:\/\/schema.org\/ImageObject\"><div class=\"envira-gallery-item-inner\"><div class=\"envira-gallery-position-overlay  envira-gallery-top-left\"><\/div><div class=\"envira-gallery-position-overlay  envira-gallery-top-right\"><\/div><div class=\"envira-gallery-position-overlay  envira-gallery-bottom-left\"><\/div><div class=\"envira-gallery-position-overlay  envira-gallery-bottom-right\"><\/div><a href=\"https:\/\/aucoindufeutheatre.fr\/wp-content\/uploads\/2025\/08\/18-Francois-Marie-Claire-Francois-Isabelle-A-TOUS-CEUX-QUI-GENERALE-14-mars-62.jpg\" class=\"envira-gallery-845 envira-gallery-link\" rel=\"enviragallery845\" title=\"18 Fran&ccedil;ois Marie Claire, Fran&ccedil;ois, Isabelle A TOUS CEUX QUI &amp;amp;#8211; GENERALE 14 mars (62)\" data-envira-caption=\"18 Fran&ccedil;ois Marie Claire, Fran&ccedil;ois, Isabelle A TOUS CEUX QUI &amp;amp;#8211; GENERALE 14 mars (62)\" data-envira-retina=\"\" data-thumbnail=\"\"  itemprop=\"contentUrl\"><img decoding=\"async\" id=\"envira-gallery-image-887\" class=\"envira-gallery-image envira-gallery-image-42 envira-normal envira-lazy\" data-envira-index=\"42\" src=\"https:\/\/aucoindufeutheatre.fr\/wp-content\/uploads\/2025\/08\/18-Francois-Marie-Claire-Francois-Isabelle-A-TOUS-CEUX-QUI-GENERALE-14-mars-62-1024x683-640x480.jpg\" data-envira-src=\"https:\/\/aucoindufeutheatre.fr\/wp-content\/uploads\/2025\/08\/18-Francois-Marie-Claire-Francois-Isabelle-A-TOUS-CEUX-QUI-GENERALE-14-mars-62-1024x683-640x480.jpg\" data-envira-gallery-id=\"845\" data-envira-item-id=\"887\" data-envira-caption=\"18 Fran&ccedil;ois Marie Claire, Fran&ccedil;ois, Isabelle A TOUS CEUX QUI &amp;amp;#8211; GENERALE 14 mars (62)\" alt=\"\" title=\"18 Fran\u00e7ois Marie Claire, Fran\u00e7ois, Isabelle A TOUS CEUX QUI &amp;#8211; GENERALE 14 mars (62)\"  itemprop=\"thumbnailUrl\" data-envira-srcset=\"https:\/\/aucoindufeutheatre.fr\/wp-content\/uploads\/2025\/08\/18-Francois-Marie-Claire-Francois-Isabelle-A-TOUS-CEUX-QUI-GENERALE-14-mars-62-1024x683-640x480.jpg 400w,https:\/\/aucoindufeutheatre.fr\/wp-content\/uploads\/2025\/08\/18-Francois-Marie-Claire-Francois-Isabelle-A-TOUS-CEUX-QUI-GENERALE-14-mars-62-1024x683-640x480.jpg 2x\" data-envira-width=\"300\" data-envira-height=\"200\" srcset=\"data:image\/gif;base64,R0lGODlhAQABAIAAAP\/\/\/\/\/\/\/yH5BAEKAAEALAAAAAABAAEAAAICTAEAOw==\" data-safe-src=\"data:image\/gif;base64,R0lGODlhAQABAIAAAP\/\/\/\/\/\/\/yH5BAEKAAEALAAAAAABAAEAAAICTAEAOw==\" \/><\/a><\/div><\/div><div id=\"envira-gallery-item-888\" class=\"envira-gallery-item enviratope-item envira-gallery-item-43 envira-lazy-load\" style=\"padding-left: 1px; padding-bottom: 1px; padding-right: 1px;\"  itemscope itemtype=\"https:\/\/schema.org\/ImageObject\"><div class=\"envira-gallery-item-inner\"><div class=\"envira-gallery-position-overlay  envira-gallery-top-left\"><\/div><div class=\"envira-gallery-position-overlay  envira-gallery-top-right\"><\/div><div class=\"envira-gallery-position-overlay  envira-gallery-bottom-left\"><\/div><div class=\"envira-gallery-position-overlay  envira-gallery-bottom-right\"><\/div><a href=\"https:\/\/aucoindufeutheatre.fr\/wp-content\/uploads\/2025\/08\/18-Jerome-A-TOUS-CEUX-QUI-GENERALE-14-mars-65.jpg\" class=\"envira-gallery-845 envira-gallery-link\" rel=\"enviragallery845\" title=\"18 Jer&ocirc;me A TOUS CEUX QUI &amp;amp;#8211; GENERALE 14 mars (65)\" data-envira-caption=\"18 Jer&ocirc;me A TOUS CEUX QUI &amp;amp;#8211; GENERALE 14 mars (65)\" data-envira-retina=\"\" data-thumbnail=\"\"  itemprop=\"contentUrl\"><img decoding=\"async\" id=\"envira-gallery-image-888\" class=\"envira-gallery-image envira-gallery-image-43 envira-normal envira-lazy\" data-envira-index=\"43\" src=\"https:\/\/aucoindufeutheatre.fr\/wp-content\/uploads\/2025\/08\/18-Jerome-A-TOUS-CEUX-QUI-GENERALE-14-mars-65-1024x683-640x480.jpg\" data-envira-src=\"https:\/\/aucoindufeutheatre.fr\/wp-content\/uploads\/2025\/08\/18-Jerome-A-TOUS-CEUX-QUI-GENERALE-14-mars-65-1024x683-640x480.jpg\" data-envira-gallery-id=\"845\" data-envira-item-id=\"888\" data-envira-caption=\"18 Jer&ocirc;me A TOUS CEUX QUI &amp;amp;#8211; GENERALE 14 mars (65)\" alt=\"\" title=\"18 Jer\u00f4me A TOUS CEUX QUI &amp;#8211; GENERALE 14 mars (65)\"  itemprop=\"thumbnailUrl\" data-envira-srcset=\"https:\/\/aucoindufeutheatre.fr\/wp-content\/uploads\/2025\/08\/18-Jerome-A-TOUS-CEUX-QUI-GENERALE-14-mars-65-1024x683-640x480.jpg 400w,https:\/\/aucoindufeutheatre.fr\/wp-content\/uploads\/2025\/08\/18-Jerome-A-TOUS-CEUX-QUI-GENERALE-14-mars-65-1024x683-640x480.jpg 2x\" data-envira-width=\"300\" data-envira-height=\"200\" srcset=\"data:image\/gif;base64,R0lGODlhAQABAIAAAP\/\/\/\/\/\/\/yH5BAEKAAEALAAAAAABAAEAAAICTAEAOw==\" data-safe-src=\"data:image\/gif;base64,R0lGODlhAQABAIAAAP\/\/\/\/\/\/\/yH5BAEKAAEALAAAAAABAAEAAAICTAEAOw==\" \/><\/a><\/div><\/div><div id=\"envira-gallery-item-889\" class=\"envira-gallery-item enviratope-item envira-gallery-item-44 envira-lazy-load\" style=\"padding-left: 1px; padding-bottom: 1px; padding-right: 1px;\"  itemscope itemtype=\"https:\/\/schema.org\/ImageObject\"><div class=\"envira-gallery-item-inner\"><div class=\"envira-gallery-position-overlay  envira-gallery-top-left\"><\/div><div class=\"envira-gallery-position-overlay  envira-gallery-top-right\"><\/div><div class=\"envira-gallery-position-overlay  envira-gallery-bottom-left\"><\/div><div class=\"envira-gallery-position-overlay  envira-gallery-bottom-right\"><\/div><a href=\"https:\/\/aucoindufeutheatre.fr\/wp-content\/uploads\/2025\/08\/18-Manue-A-TOUS-CEUX-QUI-GENERALE-14-mars-67-rotated.jpg\" class=\"envira-gallery-845 envira-gallery-link\" rel=\"enviragallery845\" title=\"18 Manue A TOUS CEUX QUI &amp;amp;#8211; GENERALE 14 mars (67)\" data-envira-caption=\"18 Manue A TOUS CEUX QUI &amp;amp;#8211; GENERALE 14 mars (67)\" data-envira-retina=\"\" data-thumbnail=\"\"  itemprop=\"contentUrl\"><img decoding=\"async\" id=\"envira-gallery-image-889\" class=\"envira-gallery-image envira-gallery-image-44 envira-normal envira-lazy\" data-envira-index=\"44\" src=\"https:\/\/aucoindufeutheatre.fr\/wp-content\/uploads\/2025\/08\/18-Manue-A-TOUS-CEUX-QUI-GENERALE-14-mars-67-683x1024-640x480.jpg\" data-envira-src=\"https:\/\/aucoindufeutheatre.fr\/wp-content\/uploads\/2025\/08\/18-Manue-A-TOUS-CEUX-QUI-GENERALE-14-mars-67-683x1024-640x480.jpg\" data-envira-gallery-id=\"845\" data-envira-item-id=\"889\" data-envira-caption=\"18 Manue A TOUS CEUX QUI &amp;amp;#8211; GENERALE 14 mars (67)\" alt=\"\" title=\"18 Manue A TOUS CEUX QUI &amp;#8211; GENERALE 14 mars (67)\"  itemprop=\"thumbnailUrl\" data-envira-srcset=\"https:\/\/aucoindufeutheatre.fr\/wp-content\/uploads\/2025\/08\/18-Manue-A-TOUS-CEUX-QUI-GENERALE-14-mars-67-683x1024-640x480.jpg 400w,https:\/\/aucoindufeutheatre.fr\/wp-content\/uploads\/2025\/08\/18-Manue-A-TOUS-CEUX-QUI-GENERALE-14-mars-67-683x1024-640x480.jpg 2x\" data-envira-width=\"200\" data-envira-height=\"300\" srcset=\"data:image\/gif;base64,R0lGODlhAQABAIAAAP\/\/\/\/\/\/\/yH5BAEKAAEALAAAAAABAAEAAAICTAEAOw==\" data-safe-src=\"data:image\/gif;base64,R0lGODlhAQABAIAAAP\/\/\/\/\/\/\/yH5BAEKAAEALAAAAAABAAEAAAICTAEAOw==\" \/><\/a><\/div><\/div><div id=\"envira-gallery-item-890\" class=\"envira-gallery-item enviratope-item envira-gallery-item-45 envira-lazy-load\" style=\"padding-left: 1px; padding-bottom: 1px; padding-right: 1px;\"  itemscope itemtype=\"https:\/\/schema.org\/ImageObject\"><div class=\"envira-gallery-item-inner\"><div class=\"envira-gallery-position-overlay  envira-gallery-top-left\"><\/div><div class=\"envira-gallery-position-overlay  envira-gallery-top-right\"><\/div><div class=\"envira-gallery-position-overlay  envira-gallery-bottom-left\"><\/div><div class=\"envira-gallery-position-overlay  envira-gallery-bottom-right\"><\/div><a href=\"https:\/\/aucoindufeutheatre.fr\/wp-content\/uploads\/2025\/08\/18-Marie-Claire-Uvain-Thibaud-Manue-Emmanuelle-A-TOUS-CEUX-QUI-GENERALE-14-mars-60.jpg\" class=\"envira-gallery-845 envira-gallery-link\" rel=\"enviragallery845\" title=\"18 Marie Claire Uvain Thibaud, Manue, Emmanuelle A TOUS CEUX QUI &amp;amp;#8211; GENERALE 14 mars (60)\" data-envira-caption=\"18 Marie Claire Uvain Thibaud, Manue, Emmanuelle A TOUS CEUX QUI &amp;amp;#8211; GENERALE 14 mars (60)\" data-envira-retina=\"\" data-thumbnail=\"\"  itemprop=\"contentUrl\"><img decoding=\"async\" id=\"envira-gallery-image-890\" class=\"envira-gallery-image envira-gallery-image-45 envira-normal envira-lazy\" data-envira-index=\"45\" src=\"https:\/\/aucoindufeutheatre.fr\/wp-content\/uploads\/2025\/08\/18-Marie-Claire-Uvain-Thibaud-Manue-Emmanuelle-A-TOUS-CEUX-QUI-GENERALE-14-mars-60-1024x683-640x480.jpg\" data-envira-src=\"https:\/\/aucoindufeutheatre.fr\/wp-content\/uploads\/2025\/08\/18-Marie-Claire-Uvain-Thibaud-Manue-Emmanuelle-A-TOUS-CEUX-QUI-GENERALE-14-mars-60-1024x683-640x480.jpg\" data-envira-gallery-id=\"845\" data-envira-item-id=\"890\" data-envira-caption=\"18 Marie Claire Uvain Thibaud, Manue, Emmanuelle A TOUS CEUX QUI &amp;amp;#8211; GENERALE 14 mars (60)\" alt=\"\" title=\"18 Marie Claire Uvain Thibaud, Manue, Emmanuelle A TOUS CEUX QUI &amp;#8211; GENERALE 14 mars (60)\"  itemprop=\"thumbnailUrl\" data-envira-srcset=\"https:\/\/aucoindufeutheatre.fr\/wp-content\/uploads\/2025\/08\/18-Marie-Claire-Uvain-Thibaud-Manue-Emmanuelle-A-TOUS-CEUX-QUI-GENERALE-14-mars-60-1024x683-640x480.jpg 400w,https:\/\/aucoindufeutheatre.fr\/wp-content\/uploads\/2025\/08\/18-Marie-Claire-Uvain-Thibaud-Manue-Emmanuelle-A-TOUS-CEUX-QUI-GENERALE-14-mars-60-1024x683-640x480.jpg 2x\" data-envira-width=\"300\" data-envira-height=\"200\" srcset=\"data:image\/gif;base64,R0lGODlhAQABAIAAAP\/\/\/\/\/\/\/yH5BAEKAAEALAAAAAABAAEAAAICTAEAOw==\" data-safe-src=\"data:image\/gif;base64,R0lGODlhAQABAIAAAP\/\/\/\/\/\/\/yH5BAEKAAEALAAAAAABAAEAAAICTAEAOw==\" \/><\/a><\/div><\/div><div id=\"envira-gallery-item-891\" class=\"envira-gallery-item enviratope-item envira-gallery-item-46 envira-lazy-load\" style=\"padding-left: 1px; padding-bottom: 1px; padding-right: 1px;\"  itemscope itemtype=\"https:\/\/schema.org\/ImageObject\"><div class=\"envira-gallery-item-inner\"><div class=\"envira-gallery-position-overlay  envira-gallery-top-left\"><\/div><div class=\"envira-gallery-position-overlay  envira-gallery-top-right\"><\/div><div class=\"envira-gallery-position-overlay  envira-gallery-bottom-left\"><\/div><div class=\"envira-gallery-position-overlay  envira-gallery-bottom-right\"><\/div><a href=\"https:\/\/aucoindufeutheatre.fr\/wp-content\/uploads\/2025\/08\/18-Marie-Claire-Yvain-Thibaud-A-TOUS-CEUX-QUI-GENERALE-14-mars-58.jpg\" class=\"envira-gallery-845 envira-gallery-link\" rel=\"enviragallery845\" title=\"18 Marie Claire, Yvain, Thibaud A TOUS CEUX QUI &amp;amp;#8211; GENERALE 14 mars (58)\" data-envira-caption=\"18 Marie Claire, Yvain, Thibaud A TOUS CEUX QUI &amp;amp;#8211; GENERALE 14 mars (58)\" data-envira-retina=\"\" data-thumbnail=\"\"  itemprop=\"contentUrl\"><img decoding=\"async\" id=\"envira-gallery-image-891\" class=\"envira-gallery-image envira-gallery-image-46 envira-normal envira-lazy\" data-envira-index=\"46\" src=\"https:\/\/aucoindufeutheatre.fr\/wp-content\/uploads\/2025\/08\/18-Marie-Claire-Yvain-Thibaud-A-TOUS-CEUX-QUI-GENERALE-14-mars-58-1024x683-640x480.jpg\" data-envira-src=\"https:\/\/aucoindufeutheatre.fr\/wp-content\/uploads\/2025\/08\/18-Marie-Claire-Yvain-Thibaud-A-TOUS-CEUX-QUI-GENERALE-14-mars-58-1024x683-640x480.jpg\" data-envira-gallery-id=\"845\" data-envira-item-id=\"891\" data-envira-caption=\"18 Marie Claire, Yvain, Thibaud A TOUS CEUX QUI &amp;amp;#8211; GENERALE 14 mars (58)\" alt=\"\" title=\"18 Marie Claire, Yvain, Thibaud A TOUS CEUX QUI &amp;#8211; GENERALE 14 mars (58)\"  itemprop=\"thumbnailUrl\" data-envira-srcset=\"https:\/\/aucoindufeutheatre.fr\/wp-content\/uploads\/2025\/08\/18-Marie-Claire-Yvain-Thibaud-A-TOUS-CEUX-QUI-GENERALE-14-mars-58-1024x683-640x480.jpg 400w,https:\/\/aucoindufeutheatre.fr\/wp-content\/uploads\/2025\/08\/18-Marie-Claire-Yvain-Thibaud-A-TOUS-CEUX-QUI-GENERALE-14-mars-58-1024x683-640x480.jpg 2x\" data-envira-width=\"300\" data-envira-height=\"200\" srcset=\"data:image\/gif;base64,R0lGODlhAQABAIAAAP\/\/\/\/\/\/\/yH5BAEKAAEALAAAAAABAAEAAAICTAEAOw==\" data-safe-src=\"data:image\/gif;base64,R0lGODlhAQABAIAAAP\/\/\/\/\/\/\/yH5BAEKAAEALAAAAAABAAEAAAICTAEAOw==\" \/><\/a><\/div><\/div><div id=\"envira-gallery-item-892\" class=\"envira-gallery-item enviratope-item envira-gallery-item-47 envira-lazy-load\" style=\"padding-left: 1px; padding-bottom: 1px; padding-right: 1px;\"  itemscope itemtype=\"https:\/\/schema.org\/ImageObject\"><div class=\"envira-gallery-item-inner\"><div class=\"envira-gallery-position-overlay  envira-gallery-top-left\"><\/div><div class=\"envira-gallery-position-overlay  envira-gallery-top-right\"><\/div><div class=\"envira-gallery-position-overlay  envira-gallery-bottom-left\"><\/div><div class=\"envira-gallery-position-overlay  envira-gallery-bottom-right\"><\/div><a href=\"https:\/\/aucoindufeutheatre.fr\/wp-content\/uploads\/2025\/08\/18-Sabine-A-TOUS-CEUX-QUI-GENERALE-14-mars-68-rotated.jpg\" class=\"envira-gallery-845 envira-gallery-link\" rel=\"enviragallery845\" title=\"18 Sabine A TOUS CEUX QUI &amp;amp;#8211; GENERALE 14 mars (68)\" data-envira-caption=\"18 Sabine A TOUS CEUX QUI &amp;amp;#8211; GENERALE 14 mars (68)\" data-envira-retina=\"\" data-thumbnail=\"\"  itemprop=\"contentUrl\"><img decoding=\"async\" id=\"envira-gallery-image-892\" class=\"envira-gallery-image envira-gallery-image-47 envira-normal envira-lazy\" data-envira-index=\"47\" src=\"https:\/\/aucoindufeutheatre.fr\/wp-content\/uploads\/2025\/08\/18-Sabine-A-TOUS-CEUX-QUI-GENERALE-14-mars-68-683x1024-640x480.jpg\" data-envira-src=\"https:\/\/aucoindufeutheatre.fr\/wp-content\/uploads\/2025\/08\/18-Sabine-A-TOUS-CEUX-QUI-GENERALE-14-mars-68-683x1024-640x480.jpg\" data-envira-gallery-id=\"845\" data-envira-item-id=\"892\" data-envira-caption=\"18 Sabine A TOUS CEUX QUI &amp;amp;#8211; GENERALE 14 mars (68)\" alt=\"\" title=\"18 Sabine A TOUS CEUX QUI &amp;#8211; GENERALE 14 mars (68)\"  itemprop=\"thumbnailUrl\" data-envira-srcset=\"https:\/\/aucoindufeutheatre.fr\/wp-content\/uploads\/2025\/08\/18-Sabine-A-TOUS-CEUX-QUI-GENERALE-14-mars-68-683x1024-640x480.jpg 400w,https:\/\/aucoindufeutheatre.fr\/wp-content\/uploads\/2025\/08\/18-Sabine-A-TOUS-CEUX-QUI-GENERALE-14-mars-68-683x1024-640x480.jpg 2x\" data-envira-width=\"200\" data-envira-height=\"300\" srcset=\"data:image\/gif;base64,R0lGODlhAQABAIAAAP\/\/\/\/\/\/\/yH5BAEKAAEALAAAAAABAAEAAAICTAEAOw==\" data-safe-src=\"data:image\/gif;base64,R0lGODlhAQABAIAAAP\/\/\/\/\/\/\/yH5BAEKAAEALAAAAAABAAEAAAICTAEAOw==\" \/><\/a><\/div><\/div><div id=\"envira-gallery-item-893\" class=\"envira-gallery-item enviratope-item envira-gallery-item-48 envira-lazy-load\" style=\"padding-left: 1px; padding-bottom: 1px; padding-right: 1px;\"  itemscope itemtype=\"https:\/\/schema.org\/ImageObject\"><div class=\"envira-gallery-item-inner\"><div class=\"envira-gallery-position-overlay  envira-gallery-top-left\"><\/div><div class=\"envira-gallery-position-overlay  envira-gallery-top-right\"><\/div><div class=\"envira-gallery-position-overlay  envira-gallery-bottom-left\"><\/div><div class=\"envira-gallery-position-overlay  envira-gallery-bottom-right\"><\/div><a href=\"https:\/\/aucoindufeutheatre.fr\/wp-content\/uploads\/2025\/08\/18-Thibaud-A-TOUS-CEUX-QUI-GUILLAUME-30.jpg\" class=\"envira-gallery-845 envira-gallery-link\" rel=\"enviragallery845\" title=\"18 Thibaud A TOUS CEUX QUI GUILLAUME (30)\" data-envira-caption=\"18 Thibaud A TOUS CEUX QUI GUILLAUME (30)\" data-envira-retina=\"\" data-thumbnail=\"\"  itemprop=\"contentUrl\"><img decoding=\"async\" id=\"envira-gallery-image-893\" class=\"envira-gallery-image envira-gallery-image-48 envira-normal envira-lazy\" data-envira-index=\"48\" src=\"https:\/\/aucoindufeutheatre.fr\/wp-content\/uploads\/2025\/08\/18-Thibaud-A-TOUS-CEUX-QUI-GUILLAUME-30-982x1024-640x480.jpg\" data-envira-src=\"https:\/\/aucoindufeutheatre.fr\/wp-content\/uploads\/2025\/08\/18-Thibaud-A-TOUS-CEUX-QUI-GUILLAUME-30-982x1024-640x480.jpg\" data-envira-gallery-id=\"845\" data-envira-item-id=\"893\" data-envira-caption=\"18 Thibaud A TOUS CEUX QUI GUILLAUME (30)\" alt=\"\" title=\"18 Thibaud A TOUS CEUX QUI GUILLAUME (30)\"  itemprop=\"thumbnailUrl\" data-envira-srcset=\"https:\/\/aucoindufeutheatre.fr\/wp-content\/uploads\/2025\/08\/18-Thibaud-A-TOUS-CEUX-QUI-GUILLAUME-30-982x1024-640x480.jpg 400w,https:\/\/aucoindufeutheatre.fr\/wp-content\/uploads\/2025\/08\/18-Thibaud-A-TOUS-CEUX-QUI-GUILLAUME-30-982x1024-640x480.jpg 2x\" data-envira-width=\"288\" data-envira-height=\"300\" srcset=\"data:image\/gif;base64,R0lGODlhAQABAIAAAP\/\/\/\/\/\/\/yH5BAEKAAEALAAAAAABAAEAAAICTAEAOw==\" data-safe-src=\"data:image\/gif;base64,R0lGODlhAQABAIAAAP\/\/\/\/\/\/\/yH5BAEKAAEALAAAAAABAAEAAAICTAEAOw==\" \/><\/a><\/div><\/div><div id=\"envira-gallery-item-894\" class=\"envira-gallery-item enviratope-item envira-gallery-item-49 envira-lazy-load\" style=\"padding-left: 1px; padding-bottom: 1px; padding-right: 1px;\"  itemscope itemtype=\"https:\/\/schema.org\/ImageObject\"><div class=\"envira-gallery-item-inner\"><div class=\"envira-gallery-position-overlay  envira-gallery-top-left\"><\/div><div class=\"envira-gallery-position-overlay  envira-gallery-top-right\"><\/div><div class=\"envira-gallery-position-overlay  envira-gallery-bottom-left\"><\/div><div class=\"envira-gallery-position-overlay  envira-gallery-bottom-right\"><\/div><a href=\"https:\/\/aucoindufeutheatre.fr\/wp-content\/uploads\/2025\/08\/18-Yvain-Coralie-Thibaud-Francois-Marie-Claire-Guillaume-A-TOUS-CEUX-QUI-GUILLAUME-18.jpg\" class=\"envira-gallery-845 envira-gallery-link\" rel=\"enviragallery845\" title=\"18 Yvain Coralie Thibaud Fran&ccedil;ois Marie Claire Guillaume A TOUS CEUX QUI GUILLAUME (18)\" data-envira-caption=\"18 Yvain Coralie Thibaud Fran&ccedil;ois Marie Claire Guillaume A TOUS CEUX QUI GUILLAUME (18)\" data-envira-retina=\"\" data-thumbnail=\"\"  itemprop=\"contentUrl\"><img decoding=\"async\" id=\"envira-gallery-image-894\" class=\"envira-gallery-image envira-gallery-image-49 envira-normal envira-lazy\" data-envira-index=\"49\" src=\"https:\/\/aucoindufeutheatre.fr\/wp-content\/uploads\/2025\/08\/18-Yvain-Coralie-Thibaud-Francois-Marie-Claire-Guillaume-A-TOUS-CEUX-QUI-GUILLAUME-18-1024x861-640x480.jpg\" data-envira-src=\"https:\/\/aucoindufeutheatre.fr\/wp-content\/uploads\/2025\/08\/18-Yvain-Coralie-Thibaud-Francois-Marie-Claire-Guillaume-A-TOUS-CEUX-QUI-GUILLAUME-18-1024x861-640x480.jpg\" data-envira-gallery-id=\"845\" data-envira-item-id=\"894\" data-envira-caption=\"18 Yvain Coralie Thibaud Fran&ccedil;ois Marie Claire Guillaume A TOUS CEUX QUI GUILLAUME (18)\" alt=\"\" title=\"18 Yvain Coralie Thibaud Fran\u00e7ois Marie Claire Guillaume A TOUS CEUX QUI GUILLAUME (18)\"  itemprop=\"thumbnailUrl\" data-envira-srcset=\"https:\/\/aucoindufeutheatre.fr\/wp-content\/uploads\/2025\/08\/18-Yvain-Coralie-Thibaud-Francois-Marie-Claire-Guillaume-A-TOUS-CEUX-QUI-GUILLAUME-18-1024x861-640x480.jpg 400w,https:\/\/aucoindufeutheatre.fr\/wp-content\/uploads\/2025\/08\/18-Yvain-Coralie-Thibaud-Francois-Marie-Claire-Guillaume-A-TOUS-CEUX-QUI-GUILLAUME-18-1024x861-640x480.jpg 2x\" data-envira-width=\"300\" data-envira-height=\"252\" srcset=\"data:image\/gif;base64,R0lGODlhAQABAIAAAP\/\/\/\/\/\/\/yH5BAEKAAEALAAAAAABAAEAAAICTAEAOw==\" data-safe-src=\"data:image\/gif;base64,R0lGODlhAQABAIAAAP\/\/\/\/\/\/\/yH5BAEKAAEALAAAAAABAAEAAAICTAEAOw==\" \/><\/a><\/div><\/div><div id=\"envira-gallery-item-895\" class=\"envira-gallery-item enviratope-item envira-gallery-item-50 envira-lazy-load\" style=\"padding-left: 1px; padding-bottom: 1px; padding-right: 1px;\"  itemscope itemtype=\"https:\/\/schema.org\/ImageObject\"><div class=\"envira-gallery-item-inner\"><div class=\"envira-gallery-position-overlay  envira-gallery-top-left\"><\/div><div class=\"envira-gallery-position-overlay  envira-gallery-top-right\"><\/div><div class=\"envira-gallery-position-overlay  envira-gallery-bottom-left\"><\/div><div class=\"envira-gallery-position-overlay  envira-gallery-bottom-right\"><\/div><a href=\"https:\/\/aucoindufeutheatre.fr\/wp-content\/uploads\/2025\/08\/19-Coralie-Yvain-A-TOUS-CEUX-QUI-ANNE-6.jpg\" class=\"envira-gallery-845 envira-gallery-link\" rel=\"enviragallery845\" title=\"19 Coralie Yvain A TOUS CEUX QUI -ANNE- (6)\" data-envira-caption=\"19 Coralie Yvain A TOUS CEUX QUI -ANNE- (6)\" data-envira-retina=\"\" data-thumbnail=\"\"  itemprop=\"contentUrl\"><img decoding=\"async\" id=\"envira-gallery-image-895\" class=\"envira-gallery-image envira-gallery-image-50 envira-normal envira-lazy\" data-envira-index=\"50\" src=\"https:\/\/aucoindufeutheatre.fr\/wp-content\/uploads\/2025\/08\/19-Coralie-Yvain-A-TOUS-CEUX-QUI-ANNE-6-1024x768-640x480.jpg\" data-envira-src=\"https:\/\/aucoindufeutheatre.fr\/wp-content\/uploads\/2025\/08\/19-Coralie-Yvain-A-TOUS-CEUX-QUI-ANNE-6-1024x768-640x480.jpg\" data-envira-gallery-id=\"845\" data-envira-item-id=\"895\" data-envira-caption=\"19 Coralie Yvain A TOUS CEUX QUI -ANNE- (6)\" alt=\"\" title=\"19 Coralie Yvain A TOUS CEUX QUI -ANNE- (6)\"  itemprop=\"thumbnailUrl\" data-envira-srcset=\"https:\/\/aucoindufeutheatre.fr\/wp-content\/uploads\/2025\/08\/19-Coralie-Yvain-A-TOUS-CEUX-QUI-ANNE-6-1024x768-640x480.jpg 400w,https:\/\/aucoindufeutheatre.fr\/wp-content\/uploads\/2025\/08\/19-Coralie-Yvain-A-TOUS-CEUX-QUI-ANNE-6-1024x768-640x480.jpg 2x\" data-envira-width=\"300\" data-envira-height=\"225\" srcset=\"data:image\/gif;base64,R0lGODlhAQABAIAAAP\/\/\/\/\/\/\/yH5BAEKAAEALAAAAAABAAEAAAICTAEAOw==\" data-safe-src=\"data:image\/gif;base64,R0lGODlhAQABAIAAAP\/\/\/\/\/\/\/yH5BAEKAAEALAAAAAABAAEAAAICTAEAOw==\" \/><\/a><\/div><\/div><div id=\"envira-gallery-item-896\" class=\"envira-gallery-item enviratope-item envira-gallery-item-51 envira-lazy-load\" style=\"padding-left: 1px; padding-bottom: 1px; padding-right: 1px;\"  itemscope itemtype=\"https:\/\/schema.org\/ImageObject\"><div class=\"envira-gallery-item-inner\"><div class=\"envira-gallery-position-overlay  envira-gallery-top-left\"><\/div><div class=\"envira-gallery-position-overlay  envira-gallery-top-right\"><\/div><div class=\"envira-gallery-position-overlay  envira-gallery-bottom-left\"><\/div><div class=\"envira-gallery-position-overlay  envira-gallery-bottom-right\"><\/div><a href=\"https:\/\/aucoindufeutheatre.fr\/wp-content\/uploads\/2025\/08\/19-Coralie-Yvain-A-TOUS-CEUX-QUI-GENERALE-14-mars-69.jpg\" class=\"envira-gallery-845 envira-gallery-link\" rel=\"enviragallery845\" title=\"19 Coralie, Yvain A TOUS CEUX QUI &amp;amp;#8211; GENERALE 14 mars (69)\" data-envira-caption=\"19 Coralie, Yvain A TOUS CEUX QUI &amp;amp;#8211; GENERALE 14 mars (69)\" data-envira-retina=\"\" data-thumbnail=\"\"  itemprop=\"contentUrl\"><img decoding=\"async\" id=\"envira-gallery-image-896\" class=\"envira-gallery-image envira-gallery-image-51 envira-normal envira-lazy\" data-envira-index=\"51\" src=\"https:\/\/aucoindufeutheatre.fr\/wp-content\/uploads\/2025\/08\/19-Coralie-Yvain-A-TOUS-CEUX-QUI-GENERALE-14-mars-69-1024x683-640x480.jpg\" data-envira-src=\"https:\/\/aucoindufeutheatre.fr\/wp-content\/uploads\/2025\/08\/19-Coralie-Yvain-A-TOUS-CEUX-QUI-GENERALE-14-mars-69-1024x683-640x480.jpg\" data-envira-gallery-id=\"845\" data-envira-item-id=\"896\" data-envira-caption=\"19 Coralie, Yvain A TOUS CEUX QUI &amp;amp;#8211; GENERALE 14 mars (69)\" alt=\"\" title=\"19 Coralie, Yvain A TOUS CEUX QUI &amp;#8211; GENERALE 14 mars (69)\"  itemprop=\"thumbnailUrl\" data-envira-srcset=\"https:\/\/aucoindufeutheatre.fr\/wp-content\/uploads\/2025\/08\/19-Coralie-Yvain-A-TOUS-CEUX-QUI-GENERALE-14-mars-69-1024x683-640x480.jpg 400w,https:\/\/aucoindufeutheatre.fr\/wp-content\/uploads\/2025\/08\/19-Coralie-Yvain-A-TOUS-CEUX-QUI-GENERALE-14-mars-69-1024x683-640x480.jpg 2x\" data-envira-width=\"300\" data-envira-height=\"200\" srcset=\"data:image\/gif;base64,R0lGODlhAQABAIAAAP\/\/\/\/\/\/\/yH5BAEKAAEALAAAAAABAAEAAAICTAEAOw==\" data-safe-src=\"data:image\/gif;base64,R0lGODlhAQABAIAAAP\/\/\/\/\/\/\/yH5BAEKAAEALAAAAAABAAEAAAICTAEAOw==\" \/><\/a><\/div><\/div><div id=\"envira-gallery-item-897\" class=\"envira-gallery-item enviratope-item envira-gallery-item-52 envira-lazy-load\" style=\"padding-left: 1px; padding-bottom: 1px; padding-right: 1px;\"  itemscope itemtype=\"https:\/\/schema.org\/ImageObject\"><div class=\"envira-gallery-item-inner\"><div class=\"envira-gallery-position-overlay  envira-gallery-top-left\"><\/div><div class=\"envira-gallery-position-overlay  envira-gallery-top-right\"><\/div><div class=\"envira-gallery-position-overlay  envira-gallery-bottom-left\"><\/div><div class=\"envira-gallery-position-overlay  envira-gallery-bottom-right\"><\/div><a href=\"https:\/\/aucoindufeutheatre.fr\/wp-content\/uploads\/2025\/08\/20-A-TOUS-CEUX-QUI-GENERALE-14-mars-71.jpg\" class=\"envira-gallery-845 envira-gallery-link\" rel=\"enviragallery845\" title=\"20 A TOUS CEUX QUI &amp;amp;#8211; GENERALE 14 mars (71)\" data-envira-caption=\"20 A TOUS CEUX QUI &amp;amp;#8211; GENERALE 14 mars (71)\" data-envira-retina=\"\" data-thumbnail=\"\"  itemprop=\"contentUrl\"><img decoding=\"async\" id=\"envira-gallery-image-897\" class=\"envira-gallery-image envira-gallery-image-52 envira-normal envira-lazy\" data-envira-index=\"52\" src=\"https:\/\/aucoindufeutheatre.fr\/wp-content\/uploads\/2025\/08\/20-A-TOUS-CEUX-QUI-GENERALE-14-mars-71-1024x683-640x480.jpg\" data-envira-src=\"https:\/\/aucoindufeutheatre.fr\/wp-content\/uploads\/2025\/08\/20-A-TOUS-CEUX-QUI-GENERALE-14-mars-71-1024x683-640x480.jpg\" data-envira-gallery-id=\"845\" data-envira-item-id=\"897\" data-envira-caption=\"20 A TOUS CEUX QUI &amp;amp;#8211; GENERALE 14 mars (71)\" alt=\"\" title=\"20 A TOUS CEUX QUI &amp;#8211; GENERALE 14 mars (71)\"  itemprop=\"thumbnailUrl\" data-envira-srcset=\"https:\/\/aucoindufeutheatre.fr\/wp-content\/uploads\/2025\/08\/20-A-TOUS-CEUX-QUI-GENERALE-14-mars-71-1024x683-640x480.jpg 400w,https:\/\/aucoindufeutheatre.fr\/wp-content\/uploads\/2025\/08\/20-A-TOUS-CEUX-QUI-GENERALE-14-mars-71-1024x683-640x480.jpg 2x\" data-envira-width=\"300\" data-envira-height=\"200\" srcset=\"data:image\/gif;base64,R0lGODlhAQABAIAAAP\/\/\/\/\/\/\/yH5BAEKAAEALAAAAAABAAEAAAICTAEAOw==\" data-safe-src=\"data:image\/gif;base64,R0lGODlhAQABAIAAAP\/\/\/\/\/\/\/yH5BAEKAAEALAAAAAABAAEAAAICTAEAOw==\" \/><\/a><\/div><\/div><div id=\"envira-gallery-item-898\" class=\"envira-gallery-item enviratope-item envira-gallery-item-53 envira-lazy-load\" style=\"padding-left: 1px; padding-bottom: 1px; padding-right: 1px;\"  itemscope itemtype=\"https:\/\/schema.org\/ImageObject\"><div class=\"envira-gallery-item-inner\"><div class=\"envira-gallery-position-overlay  envira-gallery-top-left\"><\/div><div class=\"envira-gallery-position-overlay  envira-gallery-top-right\"><\/div><div class=\"envira-gallery-position-overlay  envira-gallery-bottom-left\"><\/div><div class=\"envira-gallery-position-overlay  envira-gallery-bottom-right\"><\/div><a href=\"https:\/\/aucoindufeutheatre.fr\/wp-content\/uploads\/2025\/08\/20-Guillaume-Isabelle-A-TOUS-CEUX-QUI-GENERALE-14-mars-72.jpg\" class=\"envira-gallery-845 envira-gallery-link\" rel=\"enviragallery845\" title=\"20 Guillaume Isabelle A TOUS CEUX QUI &amp;amp;#8211; GENERALE 14 mars (72)\" data-envira-caption=\"20 Guillaume Isabelle A TOUS CEUX QUI &amp;amp;#8211; GENERALE 14 mars (72)\" data-envira-retina=\"\" data-thumbnail=\"\"  itemprop=\"contentUrl\"><img decoding=\"async\" id=\"envira-gallery-image-898\" class=\"envira-gallery-image envira-gallery-image-53 envira-normal envira-lazy\" data-envira-index=\"53\" src=\"https:\/\/aucoindufeutheatre.fr\/wp-content\/uploads\/2025\/08\/20-Guillaume-Isabelle-A-TOUS-CEUX-QUI-GENERALE-14-mars-72-1024x683-640x480.jpg\" data-envira-src=\"https:\/\/aucoindufeutheatre.fr\/wp-content\/uploads\/2025\/08\/20-Guillaume-Isabelle-A-TOUS-CEUX-QUI-GENERALE-14-mars-72-1024x683-640x480.jpg\" data-envira-gallery-id=\"845\" data-envira-item-id=\"898\" data-envira-caption=\"20 Guillaume Isabelle A TOUS CEUX QUI &amp;amp;#8211; GENERALE 14 mars (72)\" alt=\"\" title=\"20 Guillaume Isabelle A TOUS CEUX QUI &amp;#8211; GENERALE 14 mars (72)\"  itemprop=\"thumbnailUrl\" data-envira-srcset=\"https:\/\/aucoindufeutheatre.fr\/wp-content\/uploads\/2025\/08\/20-Guillaume-Isabelle-A-TOUS-CEUX-QUI-GENERALE-14-mars-72-1024x683-640x480.jpg 400w,https:\/\/aucoindufeutheatre.fr\/wp-content\/uploads\/2025\/08\/20-Guillaume-Isabelle-A-TOUS-CEUX-QUI-GENERALE-14-mars-72-1024x683-640x480.jpg 2x\" data-envira-width=\"300\" data-envira-height=\"200\" srcset=\"data:image\/gif;base64,R0lGODlhAQABAIAAAP\/\/\/\/\/\/\/yH5BAEKAAEALAAAAAABAAEAAAICTAEAOw==\" data-safe-src=\"data:image\/gif;base64,R0lGODlhAQABAIAAAP\/\/\/\/\/\/\/yH5BAEKAAEALAAAAAABAAEAAAICTAEAOw==\" \/><\/a><\/div><\/div><div id=\"envira-gallery-item-899\" class=\"envira-gallery-item enviratope-item envira-gallery-item-54 envira-lazy-load\" style=\"padding-left: 1px; padding-bottom: 1px; padding-right: 1px;\"  itemscope itemtype=\"https:\/\/schema.org\/ImageObject\"><div class=\"envira-gallery-item-inner\"><div class=\"envira-gallery-position-overlay  envira-gallery-top-left\"><\/div><div class=\"envira-gallery-position-overlay  envira-gallery-top-right\"><\/div><div class=\"envira-gallery-position-overlay  envira-gallery-bottom-left\"><\/div><div class=\"envira-gallery-position-overlay  envira-gallery-bottom-right\"><\/div><a href=\"https:\/\/aucoindufeutheatre.fr\/wp-content\/uploads\/2025\/08\/20-Guillaume-Isabelle-A-TOUS-CEUX-QUI-ANNE-2.jpg\" class=\"envira-gallery-845 envira-gallery-link\" rel=\"enviragallery845\" title=\"20 Guillaume Isabelle A TOUS CEUX QUI -ANNE- (2)\" data-envira-caption=\"20 Guillaume Isabelle A TOUS CEUX QUI -ANNE- (2)\" data-envira-retina=\"\" data-thumbnail=\"\"  itemprop=\"contentUrl\"><img decoding=\"async\" id=\"envira-gallery-image-899\" class=\"envira-gallery-image envira-gallery-image-54 envira-normal envira-lazy\" data-envira-index=\"54\" src=\"https:\/\/aucoindufeutheatre.fr\/wp-content\/uploads\/2025\/08\/20-Guillaume-Isabelle-A-TOUS-CEUX-QUI-ANNE-2-1024x768-640x480.jpg\" data-envira-src=\"https:\/\/aucoindufeutheatre.fr\/wp-content\/uploads\/2025\/08\/20-Guillaume-Isabelle-A-TOUS-CEUX-QUI-ANNE-2-1024x768-640x480.jpg\" data-envira-gallery-id=\"845\" data-envira-item-id=\"899\" data-envira-caption=\"20 Guillaume Isabelle A TOUS CEUX QUI -ANNE- (2)\" alt=\"\" title=\"20 Guillaume Isabelle A TOUS CEUX QUI -ANNE- (2)\"  itemprop=\"thumbnailUrl\" data-envira-srcset=\"https:\/\/aucoindufeutheatre.fr\/wp-content\/uploads\/2025\/08\/20-Guillaume-Isabelle-A-TOUS-CEUX-QUI-ANNE-2-1024x768-640x480.jpg 400w,https:\/\/aucoindufeutheatre.fr\/wp-content\/uploads\/2025\/08\/20-Guillaume-Isabelle-A-TOUS-CEUX-QUI-ANNE-2-1024x768-640x480.jpg 2x\" data-envira-width=\"300\" data-envira-height=\"225\" srcset=\"data:image\/gif;base64,R0lGODlhAQABAIAAAP\/\/\/\/\/\/\/yH5BAEKAAEALAAAAAABAAEAAAICTAEAOw==\" data-safe-src=\"data:image\/gif;base64,R0lGODlhAQABAIAAAP\/\/\/\/\/\/\/yH5BAEKAAEALAAAAAABAAEAAAICTAEAOw==\" \/><\/a><\/div><\/div><div id=\"envira-gallery-item-900\" class=\"envira-gallery-item enviratope-item envira-gallery-item-55 envira-lazy-load\" style=\"padding-left: 1px; padding-bottom: 1px; padding-right: 1px;\"  itemscope itemtype=\"https:\/\/schema.org\/ImageObject\"><div class=\"envira-gallery-item-inner\"><div class=\"envira-gallery-position-overlay  envira-gallery-top-left\"><\/div><div class=\"envira-gallery-position-overlay  envira-gallery-top-right\"><\/div><div class=\"envira-gallery-position-overlay  envira-gallery-bottom-left\"><\/div><div class=\"envira-gallery-position-overlay  envira-gallery-bottom-right\"><\/div><a href=\"https:\/\/aucoindufeutheatre.fr\/wp-content\/uploads\/2025\/08\/20-Guillaume-Isabelle-Yvain-A-TOUS-CEUX-QUI-ANNE-10.jpg\" class=\"envira-gallery-845 envira-gallery-link\" rel=\"enviragallery845\" title=\"20 Guillaume Isabelle Yvain A TOUS CEUX QUI -ANNE- (10)\" data-envira-caption=\"20 Guillaume Isabelle Yvain A TOUS CEUX QUI -ANNE- (10)\" data-envira-retina=\"\" data-thumbnail=\"\"  itemprop=\"contentUrl\"><img decoding=\"async\" id=\"envira-gallery-image-900\" class=\"envira-gallery-image envira-gallery-image-55 envira-normal envira-lazy\" data-envira-index=\"55\" src=\"https:\/\/aucoindufeutheatre.fr\/wp-content\/uploads\/2025\/08\/20-Guillaume-Isabelle-Yvain-A-TOUS-CEUX-QUI-ANNE-10-1024x768-640x480.jpg\" data-envira-src=\"https:\/\/aucoindufeutheatre.fr\/wp-content\/uploads\/2025\/08\/20-Guillaume-Isabelle-Yvain-A-TOUS-CEUX-QUI-ANNE-10-1024x768-640x480.jpg\" data-envira-gallery-id=\"845\" data-envira-item-id=\"900\" data-envira-caption=\"20 Guillaume Isabelle Yvain A TOUS CEUX QUI -ANNE- (10)\" alt=\"\" title=\"20 Guillaume Isabelle Yvain A TOUS CEUX QUI -ANNE- (10)\"  itemprop=\"thumbnailUrl\" data-envira-srcset=\"https:\/\/aucoindufeutheatre.fr\/wp-content\/uploads\/2025\/08\/20-Guillaume-Isabelle-Yvain-A-TOUS-CEUX-QUI-ANNE-10-1024x768-640x480.jpg 400w,https:\/\/aucoindufeutheatre.fr\/wp-content\/uploads\/2025\/08\/20-Guillaume-Isabelle-Yvain-A-TOUS-CEUX-QUI-ANNE-10-1024x768-640x480.jpg 2x\" data-envira-width=\"300\" data-envira-height=\"225\" srcset=\"data:image\/gif;base64,R0lGODlhAQABAIAAAP\/\/\/\/\/\/\/yH5BAEKAAEALAAAAAABAAEAAAICTAEAOw==\" data-safe-src=\"data:image\/gif;base64,R0lGODlhAQABAIAAAP\/\/\/\/\/\/\/yH5BAEKAAEALAAAAAABAAEAAAICTAEAOw==\" \/><\/a><\/div><\/div><div id=\"envira-gallery-item-901\" class=\"envira-gallery-item enviratope-item envira-gallery-item-56 envira-lazy-load\" style=\"padding-left: 1px; padding-bottom: 1px; padding-right: 1px;\"  itemscope itemtype=\"https:\/\/schema.org\/ImageObject\"><div class=\"envira-gallery-item-inner\"><div class=\"envira-gallery-position-overlay  envira-gallery-top-left\"><\/div><div class=\"envira-gallery-position-overlay  envira-gallery-top-right\"><\/div><div class=\"envira-gallery-position-overlay  envira-gallery-bottom-left\"><\/div><div class=\"envira-gallery-position-overlay  envira-gallery-bottom-right\"><\/div><a href=\"https:\/\/aucoindufeutheatre.fr\/wp-content\/uploads\/2025\/08\/21-FINAL-A-TOUS-CEUX-QUI-TOUS.jpg\" class=\"envira-gallery-845 envira-gallery-link\" rel=\"enviragallery845\" title=\"21 FINAL A TOUS CEUX QUI TOUS\" data-envira-caption=\"21 FINAL A TOUS CEUX QUI TOUS\" data-envira-retina=\"\" data-thumbnail=\"\"  itemprop=\"contentUrl\"><img decoding=\"async\" id=\"envira-gallery-image-901\" class=\"envira-gallery-image envira-gallery-image-56 envira-normal envira-lazy\" data-envira-index=\"56\" src=\"https:\/\/aucoindufeutheatre.fr\/wp-content\/uploads\/2025\/08\/21-FINAL-A-TOUS-CEUX-QUI-TOUS-1024x424-640x480.jpg\" data-envira-src=\"https:\/\/aucoindufeutheatre.fr\/wp-content\/uploads\/2025\/08\/21-FINAL-A-TOUS-CEUX-QUI-TOUS-1024x424-640x480.jpg\" data-envira-gallery-id=\"845\" data-envira-item-id=\"901\" data-envira-caption=\"21 FINAL A TOUS CEUX QUI TOUS\" alt=\"\" title=\"21 FINAL A TOUS CEUX QUI TOUS\"  itemprop=\"thumbnailUrl\" data-envira-srcset=\"https:\/\/aucoindufeutheatre.fr\/wp-content\/uploads\/2025\/08\/21-FINAL-A-TOUS-CEUX-QUI-TOUS-1024x424-640x480.jpg 400w,https:\/\/aucoindufeutheatre.fr\/wp-content\/uploads\/2025\/08\/21-FINAL-A-TOUS-CEUX-QUI-TOUS-1024x424-640x480.jpg 2x\" data-envira-width=\"300\" data-envira-height=\"124\" srcset=\"data:image\/gif;base64,R0lGODlhAQABAIAAAP\/\/\/\/\/\/\/yH5BAEKAAEALAAAAAABAAEAAAICTAEAOw==\" data-safe-src=\"data:image\/gif;base64,R0lGODlhAQABAIAAAP\/\/\/\/\/\/\/yH5BAEKAAEALAAAAAABAAEAAAICTAEAOw==\" \/><\/a><\/div><\/div><\/div><\/div><noscript><img decoding=\"async\" src=\"https:\/\/aucoindufeutheatre.fr\/wp-content\/uploads\/2025\/08\/00-Anne-Lise-Guillaume-A-TOUS-CEUX-QUI-GENERALE-14-mars-1.jpg\" alt=\"\" \/><img decoding=\"async\" src=\"https:\/\/aucoindufeutheatre.fr\/wp-content\/uploads\/2025\/08\/00-GUILLAUME-BERNADETE-MANUE-THIBAUD-A-TOUS-CEUX-QUI-31.jpg\" alt=\"\" \/><img decoding=\"async\" src=\"https:\/\/aucoindufeutheatre.fr\/wp-content\/uploads\/2025\/08\/00-Thibaud-Manue-Isabelle-Guillaume-A-TOUS-CEUX-QUI-GUILLAUME-3.jpg\" alt=\"\" \/><img decoding=\"async\" src=\"https:\/\/aucoindufeutheatre.fr\/wp-content\/uploads\/2025\/08\/01-Anne-Lise-Thibaud-Manue-Isabelle-A-TOUS-CEUX-QUI-GUILLAUME-4.jpg\" alt=\"\" \/><img decoding=\"async\" src=\"https:\/\/aucoindufeutheatre.fr\/wp-content\/uploads\/2025\/08\/01-Thibaud-Coralie-Aurelien-Guillaume-A-TOUS-CEUX-QUI-GUILLAUME-26.jpg\" alt=\"\" \/><img decoding=\"async\" src=\"https:\/\/aucoindufeutheatre.fr\/wp-content\/uploads\/2025\/08\/1-Isabelle-A-TOUS-CEUX-QUI-GENERALE-14-mars-3.jpg\" alt=\"\" \/><img decoding=\"async\" src=\"https:\/\/aucoindufeutheatre.fr\/wp-content\/uploads\/2025\/08\/1-Thibaud-A-TOUS-CEUX-QUI-GENERALE-14-mars-8.jpg\" alt=\"\" \/><img decoding=\"async\" src=\"https:\/\/aucoindufeutheatre.fr\/wp-content\/uploads\/2025\/08\/02-Emanuelle-thibaud-A-TOUS-CEUX-QUI-GUILLAUME-6.jpg\" alt=\"\" \/><img decoding=\"async\" src=\"https:\/\/aucoindufeutheatre.fr\/wp-content\/uploads\/2025\/08\/2-Sabine-A-TOUS-CEUX-QUI-GENERALE-14-mars-21-rotated.jpg\" alt=\"\" \/><img decoding=\"async\" src=\"https:\/\/aucoindufeutheatre.fr\/wp-content\/uploads\/2025\/08\/2-Anne-Lise-A-TOUS-CEUX-QUI-GENERALE-14-mars-17.jpg\" alt=\"\" \/><img decoding=\"async\" src=\"https:\/\/aucoindufeutheatre.fr\/wp-content\/uploads\/2025\/08\/2-Emmanuelle-A-TOUS-CEUX-QUI-GENERALE-14-mars-11-rotated.jpg\" alt=\"\" \/><img decoding=\"async\" src=\"https:\/\/aucoindufeutheatre.fr\/wp-content\/uploads\/2025\/08\/2-Sabine-A-TOUS-CEUX-QUI-GENERALE-14-mars-18.jpg\" alt=\"\" \/><img decoding=\"async\" src=\"https:\/\/aucoindufeutheatre.fr\/wp-content\/uploads\/2025\/08\/2-Thibaud-A-TOUS-CEUX-QUI-GENERALE-14-mars-15.jpg\" alt=\"\" \/><img decoding=\"async\" src=\"https:\/\/aucoindufeutheatre.fr\/wp-content\/uploads\/2025\/08\/3-francois-et-Marie-Claire-A-TOUS-CEUX-QUI-GENERALE-14-mars-23.jpg\" alt=\"\" \/><img decoding=\"async\" src=\"https:\/\/aucoindufeutheatre.fr\/wp-content\/uploads\/2025\/08\/3-Ftancois-Marie-Claire-A-TOUS-CEUX-QUI-GUILLAUME-24.jpg\" alt=\"\" \/><img decoding=\"async\" src=\"https:\/\/aucoindufeutheatre.fr\/wp-content\/uploads\/2025\/08\/04-Yvain-A-TOUS-CEUX-QUI-GENERALE-14-mars-43.jpg\" alt=\"\" \/><img decoding=\"async\" src=\"https:\/\/aucoindufeutheatre.fr\/wp-content\/uploads\/2025\/08\/05-Manue-A-tous-ceux-qui-.jpg\" alt=\"\" \/><img decoding=\"async\" src=\"https:\/\/aucoindufeutheatre.fr\/wp-content\/uploads\/2025\/08\/5-Marie-Claire-Anne-Lise-Guillaume-A-TOUS-CEUX-QUI-GUILLAUME-10.jpg\" alt=\"\" \/><img decoding=\"async\" src=\"https:\/\/aucoindufeutheatre.fr\/wp-content\/uploads\/2025\/08\/5-Anne-Lise-A-TOUS-CEUX-QUI-GUILLAUME-14.jpg\" alt=\"\" \/><img decoding=\"async\" src=\"https:\/\/aucoindufeutheatre.fr\/wp-content\/uploads\/2025\/08\/5-Manue-A-TOUS-CEUX-QUI-GENERALE-14-mars-28.jpg\" alt=\"\" \/><img decoding=\"async\" src=\"https:\/\/aucoindufeutheatre.fr\/wp-content\/uploads\/2025\/08\/06-Aurelien-Isabelle-Francois-Coralie-Thibaud-Guillaume-Marie-Claire-A-TOUS-CEUX-QUI-GUILLAUME-19.jpg\" alt=\"\" \/><img decoding=\"async\" src=\"https:\/\/aucoindufeutheatre.fr\/wp-content\/uploads\/2025\/08\/6-Isabelle-Aurelien-A-TOUS-CEUX-QUI-GENERALE-14-mars-35.jpg\" alt=\"\" \/><img decoding=\"async\" src=\"https:\/\/aucoindufeutheatre.fr\/wp-content\/uploads\/2025\/08\/7-Manue-Isabelle-Aurelien-A-TOUS-CEUX-QUI-GUILLAUME-33.jpg\" alt=\"\" \/><img decoding=\"async\" src=\"https:\/\/aucoindufeutheatre.fr\/wp-content\/uploads\/2025\/08\/8-Emmanuelle-Isabelle-Aurelien-JeromeA-TOUS-CEUX-QUI-GENERALE-14-mars-38.jpg\" alt=\"\" \/><img decoding=\"async\" src=\"https:\/\/aucoindufeutheatre.fr\/wp-content\/uploads\/2025\/08\/8-Manue-Isabelle-Aurelien-Emanuelle-A-TOUS-CEUX-QUI-GUILLAUME-1.jpg\" alt=\"\" \/><img decoding=\"async\" src=\"https:\/\/aucoindufeutheatre.fr\/wp-content\/uploads\/2025\/08\/09-Francois-Manue-Emmanuelle-A-TOUS-CEUX-QUI-GUILLAUME-29.jpg\" alt=\"\" \/><img decoding=\"async\" src=\"https:\/\/aucoindufeutheatre.fr\/wp-content\/uploads\/2025\/08\/10-A-TOUS-CEUX-QUI-GENERALE-14-0-mars-42.jpg\" alt=\"\" \/><img decoding=\"async\" src=\"https:\/\/aucoindufeutheatre.fr\/wp-content\/uploads\/2025\/08\/10-Ann-Lise-Yvain-Emmanuelle-Guillaume-Francois-Marie-ClaireA-TOUS-CEUX-QUI-ANNE-12.jpg\" alt=\"\" \/><img decoding=\"async\" src=\"https:\/\/aucoindufeutheatre.fr\/wp-content\/uploads\/2025\/08\/11-Guillaume-Manue-Yvain-Anne-Lise-Emmanuelle-SabineA-TOUS-CEUX-QUI-ANNE-14.jpg\" alt=\"\" \/><img decoding=\"async\" src=\"https:\/\/aucoindufeutheatre.fr\/wp-content\/uploads\/2025\/08\/11-Jerome-Guillaume-Aurelien-Isabelle-Emanuelle-A-TOUS-CEUX-QUI-GUILLAUME-20.jpg\" alt=\"\" \/><img decoding=\"async\" src=\"https:\/\/aucoindufeutheatre.fr\/wp-content\/uploads\/2025\/08\/12-Yvain-Manue-Emmanuelle-Sabine-A-TOUS-CEUX-QUI-ANNE-17.jpg\" alt=\"\" \/><img decoding=\"async\" src=\"https:\/\/aucoindufeutheatre.fr\/wp-content\/uploads\/2025\/08\/13-Thibaud-Coralie-Aurelien-Guillaume-A-TOUS-CEUX-QUI-GUILLAUME-26.jpg\" alt=\"\" \/><img decoding=\"async\" src=\"https:\/\/aucoindufeutheatre.fr\/wp-content\/uploads\/2025\/08\/13-Yvain-Sabine-Manue-A-TOUS-CEUX-QUI-ANNE-18.jpg\" alt=\"\" \/><img decoding=\"async\" src=\"https:\/\/aucoindufeutheatre.fr\/wp-content\/uploads\/2025\/08\/15-Coralie-Jerome-Anne-Lise-Guillaume-A-TOUS-CEUX-QUI-GENERALE-14-mars-56.jpg\" alt=\"\" \/><img decoding=\"async\" src=\"https:\/\/aucoindufeutheatre.fr\/wp-content\/uploads\/2025\/08\/16-Emmanuelle-Aurelien-A-TOUS-CEUX-QUI-GENERALE-14-mars-44.jpg\" alt=\"\" \/><img decoding=\"async\" src=\"https:\/\/aucoindufeutheatre.fr\/wp-content\/uploads\/2025\/08\/16-Emmanuelle-aurelien-A-TOUS-CEUX-QUI-GENERALE-14-mars-48.jpg\" alt=\"\" \/><img decoding=\"async\" src=\"https:\/\/aucoindufeutheatre.fr\/wp-content\/uploads\/2025\/08\/17-Isabelle-Sabine-Marie-Claire-A-TOUS-CEUX-QUI-ANNE-1.jpg\" alt=\"\" \/><img decoding=\"async\" src=\"https:\/\/aucoindufeutheatre.fr\/wp-content\/uploads\/2025\/08\/17-Manue-Aurelien-Marie-Claire-Sabine-Isabelle-Guillaume-Francois-Anne-Lise-Emmanuelle-A-TOUS-CEUX-QUI-GUILLAUME-11.jpg\" alt=\"\" \/><img decoding=\"async\" src=\"https:\/\/aucoindufeutheatre.fr\/wp-content\/uploads\/2025\/08\/17-Sabine-A-TOUS-CEUX-QUI-GENERALE-14-mars-53.jpg\" alt=\"\" \/><img decoding=\"async\" src=\"https:\/\/aucoindufeutheatre.fr\/wp-content\/uploads\/2025\/08\/17-Sabine-Isabelle-Marie-Claire-Aurelien-Emanuelle-A-TOUS-CEUX-QUI-GUILLAUME-16.jpg\" alt=\"\" \/><img decoding=\"async\" src=\"https:\/\/aucoindufeutheatre.fr\/wp-content\/uploads\/2025\/08\/17-Sabine-Isabelle-Marie-Claire-Guillaume-A-TOUS-CEUX-QUI-GENERALE-14-mars-54.jpg\" alt=\"\" \/><img decoding=\"async\" src=\"https:\/\/aucoindufeutheatre.fr\/wp-content\/uploads\/2025\/08\/18-Francois-Marie-Claire-Francois-Isabelle-A-TOUS-CEUX-QUI-GENERALE-14-mars-62.jpg\" alt=\"\" \/><img decoding=\"async\" src=\"https:\/\/aucoindufeutheatre.fr\/wp-content\/uploads\/2025\/08\/18-Jerome-A-TOUS-CEUX-QUI-GENERALE-14-mars-65.jpg\" alt=\"\" \/><img decoding=\"async\" src=\"https:\/\/aucoindufeutheatre.fr\/wp-content\/uploads\/2025\/08\/18-Manue-A-TOUS-CEUX-QUI-GENERALE-14-mars-67-rotated.jpg\" alt=\"\" \/><img decoding=\"async\" src=\"https:\/\/aucoindufeutheatre.fr\/wp-content\/uploads\/2025\/08\/18-Marie-Claire-Uvain-Thibaud-Manue-Emmanuelle-A-TOUS-CEUX-QUI-GENERALE-14-mars-60.jpg\" alt=\"\" \/><img decoding=\"async\" src=\"https:\/\/aucoindufeutheatre.fr\/wp-content\/uploads\/2025\/08\/18-Marie-Claire-Yvain-Thibaud-A-TOUS-CEUX-QUI-GENERALE-14-mars-58.jpg\" alt=\"\" \/><img decoding=\"async\" src=\"https:\/\/aucoindufeutheatre.fr\/wp-content\/uploads\/2025\/08\/18-Sabine-A-TOUS-CEUX-QUI-GENERALE-14-mars-68-rotated.jpg\" alt=\"\" \/><img decoding=\"async\" src=\"https:\/\/aucoindufeutheatre.fr\/wp-content\/uploads\/2025\/08\/18-Thibaud-A-TOUS-CEUX-QUI-GUILLAUME-30.jpg\" alt=\"\" \/><img decoding=\"async\" src=\"https:\/\/aucoindufeutheatre.fr\/wp-content\/uploads\/2025\/08\/18-Yvain-Coralie-Thibaud-Francois-Marie-Claire-Guillaume-A-TOUS-CEUX-QUI-GUILLAUME-18.jpg\" alt=\"\" \/><img decoding=\"async\" src=\"https:\/\/aucoindufeutheatre.fr\/wp-content\/uploads\/2025\/08\/19-Coralie-Yvain-A-TOUS-CEUX-QUI-ANNE-6.jpg\" alt=\"\" \/><img decoding=\"async\" src=\"https:\/\/aucoindufeutheatre.fr\/wp-content\/uploads\/2025\/08\/19-Coralie-Yvain-A-TOUS-CEUX-QUI-GENERALE-14-mars-69.jpg\" alt=\"\" \/><img decoding=\"async\" src=\"https:\/\/aucoindufeutheatre.fr\/wp-content\/uploads\/2025\/08\/20-A-TOUS-CEUX-QUI-GENERALE-14-mars-71.jpg\" alt=\"\" \/><img decoding=\"async\" src=\"https:\/\/aucoindufeutheatre.fr\/wp-content\/uploads\/2025\/08\/20-Guillaume-Isabelle-A-TOUS-CEUX-QUI-GENERALE-14-mars-72.jpg\" alt=\"\" \/><img decoding=\"async\" src=\"https:\/\/aucoindufeutheatre.fr\/wp-content\/uploads\/2025\/08\/20-Guillaume-Isabelle-A-TOUS-CEUX-QUI-ANNE-2.jpg\" alt=\"\" \/><img decoding=\"async\" src=\"https:\/\/aucoindufeutheatre.fr\/wp-content\/uploads\/2025\/08\/20-Guillaume-Isabelle-Yvain-A-TOUS-CEUX-QUI-ANNE-10.jpg\" alt=\"\" \/><img decoding=\"async\" src=\"https:\/\/aucoindufeutheatre.fr\/wp-content\/uploads\/2025\/08\/21-FINAL-A-TOUS-CEUX-QUI-TOUS.jpg\" alt=\"\" \/><\/noscript><\/div>\n","protected":false},"excerpt":{"rendered":"<p>de No\u00eblle Renaude<\/p>\n","protected":false},"author":1,"featured_media":0,"parent":0,"menu_order":0,"comment_status":"closed","ping_status":"closed","template":"","meta":{"site-sidebar-layout":"default","site-content-layout":"","ast-site-content-layout":"","site-content-style":"default","site-sidebar-style":"default","ast-global-header-display":"","ast-banner-title-visibility":"","ast-main-header-display":"","ast-hfb-above-header-display":"","ast-hfb-below-header-display":"","ast-hfb-mobile-header-display":"","site-post-title":"","ast-breadcrumbs-content":"","ast-featured-img":"","footer-sml-layout":"","theme-transparent-header-meta":"","adv-header-id-meta":"","stick-header-meta":"","header-above-stick-meta":"","header-main-stick-meta":"","header-below-stick-meta":"","astra-migrate-meta-layouts":"default","ast-page-background-enabled":"default","ast-page-background-meta":{"desktop":{"background-color":"var(--ast-global-color-4)","background-image":"","background-repeat":"repeat","background-position":"center center","background-size":"auto","background-attachment":"scroll","background-type":"","background-media":"","overlay-type":"","overlay-color":"","overlay-gradient":""},"tablet":{"background-color":"","background-image":"","background-repeat":"repeat","background-position":"center center","background-size":"auto","background-attachment":"scroll","background-type":"","background-media":"","overlay-type":"","overlay-color":"","overlay-gradient":""},"mobile":{"background-color":"","background-image":"","background-repeat":"repeat","background-position":"center center","background-size":"auto","background-attachment":"scroll","background-type":"","background-media":"","overlay-type":"","overlay-color":"","overlay-gradient":""}},"ast-content-background-meta":{"desktop":{"background-color":"var(--ast-global-color-5)","background-image":"","background-repeat":"repeat","background-position":"center center","background-size":"auto","background-attachment":"scroll","background-type":"","background-media":"","overlay-type":"","overlay-color":"","overlay-gradient":""},"tablet":{"background-color":"var(--ast-global-color-5)","background-image":"","background-repeat":"repeat","background-position":"center center","background-size":"auto","background-attachment":"scroll","background-type":"","background-media":"","overlay-type":"","overlay-color":"","overlay-gradient":""},"mobile":{"background-color":"var(--ast-global-color-5)","background-image":"","background-repeat":"repeat","background-position":"center center","background-size":"auto","background-attachment":"scroll","background-type":"","background-media":"","overlay-type":"","overlay-color":"","overlay-gradient":""}},"footnotes":""},"class_list":["post-908","page","type-page","status-publish","hentry"],"_links":{"self":[{"href":"https:\/\/aucoindufeutheatre.fr\/index.php\/wp-json\/wp\/v2\/pages\/908","targetHints":{"allow":["GET"]}}],"collection":[{"href":"https:\/\/aucoindufeutheatre.fr\/index.php\/wp-json\/wp\/v2\/pages"}],"about":[{"href":"https:\/\/aucoindufeutheatre.fr\/index.php\/wp-json\/wp\/v2\/types\/page"}],"author":[{"embeddable":true,"href":"https:\/\/aucoindufeutheatre.fr\/index.php\/wp-json\/wp\/v2\/users\/1"}],"replies":[{"embeddable":true,"href":"https:\/\/aucoindufeutheatre.fr\/index.php\/wp-json\/wp\/v2\/comments?post=908"}],"version-history":[{"count":5,"href":"https:\/\/aucoindufeutheatre.fr\/index.php\/wp-json\/wp\/v2\/pages\/908\/revisions"}],"predecessor-version":[{"id":1011,"href":"https:\/\/aucoindufeutheatre.fr\/index.php\/wp-json\/wp\/v2\/pages\/908\/revisions\/1011"}],"wp:attachment":[{"href":"https:\/\/aucoindufeutheatre.fr\/index.php\/wp-json\/wp\/v2\/media?parent=908"}],"curies":[{"name":"wp","href":"https:\/\/api.w.org\/{rel}","templated":true}]}}